{"id":111015,"date":"2023-04-14T15:31:28","date_gmt":"2023-04-14T20:31:28","guid":{"rendered":"https:\/\/panamaequity.com\/listings\/condominio-de-tres-habitaciones-en-alquiler-en-las-olas\/"},"modified":"2023-10-16T18:33:39","modified_gmt":"2023-10-16T23:33:39","slug":"condominio-de-tres-habitaciones-en-alquiler-en-las-olas","status":"publish","type":"property","link":"https:\/\/www.panamaequity.com\/es\/listings\/condominio-de-tres-habitaciones-en-alquiler-en-las-olas\/","title":{"rendered":"Apartamento De Tres Habitaciones En Alquiler En Las Olas"},"content":{"rendered":"<p>\u00a1No pierdas tu oportunidad con este apartamento de 3 habitaciones en Vista Mar, Las Olas en alquiler!<\/p>\n<blockquote><p>La propiedad ofrece vistas fant\u00e1sticas, proximidad al agua, una cocina abierta, comodidades de primera clase y m\u00e1s.<\/p><\/blockquote>\n<p>Las ventanas del piso al techo llenan la propiedad con toneladas de luz natural y la brisa del mar que mantienen la casa fresca todo el d\u00eda y la noche.<\/p>\n<p>La cocina tiene una gran cantidad de espacio para gabinetes, una estufa a gas y una barra de desayuno para comenzar el d\u00eda.<\/p>\n<p>El edificio te ofrece lo mejor de ambos mundos, ya que est\u00e1 a una poca distancia a pie del oc\u00e9ano y tambi\u00e9n brinda a los residentes acceso a una piscina recientemente remodelada, perfecta para aliviar el estr\u00e9s del d\u00eda.<\/p>\n<p><b>Sobre el \u00c1rea<\/b><\/p>\n<p>A poco m\u00e1s de una hora de la ciudad de Panam\u00e1, Vista Mar se ha convertido r\u00e1pidamente en una de las comunidades cerradas m\u00e1s buscadas en todo Panam\u00e1. El campo de golf de 18 hoyos es un desaf\u00edo para los golfistas de todos los niveles. La Marina Vista Mar tiene acceso directo al Oc\u00e9ano Pac\u00edfico y se pueden alquilar amarres.<\/p>\n<p>Llama hoy para programar tu recorrido por este incre\u00edble apartamento y Vista Mar.<\/p>\n<p><a href=\"https:\/\/www.panamaequity.com\/panama-real-estate\/vista-mar\/\">Para mas informacion sobre el edificio Las Olas Panama, click aqui.<\/a><\/p>\n","protected":false},"excerpt":{"rendered":"<p>\u00a1No pierdas tu oportunidad con este apartamento de 3 habitaciones en Vista Mar, Las Olas en alquiler! La propiedad ofrece vistas fant\u00e1sticas, proximidad al agua, una cocina abierta, comodidades de primera clase y m\u00e1s. Las ventanas del piso al techo llenan la propiedad con toneladas de luz natural y la brisa del mar que mantienen&#8230;<\/p>\n","protected":false},"author":21143,"featured_media":115332,"parent":0,"menu_order":0,"comment_status":"open","ping_status":"closed","template":"","property-feature":[],"property-type":[649,329],"property-city":[430,704,708],"property-status":[364],"class_list":["post-111015","property","type-property","status-publish","has-post-thumbnail","hentry","property-type-apartamentos","property-type-playa","property-city-vista-mar-es","property-city-pacific-coast-east","property-city-playas-del-pacifico","property-status-alquilado"],"property_meta":{"REAL_HOMES_property_price":"1600","REAL_HOMES_property_old_price":"","REAL_HOMES_property_price_prefix":"","REAL_HOMES_property_price_postfix":"","REAL_HOMES_property_size":"177","REAL_HOMES_property_size_postfix":"m2","REAL_HOMES_property_lot_size":"","REAL_HOMES_property_lot_size_postfix":"","REAL_HOMES_property_bedrooms":"3","REAL_HOMES_property_bathrooms":"3.5","REAL_HOMES_property_garage":"1","REAL_HOMES_property_id":"","REAL_HOMES_property_year_built":"2009","REAL_HOMES_featured":"","REAL_HOMES_additional_details_list":[],"REAL_HOMES_property_location":{"latitude":"8.49811575","longitude":"-79.955708181189","zoom":"0"},"REAL_HOMES_property_address":"Vista Mar, Calle Principal, El Rodeo, Distrito San Carlos, Panam\u00e1 Oeste, Panam\u00e1","REAL_HOMES_property_map":"1","REAL_HOMES_property_images":[{"width":150,"height":150,"file":"2023\/04\/Vista-Mar-Panama-Las-Olas-condo-for-sale-27-1024x683-1.jpg","filesize":96126,"sizes":{"medium":{"file":"Vista-Mar-Panama-Las-Olas-condo-for-sale-27-1024x683-1-300x200.jpg","width":300,"height":200,"mime-type":"image\/jpeg","filesize":15310,"url":"https:\/\/panama-equity-media.s3.amazonaws.com\/wp-content\/uploads\/2023\/04\/20221720\/Vista-Mar-Panama-Las-Olas-condo-for-sale-27-1024x683-1-300x200.jpg"},"thumbnail":{"file":"Vista-Mar-Panama-Las-Olas-condo-for-sale-27-1024x683-1-150x150.jpg","width":150,"height":150,"mime-type":"image\/jpeg","filesize":6683,"url":"https:\/\/panama-equity-media.s3.amazonaws.com\/wp-content\/uploads\/2023\/04\/20221720\/Vista-Mar-Panama-Las-Olas-condo-for-sale-27-1024x683-1-150x150.jpg"},"medium_large":{"file":"Vista-Mar-Panama-Las-Olas-condo-for-sale-27-1024x683-1-768x512.jpg","width":768,"height":512,"mime-type":"image\/jpeg","filesize":75968,"url":"https:\/\/panama-equity-media.s3.amazonaws.com\/wp-content\/uploads\/2023\/04\/20221720\/Vista-Mar-Panama-Las-Olas-condo-for-sale-27-1024x683-1-768x512.jpg"},"post-thumbnail":{"file":"Vista-Mar-Panama-Las-Olas-condo-for-sale-27-1024x683-1-150x100.jpg","width":150,"height":100,"mime-type":"image\/jpeg","filesize":4934,"url":"https:\/\/panama-equity-media.s3.amazonaws.com\/wp-content\/uploads\/2023\/04\/20221720\/Vista-Mar-Panama-Las-Olas-condo-for-sale-27-1024x683-1-150x100.jpg"},"modern-property-child-slider":{"file":"Vista-Mar-Panama-Las-Olas-condo-for-sale-27-1024x683-1-680x510.jpg","width":680,"height":510,"mime-type":"image\/jpeg","filesize":67926,"url":"https:\/\/panama-equity-media.s3.amazonaws.com\/wp-content\/uploads\/2023\/04\/20221720\/Vista-Mar-Panama-Las-Olas-condo-for-sale-27-1024x683-1-680x510.jpg"},"property-thumb-image":{"file":"Vista-Mar-Panama-Las-Olas-condo-for-sale-27-1024x683-1-488x326.jpg","width":488,"height":326,"mime-type":"image\/jpeg","filesize":35551,"url":"https:\/\/panama-equity-media.s3.amazonaws.com\/wp-content\/uploads\/2023\/04\/20221720\/Vista-Mar-Panama-Las-Olas-condo-for-sale-27-1024x683-1-488x326.jpg"},"property-detail-video-image":{"file":"Vista-Mar-Panama-Las-Olas-condo-for-sale-27-1024x683-1-818x417.jpg","width":818,"height":417,"mime-type":"image\/jpeg","filesize":69021,"url":"https:\/\/panama-equity-media.s3.amazonaws.com\/wp-content\/uploads\/2023\/04\/20221720\/Vista-Mar-Panama-Las-Olas-condo-for-sale-27-1024x683-1-818x417.jpg"},"agent-image":{"file":"Vista-Mar-Panama-Las-Olas-condo-for-sale-27-1024x683-1-210x210.jpg","width":210,"height":210,"mime-type":"image\/jpeg","filesize":11926,"url":"https:\/\/panama-equity-media.s3.amazonaws.com\/wp-content\/uploads\/2023\/04\/20221720\/Vista-Mar-Panama-Las-Olas-condo-for-sale-27-1024x683-1-210x210.jpg"},"partners-logo":{"file":"Vista-Mar-Panama-Las-Olas-condo-for-sale-27-1024x683-1-600x683.jpg","width":600,"height":683,"mime-type":"image\/jpeg","filesize":78181,"url":"https:\/\/panama-equity-media.s3.amazonaws.com\/wp-content\/uploads\/2023\/04\/20221720\/Vista-Mar-Panama-Las-Olas-condo-for-sale-27-1024x683-1-600x683.jpg"},"gform-image-choice-sm":{"file":"Vista-Mar-Panama-Las-Olas-condo-for-sale-27-1024x683-1-300x300.jpg","width":300,"height":300,"mime-type":"image\/jpeg","filesize":21368,"url":"https:\/\/panama-equity-media.s3.amazonaws.com\/wp-content\/uploads\/2023\/04\/20221720\/Vista-Mar-Panama-Las-Olas-condo-for-sale-27-1024x683-1-300x300.jpg"},"gform-image-choice-md":{"file":"Vista-Mar-Panama-Las-Olas-condo-for-sale-27-1024x683-1-400x400.jpg","width":400,"height":400,"mime-type":"image\/jpeg","filesize":34045,"url":"https:\/\/panama-equity-media.s3.amazonaws.com\/wp-content\/uploads\/2023\/04\/20221720\/Vista-Mar-Panama-Las-Olas-condo-for-sale-27-1024x683-1-400x400.jpg"},"gform-image-choice-lg":{"file":"Vista-Mar-Panama-Las-Olas-condo-for-sale-27-1024x683-1-600x600.jpg","width":600,"height":600,"mime-type":"image\/jpeg","filesize":66412,"url":"https:\/\/panama-equity-media.s3.amazonaws.com\/wp-content\/uploads\/2023\/04\/20221720\/Vista-Mar-Panama-Las-Olas-condo-for-sale-27-1024x683-1-600x600.jpg"}},"image_meta":{"aperture":"0","credit":"","camera":"","caption":"","created_timestamp":"0","copyright":"","focal_length":"0","iso":"0","shutter_speed":"0","title":"","orientation":"0","keywords":[]},"ID":"110996","name":"Vista-Mar-Panama-Las-Olas-condo-for-sale-27-1024x683-1.jpg","path":"https:\/\/panama-equity-media.s3.amazonaws.com\/wp-content\/uploads\/2023\/04\/20221720\/Vista-Mar-Panama-Las-Olas-condo-for-sale-27-1024x683-1.jpg","url":"https:\/\/panama-equity-media.s3.amazonaws.com\/wp-content\/uploads\/2023\/04\/20221720\/Vista-Mar-Panama-Las-Olas-condo-for-sale-27-1024x683-1-150x150.jpg","full_url":"https:\/\/panama-equity-media.s3.amazonaws.com\/wp-content\/uploads\/2023\/04\/20221720\/Vista-Mar-Panama-Las-Olas-condo-for-sale-27-1024x683-1.jpg","title":"Vista-Mar-Panama-Las-Olas-condo-for-sale-27-1024x683","caption":"","description":"","alt":"Vista-Mar-Panama-Las-Olas-condo-for-sale","srcset":"https:\/\/panama-equity-media.s3.amazonaws.com\/wp-content\/uploads\/2023\/04\/20221720\/Vista-Mar-Panama-Las-Olas-condo-for-sale-27-1024x683-1-150x150.jpg 150w, https:\/\/panama-equity-media.s3.amazonaws.com\/wp-content\/uploads\/2023\/04\/20221720\/Vista-Mar-Panama-Las-Olas-condo-for-sale-27-1024x683-1-210x210.jpg 210w, https:\/\/panama-equity-media.s3.amazonaws.com\/wp-content\/uploads\/2023\/04\/20221720\/Vista-Mar-Panama-Las-Olas-condo-for-sale-27-1024x683-1-300x300.jpg 300w, https:\/\/panama-equity-media.s3.amazonaws.com\/wp-content\/uploads\/2023\/04\/20221720\/Vista-Mar-Panama-Las-Olas-condo-for-sale-27-1024x683-1-400x400.jpg 400w, https:\/\/panama-equity-media.s3.amazonaws.com\/wp-content\/uploads\/2023\/04\/20221720\/Vista-Mar-Panama-Las-Olas-condo-for-sale-27-1024x683-1-600x600.jpg 600w"},{"width":150,"height":150,"file":"2023\/04\/Vista-Mar-Panama-Las-Olas-condo-for-sale-4-1-1024x683-1.jpg","filesize":49506,"sizes":{"medium":{"file":"Vista-Mar-Panama-Las-Olas-condo-for-sale-4-1-1024x683-1-300x200.jpg","width":300,"height":200,"mime-type":"image\/jpeg","filesize":12540,"url":"https:\/\/panama-equity-media.s3.amazonaws.com\/wp-content\/uploads\/2023\/04\/20221730\/Vista-Mar-Panama-Las-Olas-condo-for-sale-4-1-1024x683-1-300x200.jpg"},"thumbnail":{"file":"Vista-Mar-Panama-Las-Olas-condo-for-sale-4-1-1024x683-1-150x150.jpg","width":150,"height":150,"mime-type":"image\/jpeg","filesize":5439,"url":"https:\/\/panama-equity-media.s3.amazonaws.com\/wp-content\/uploads\/2023\/04\/20221730\/Vista-Mar-Panama-Las-Olas-condo-for-sale-4-1-1024x683-1-150x150.jpg"},"medium_large":{"file":"Vista-Mar-Panama-Las-Olas-condo-for-sale-4-1-1024x683-1-768x512.jpg","width":768,"height":512,"mime-type":"image\/jpeg","filesize":55924,"url":"https:\/\/panama-equity-media.s3.amazonaws.com\/wp-content\/uploads\/2023\/04\/20221730\/Vista-Mar-Panama-Las-Olas-condo-for-sale-4-1-1024x683-1-768x512.jpg"},"post-thumbnail":{"file":"Vista-Mar-Panama-Las-Olas-condo-for-sale-4-1-1024x683-1-150x100.jpg","width":150,"height":100,"mime-type":"image\/jpeg","filesize":4295,"url":"https:\/\/panama-equity-media.s3.amazonaws.com\/wp-content\/uploads\/2023\/04\/20221730\/Vista-Mar-Panama-Las-Olas-condo-for-sale-4-1-1024x683-1-150x100.jpg"},"modern-property-child-slider":{"file":"Vista-Mar-Panama-Las-Olas-condo-for-sale-4-1-1024x683-1-680x510.jpg","width":680,"height":510,"mime-type":"image\/jpeg","filesize":49084,"url":"https:\/\/panama-equity-media.s3.amazonaws.com\/wp-content\/uploads\/2023\/04\/20221730\/Vista-Mar-Panama-Las-Olas-condo-for-sale-4-1-1024x683-1-680x510.jpg"},"property-thumb-image":{"file":"Vista-Mar-Panama-Las-Olas-condo-for-sale-4-1-1024x683-1-488x326.jpg","width":488,"height":326,"mime-type":"image\/jpeg","filesize":27591,"url":"https:\/\/panama-equity-media.s3.amazonaws.com\/wp-content\/uploads\/2023\/04\/20221730\/Vista-Mar-Panama-Las-Olas-condo-for-sale-4-1-1024x683-1-488x326.jpg"},"property-detail-video-image":{"file":"Vista-Mar-Panama-Las-Olas-condo-for-sale-4-1-1024x683-1-818x417.jpg","width":818,"height":417,"mime-type":"image\/jpeg","filesize":53299,"url":"https:\/\/panama-equity-media.s3.amazonaws.com\/wp-content\/uploads\/2023\/04\/20221730\/Vista-Mar-Panama-Las-Olas-condo-for-sale-4-1-1024x683-1-818x417.jpg"},"agent-image":{"file":"Vista-Mar-Panama-Las-Olas-condo-for-sale-4-1-1024x683-1-210x210.jpg","width":210,"height":210,"mime-type":"image\/jpeg","filesize":9252,"url":"https:\/\/panama-equity-media.s3.amazonaws.com\/wp-content\/uploads\/2023\/04\/20221730\/Vista-Mar-Panama-Las-Olas-condo-for-sale-4-1-1024x683-1-210x210.jpg"},"partners-logo":{"file":"Vista-Mar-Panama-Las-Olas-condo-for-sale-4-1-1024x683-1-600x683.jpg","width":600,"height":683,"mime-type":"image\/jpeg","filesize":51681,"url":"https:\/\/panama-equity-media.s3.amazonaws.com\/wp-content\/uploads\/2023\/04\/20221730\/Vista-Mar-Panama-Las-Olas-condo-for-sale-4-1-1024x683-1-600x683.jpg"},"gform-image-choice-sm":{"file":"Vista-Mar-Panama-Las-Olas-condo-for-sale-4-1-1024x683-1-300x300.jpg","width":300,"height":300,"mime-type":"image\/jpeg","filesize":16213,"url":"https:\/\/panama-equity-media.s3.amazonaws.com\/wp-content\/uploads\/2023\/04\/20221730\/Vista-Mar-Panama-Las-Olas-condo-for-sale-4-1-1024x683-1-300x300.jpg"},"gform-image-choice-md":{"file":"Vista-Mar-Panama-Las-Olas-condo-for-sale-4-1-1024x683-1-400x400.jpg","width":400,"height":400,"mime-type":"image\/jpeg","filesize":24941,"url":"https:\/\/panama-equity-media.s3.amazonaws.com\/wp-content\/uploads\/2023\/04\/20221730\/Vista-Mar-Panama-Las-Olas-condo-for-sale-4-1-1024x683-1-400x400.jpg"},"gform-image-choice-lg":{"file":"Vista-Mar-Panama-Las-Olas-condo-for-sale-4-1-1024x683-1-600x600.jpg","width":600,"height":600,"mime-type":"image\/jpeg","filesize":46512,"url":"https:\/\/panama-equity-media.s3.amazonaws.com\/wp-content\/uploads\/2023\/04\/20221730\/Vista-Mar-Panama-Las-Olas-condo-for-sale-4-1-1024x683-1-600x600.jpg"}},"image_meta":{"aperture":"0","credit":"","camera":"","caption":"","created_timestamp":"0","copyright":"","focal_length":"0","iso":"0","shutter_speed":"0","title":"","orientation":"0","keywords":[]},"ID":"110978","name":"Vista-Mar-Panama-Las-Olas-condo-for-sale-4-1-1024x683-1.jpg","path":"https:\/\/panama-equity-media.s3.amazonaws.com\/wp-content\/uploads\/2023\/04\/20221730\/Vista-Mar-Panama-Las-Olas-condo-for-sale-4-1-1024x683-1.jpg","url":"https:\/\/panama-equity-media.s3.amazonaws.com\/wp-content\/uploads\/2023\/04\/20221730\/Vista-Mar-Panama-Las-Olas-condo-for-sale-4-1-1024x683-1-150x150.jpg","full_url":"https:\/\/panama-equity-media.s3.amazonaws.com\/wp-content\/uploads\/2023\/04\/20221730\/Vista-Mar-Panama-Las-Olas-condo-for-sale-4-1-1024x683-1.jpg","title":"Vista-Mar-Panama-Las-Olas-condo-for-sale-4-1-1024x683","caption":"","description":"","alt":"Vista-Mar-Panama-Las-Olas-condo-for-sale","srcset":"https:\/\/panama-equity-media.s3.amazonaws.com\/wp-content\/uploads\/2023\/04\/20221730\/Vista-Mar-Panama-Las-Olas-condo-for-sale-4-1-1024x683-1-150x150.jpg 150w, https:\/\/panama-equity-media.s3.amazonaws.com\/wp-content\/uploads\/2023\/04\/20221730\/Vista-Mar-Panama-Las-Olas-condo-for-sale-4-1-1024x683-1-210x210.jpg 210w, https:\/\/panama-equity-media.s3.amazonaws.com\/wp-content\/uploads\/2023\/04\/20221730\/Vista-Mar-Panama-Las-Olas-condo-for-sale-4-1-1024x683-1-300x300.jpg 300w, https:\/\/panama-equity-media.s3.amazonaws.com\/wp-content\/uploads\/2023\/04\/20221730\/Vista-Mar-Panama-Las-Olas-condo-for-sale-4-1-1024x683-1-400x400.jpg 400w, https:\/\/panama-equity-media.s3.amazonaws.com\/wp-content\/uploads\/2023\/04\/20221730\/Vista-Mar-Panama-Las-Olas-condo-for-sale-4-1-1024x683-1-600x600.jpg 600w"},{"width":150,"height":150,"file":"2023\/04\/Vista-Mar-Panama-Las-Olas-condo-for-sale-7-1024x683-1.jpg","filesize":50339,"sizes":{"medium":{"file":"Vista-Mar-Panama-Las-Olas-condo-for-sale-7-1024x683-1-300x200.jpg","width":300,"height":200,"mime-type":"image\/jpeg","filesize":12895,"url":"https:\/\/panama-equity-media.s3.amazonaws.com\/wp-content\/uploads\/2023\/04\/20221729\/Vista-Mar-Panama-Las-Olas-condo-for-sale-7-1024x683-1-300x200.jpg"},"thumbnail":{"file":"Vista-Mar-Panama-Las-Olas-condo-for-sale-7-1024x683-1-150x150.jpg","width":150,"height":150,"mime-type":"image\/jpeg","filesize":5855,"url":"https:\/\/panama-equity-media.s3.amazonaws.com\/wp-content\/uploads\/2023\/04\/20221729\/Vista-Mar-Panama-Las-Olas-condo-for-sale-7-1024x683-1-150x150.jpg"},"medium_large":{"file":"Vista-Mar-Panama-Las-Olas-condo-for-sale-7-1024x683-1-768x512.jpg","width":768,"height":512,"mime-type":"image\/jpeg","filesize":55457,"url":"https:\/\/panama-equity-media.s3.amazonaws.com\/wp-content\/uploads\/2023\/04\/20221729\/Vista-Mar-Panama-Las-Olas-condo-for-sale-7-1024x683-1-768x512.jpg"},"post-thumbnail":{"file":"Vista-Mar-Panama-Las-Olas-condo-for-sale-7-1024x683-1-150x100.jpg","width":150,"height":100,"mime-type":"image\/jpeg","filesize":4581,"url":"https:\/\/panama-equity-media.s3.amazonaws.com\/wp-content\/uploads\/2023\/04\/20221729\/Vista-Mar-Panama-Las-Olas-condo-for-sale-7-1024x683-1-150x100.jpg"},"modern-property-child-slider":{"file":"Vista-Mar-Panama-Las-Olas-condo-for-sale-7-1024x683-1-680x510.jpg","width":680,"height":510,"mime-type":"image\/jpeg","filesize":50506,"url":"https:\/\/panama-equity-media.s3.amazonaws.com\/wp-content\/uploads\/2023\/04\/20221729\/Vista-Mar-Panama-Las-Olas-condo-for-sale-7-1024x683-1-680x510.jpg"},"property-thumb-image":{"file":"Vista-Mar-Panama-Las-Olas-condo-for-sale-7-1024x683-1-488x326.jpg","width":488,"height":326,"mime-type":"image\/jpeg","filesize":27908,"url":"https:\/\/panama-equity-media.s3.amazonaws.com\/wp-content\/uploads\/2023\/04\/20221729\/Vista-Mar-Panama-Las-Olas-condo-for-sale-7-1024x683-1-488x326.jpg"},"property-detail-video-image":{"file":"Vista-Mar-Panama-Las-Olas-condo-for-sale-7-1024x683-1-818x417.jpg","width":818,"height":417,"mime-type":"image\/jpeg","filesize":51462,"url":"https:\/\/panama-equity-media.s3.amazonaws.com\/wp-content\/uploads\/2023\/04\/20221729\/Vista-Mar-Panama-Las-Olas-condo-for-sale-7-1024x683-1-818x417.jpg"},"agent-image":{"file":"Vista-Mar-Panama-Las-Olas-condo-for-sale-7-1024x683-1-210x210.jpg","width":210,"height":210,"mime-type":"image\/jpeg","filesize":10064,"url":"https:\/\/panama-equity-media.s3.amazonaws.com\/wp-content\/uploads\/2023\/04\/20221729\/Vista-Mar-Panama-Las-Olas-condo-for-sale-7-1024x683-1-210x210.jpg"},"partners-logo":{"file":"Vista-Mar-Panama-Las-Olas-condo-for-sale-7-1024x683-1-600x683.jpg","width":600,"height":683,"mime-type":"image\/jpeg","filesize":53844,"url":"https:\/\/panama-equity-media.s3.amazonaws.com\/wp-content\/uploads\/2023\/04\/20221729\/Vista-Mar-Panama-Las-Olas-condo-for-sale-7-1024x683-1-600x683.jpg"},"gform-image-choice-sm":{"file":"Vista-Mar-Panama-Las-Olas-condo-for-sale-7-1024x683-1-300x300.jpg","width":300,"height":300,"mime-type":"image\/jpeg","filesize":17032,"url":"https:\/\/panama-equity-media.s3.amazonaws.com\/wp-content\/uploads\/2023\/04\/20221729\/Vista-Mar-Panama-Las-Olas-condo-for-sale-7-1024x683-1-300x300.jpg"},"gform-image-choice-md":{"file":"Vista-Mar-Panama-Las-Olas-condo-for-sale-7-1024x683-1-400x400.jpg","width":400,"height":400,"mime-type":"image\/jpeg","filesize":26234,"url":"https:\/\/panama-equity-media.s3.amazonaws.com\/wp-content\/uploads\/2023\/04\/20221729\/Vista-Mar-Panama-Las-Olas-condo-for-sale-7-1024x683-1-400x400.jpg"},"gform-image-choice-lg":{"file":"Vista-Mar-Panama-Las-Olas-condo-for-sale-7-1024x683-1-600x600.jpg","width":600,"height":600,"mime-type":"image\/jpeg","filesize":48599,"url":"https:\/\/panama-equity-media.s3.amazonaws.com\/wp-content\/uploads\/2023\/04\/20221729\/Vista-Mar-Panama-Las-Olas-condo-for-sale-7-1024x683-1-600x600.jpg"}},"image_meta":{"aperture":"0","credit":"","camera":"","caption":"","created_timestamp":"0","copyright":"","focal_length":"0","iso":"0","shutter_speed":"0","title":"","orientation":"0","keywords":[]},"ID":"110980","name":"Vista-Mar-Panama-Las-Olas-condo-for-sale-7-1024x683-1.jpg","path":"https:\/\/panama-equity-media.s3.amazonaws.com\/wp-content\/uploads\/2023\/04\/20221729\/Vista-Mar-Panama-Las-Olas-condo-for-sale-7-1024x683-1.jpg","url":"https:\/\/panama-equity-media.s3.amazonaws.com\/wp-content\/uploads\/2023\/04\/20221729\/Vista-Mar-Panama-Las-Olas-condo-for-sale-7-1024x683-1-150x150.jpg","full_url":"https:\/\/panama-equity-media.s3.amazonaws.com\/wp-content\/uploads\/2023\/04\/20221729\/Vista-Mar-Panama-Las-Olas-condo-for-sale-7-1024x683-1.jpg","title":"Vista-Mar-Panama-Las-Olas-condo-for-sale-7-1024x683","caption":"","description":"","alt":"Vista-Mar-Panama-Las-Olas-condo-for-sale","srcset":"https:\/\/panama-equity-media.s3.amazonaws.com\/wp-content\/uploads\/2023\/04\/20221729\/Vista-Mar-Panama-Las-Olas-condo-for-sale-7-1024x683-1-150x150.jpg 150w, https:\/\/panama-equity-media.s3.amazonaws.com\/wp-content\/uploads\/2023\/04\/20221729\/Vista-Mar-Panama-Las-Olas-condo-for-sale-7-1024x683-1-210x210.jpg 210w, https:\/\/panama-equity-media.s3.amazonaws.com\/wp-content\/uploads\/2023\/04\/20221729\/Vista-Mar-Panama-Las-Olas-condo-for-sale-7-1024x683-1-300x300.jpg 300w, https:\/\/panama-equity-media.s3.amazonaws.com\/wp-content\/uploads\/2023\/04\/20221729\/Vista-Mar-Panama-Las-Olas-condo-for-sale-7-1024x683-1-400x400.jpg 400w, https:\/\/panama-equity-media.s3.amazonaws.com\/wp-content\/uploads\/2023\/04\/20221729\/Vista-Mar-Panama-Las-Olas-condo-for-sale-7-1024x683-1-600x600.jpg 600w"},{"width":150,"height":150,"file":"2023\/04\/Vista-Mar-Panama-Las-Olas-condo-for-sale-8-1024x683-1.jpg","filesize":61536,"sizes":{"medium":{"file":"Vista-Mar-Panama-Las-Olas-condo-for-sale-8-1024x683-1-300x200.jpg","width":300,"height":200,"mime-type":"image\/jpeg","filesize":12021,"url":"https:\/\/panama-equity-media.s3.amazonaws.com\/wp-content\/uploads\/2023\/04\/20221727\/Vista-Mar-Panama-Las-Olas-condo-for-sale-8-1024x683-1-300x200.jpg"},"thumbnail":{"file":"Vista-Mar-Panama-Las-Olas-condo-for-sale-8-1024x683-1-150x150.jpg","width":150,"height":150,"mime-type":"image\/jpeg","filesize":5075,"url":"https:\/\/panama-equity-media.s3.amazonaws.com\/wp-content\/uploads\/2023\/04\/20221727\/Vista-Mar-Panama-Las-Olas-condo-for-sale-8-1024x683-1-150x150.jpg"},"medium_large":{"file":"Vista-Mar-Panama-Las-Olas-condo-for-sale-8-1024x683-1-768x512.jpg","width":768,"height":512,"mime-type":"image\/jpeg","filesize":50878,"url":"https:\/\/panama-equity-media.s3.amazonaws.com\/wp-content\/uploads\/2023\/04\/20221727\/Vista-Mar-Panama-Las-Olas-condo-for-sale-8-1024x683-1-768x512.jpg"},"post-thumbnail":{"file":"Vista-Mar-Panama-Las-Olas-condo-for-sale-8-1024x683-1-150x100.jpg","width":150,"height":100,"mime-type":"image\/jpeg","filesize":4160,"url":"https:\/\/panama-equity-media.s3.amazonaws.com\/wp-content\/uploads\/2023\/04\/20221727\/Vista-Mar-Panama-Las-Olas-condo-for-sale-8-1024x683-1-150x100.jpg"},"modern-property-child-slider":{"file":"Vista-Mar-Panama-Las-Olas-condo-for-sale-8-1024x683-1-680x510.jpg","width":680,"height":510,"mime-type":"image\/jpeg","filesize":44883,"url":"https:\/\/panama-equity-media.s3.amazonaws.com\/wp-content\/uploads\/2023\/04\/20221727\/Vista-Mar-Panama-Las-Olas-condo-for-sale-8-1024x683-1-680x510.jpg"},"property-thumb-image":{"file":"Vista-Mar-Panama-Las-Olas-condo-for-sale-8-1024x683-1-488x326.jpg","width":488,"height":326,"mime-type":"image\/jpeg","filesize":25286,"url":"https:\/\/panama-equity-media.s3.amazonaws.com\/wp-content\/uploads\/2023\/04\/20221727\/Vista-Mar-Panama-Las-Olas-condo-for-sale-8-1024x683-1-488x326.jpg"},"property-detail-video-image":{"file":"Vista-Mar-Panama-Las-Olas-condo-for-sale-8-1024x683-1-818x417.jpg","width":818,"height":417,"mime-type":"image\/jpeg","filesize":46755,"url":"https:\/\/panama-equity-media.s3.amazonaws.com\/wp-content\/uploads\/2023\/04\/20221727\/Vista-Mar-Panama-Las-Olas-condo-for-sale-8-1024x683-1-818x417.jpg"},"agent-image":{"file":"Vista-Mar-Panama-Las-Olas-condo-for-sale-8-1024x683-1-210x210.jpg","width":210,"height":210,"mime-type":"image\/jpeg","filesize":8560,"url":"https:\/\/panama-equity-media.s3.amazonaws.com\/wp-content\/uploads\/2023\/04\/20221727\/Vista-Mar-Panama-Las-Olas-condo-for-sale-8-1024x683-1-210x210.jpg"},"partners-logo":{"file":"Vista-Mar-Panama-Las-Olas-condo-for-sale-8-1024x683-1-600x683.jpg","width":600,"height":683,"mime-type":"image\/jpeg","filesize":47083,"url":"https:\/\/panama-equity-media.s3.amazonaws.com\/wp-content\/uploads\/2023\/04\/20221727\/Vista-Mar-Panama-Las-Olas-condo-for-sale-8-1024x683-1-600x683.jpg"},"gform-image-choice-sm":{"file":"Vista-Mar-Panama-Las-Olas-condo-for-sale-8-1024x683-1-300x300.jpg","width":300,"height":300,"mime-type":"image\/jpeg","filesize":14426,"url":"https:\/\/panama-equity-media.s3.amazonaws.com\/wp-content\/uploads\/2023\/04\/20221727\/Vista-Mar-Panama-Las-Olas-condo-for-sale-8-1024x683-1-300x300.jpg"},"gform-image-choice-md":{"file":"Vista-Mar-Panama-Las-Olas-condo-for-sale-8-1024x683-1-400x400.jpg","width":400,"height":400,"mime-type":"image\/jpeg","filesize":22121,"url":"https:\/\/panama-equity-media.s3.amazonaws.com\/wp-content\/uploads\/2023\/04\/20221727\/Vista-Mar-Panama-Las-Olas-condo-for-sale-8-1024x683-1-400x400.jpg"},"gform-image-choice-lg":{"file":"Vista-Mar-Panama-Las-Olas-condo-for-sale-8-1024x683-1-600x600.jpg","width":600,"height":600,"mime-type":"image\/jpeg","filesize":40985,"url":"https:\/\/panama-equity-media.s3.amazonaws.com\/wp-content\/uploads\/2023\/04\/20221727\/Vista-Mar-Panama-Las-Olas-condo-for-sale-8-1024x683-1-600x600.jpg"}},"image_meta":{"aperture":"0","credit":"","camera":"","caption":"","created_timestamp":"0","copyright":"","focal_length":"0","iso":"0","shutter_speed":"0","title":"","orientation":"0","keywords":[]},"ID":"110982","name":"Vista-Mar-Panama-Las-Olas-condo-for-sale-8-1024x683-1.jpg","path":"https:\/\/panama-equity-media.s3.amazonaws.com\/wp-content\/uploads\/2023\/04\/20221727\/Vista-Mar-Panama-Las-Olas-condo-for-sale-8-1024x683-1.jpg","url":"https:\/\/panama-equity-media.s3.amazonaws.com\/wp-content\/uploads\/2023\/04\/20221727\/Vista-Mar-Panama-Las-Olas-condo-for-sale-8-1024x683-1-150x150.jpg","full_url":"https:\/\/panama-equity-media.s3.amazonaws.com\/wp-content\/uploads\/2023\/04\/20221727\/Vista-Mar-Panama-Las-Olas-condo-for-sale-8-1024x683-1.jpg","title":"Vista-Mar-Panama-Las-Olas-condo-for-sale-8-1024x683","caption":"","description":"","alt":"Vista-Mar-Panama-Las-Olas-condo-for-sale","srcset":"https:\/\/panama-equity-media.s3.amazonaws.com\/wp-content\/uploads\/2023\/04\/20221727\/Vista-Mar-Panama-Las-Olas-condo-for-sale-8-1024x683-1-150x150.jpg 150w, https:\/\/panama-equity-media.s3.amazonaws.com\/wp-content\/uploads\/2023\/04\/20221727\/Vista-Mar-Panama-Las-Olas-condo-for-sale-8-1024x683-1-210x210.jpg 210w, https:\/\/panama-equity-media.s3.amazonaws.com\/wp-content\/uploads\/2023\/04\/20221727\/Vista-Mar-Panama-Las-Olas-condo-for-sale-8-1024x683-1-300x300.jpg 300w, https:\/\/panama-equity-media.s3.amazonaws.com\/wp-content\/uploads\/2023\/04\/20221727\/Vista-Mar-Panama-Las-Olas-condo-for-sale-8-1024x683-1-400x400.jpg 400w, https:\/\/panama-equity-media.s3.amazonaws.com\/wp-content\/uploads\/2023\/04\/20221727\/Vista-Mar-Panama-Las-Olas-condo-for-sale-8-1024x683-1-600x600.jpg 600w"},{"width":150,"height":150,"file":"2023\/04\/Vista-Mar-Panama-Las-Olas-condo-for-sale-11-1024x683-1.jpg","filesize":49056,"sizes":{"medium":{"file":"Vista-Mar-Panama-Las-Olas-condo-for-sale-11-1024x683-1-300x200.jpg","width":300,"height":200,"mime-type":"image\/jpeg","filesize":12521,"url":"https:\/\/panama-equity-media.s3.amazonaws.com\/wp-content\/uploads\/2023\/04\/20221726\/Vista-Mar-Panama-Las-Olas-condo-for-sale-11-1024x683-1-300x200.jpg"},"thumbnail":{"file":"Vista-Mar-Panama-Las-Olas-condo-for-sale-11-1024x683-1-150x150.jpg","width":150,"height":150,"mime-type":"image\/jpeg","filesize":5292,"url":"https:\/\/panama-equity-media.s3.amazonaws.com\/wp-content\/uploads\/2023\/04\/20221726\/Vista-Mar-Panama-Las-Olas-condo-for-sale-11-1024x683-1-150x150.jpg"},"medium_large":{"file":"Vista-Mar-Panama-Las-Olas-condo-for-sale-11-1024x683-1-768x512.jpg","width":768,"height":512,"mime-type":"image\/jpeg","filesize":54855,"url":"https:\/\/panama-equity-media.s3.amazonaws.com\/wp-content\/uploads\/2023\/04\/20221726\/Vista-Mar-Panama-Las-Olas-condo-for-sale-11-1024x683-1-768x512.jpg"},"post-thumbnail":{"file":"Vista-Mar-Panama-Las-Olas-condo-for-sale-11-1024x683-1-150x100.jpg","width":150,"height":100,"mime-type":"image\/jpeg","filesize":4264,"url":"https:\/\/panama-equity-media.s3.amazonaws.com\/wp-content\/uploads\/2023\/04\/20221726\/Vista-Mar-Panama-Las-Olas-condo-for-sale-11-1024x683-1-150x100.jpg"},"modern-property-child-slider":{"file":"Vista-Mar-Panama-Las-Olas-condo-for-sale-11-1024x683-1-680x510.jpg","width":680,"height":510,"mime-type":"image\/jpeg","filesize":48088,"url":"https:\/\/panama-equity-media.s3.amazonaws.com\/wp-content\/uploads\/2023\/04\/20221726\/Vista-Mar-Panama-Las-Olas-condo-for-sale-11-1024x683-1-680x510.jpg"},"property-thumb-image":{"file":"Vista-Mar-Panama-Las-Olas-condo-for-sale-11-1024x683-1-488x326.jpg","width":488,"height":326,"mime-type":"image\/jpeg","filesize":27228,"url":"https:\/\/panama-equity-media.s3.amazonaws.com\/wp-content\/uploads\/2023\/04\/20221726\/Vista-Mar-Panama-Las-Olas-condo-for-sale-11-1024x683-1-488x326.jpg"},"property-detail-video-image":{"file":"Vista-Mar-Panama-Las-Olas-condo-for-sale-11-1024x683-1-818x417.jpg","width":818,"height":417,"mime-type":"image\/jpeg","filesize":51062,"url":"https:\/\/panama-equity-media.s3.amazonaws.com\/wp-content\/uploads\/2023\/04\/20221726\/Vista-Mar-Panama-Las-Olas-condo-for-sale-11-1024x683-1-818x417.jpg"},"agent-image":{"file":"Vista-Mar-Panama-Las-Olas-condo-for-sale-11-1024x683-1-210x210.jpg","width":210,"height":210,"mime-type":"image\/jpeg","filesize":8972,"url":"https:\/\/panama-equity-media.s3.amazonaws.com\/wp-content\/uploads\/2023\/04\/20221726\/Vista-Mar-Panama-Las-Olas-condo-for-sale-11-1024x683-1-210x210.jpg"},"partners-logo":{"file":"Vista-Mar-Panama-Las-Olas-condo-for-sale-11-1024x683-1-600x683.jpg","width":600,"height":683,"mime-type":"image\/jpeg","filesize":47341,"url":"https:\/\/panama-equity-media.s3.amazonaws.com\/wp-content\/uploads\/2023\/04\/20221726\/Vista-Mar-Panama-Las-Olas-condo-for-sale-11-1024x683-1-600x683.jpg"},"gform-image-choice-sm":{"file":"Vista-Mar-Panama-Las-Olas-condo-for-sale-11-1024x683-1-300x300.jpg","width":300,"height":300,"mime-type":"image\/jpeg","filesize":15562,"url":"https:\/\/panama-equity-media.s3.amazonaws.com\/wp-content\/uploads\/2023\/04\/20221726\/Vista-Mar-Panama-Las-Olas-condo-for-sale-11-1024x683-1-300x300.jpg"},"gform-image-choice-md":{"file":"Vista-Mar-Panama-Las-Olas-condo-for-sale-11-1024x683-1-400x400.jpg","width":400,"height":400,"mime-type":"image\/jpeg","filesize":24018,"url":"https:\/\/panama-equity-media.s3.amazonaws.com\/wp-content\/uploads\/2023\/04\/20221726\/Vista-Mar-Panama-Las-Olas-condo-for-sale-11-1024x683-1-400x400.jpg"},"gform-image-choice-lg":{"file":"Vista-Mar-Panama-Las-Olas-condo-for-sale-11-1024x683-1-600x600.jpg","width":600,"height":600,"mime-type":"image\/jpeg","filesize":44171,"url":"https:\/\/panama-equity-media.s3.amazonaws.com\/wp-content\/uploads\/2023\/04\/20221726\/Vista-Mar-Panama-Las-Olas-condo-for-sale-11-1024x683-1-600x600.jpg"}},"image_meta":{"aperture":"0","credit":"","camera":"","caption":"","created_timestamp":"0","copyright":"","focal_length":"0","iso":"0","shutter_speed":"0","title":"","orientation":"0","keywords":[]},"ID":"110984","name":"Vista-Mar-Panama-Las-Olas-condo-for-sale-11-1024x683-1.jpg","path":"https:\/\/panama-equity-media.s3.amazonaws.com\/wp-content\/uploads\/2023\/04\/20221726\/Vista-Mar-Panama-Las-Olas-condo-for-sale-11-1024x683-1.jpg","url":"https:\/\/panama-equity-media.s3.amazonaws.com\/wp-content\/uploads\/2023\/04\/20221726\/Vista-Mar-Panama-Las-Olas-condo-for-sale-11-1024x683-1-150x150.jpg","full_url":"https:\/\/panama-equity-media.s3.amazonaws.com\/wp-content\/uploads\/2023\/04\/20221726\/Vista-Mar-Panama-Las-Olas-condo-for-sale-11-1024x683-1.jpg","title":"Vista-Mar-Panama-Las-Olas-condo-for-sale-11-1024x683","caption":"","description":"","alt":"Vista-Mar-Panama-Las-Olas-condo-for-sale","srcset":"https:\/\/panama-equity-media.s3.amazonaws.com\/wp-content\/uploads\/2023\/04\/20221726\/Vista-Mar-Panama-Las-Olas-condo-for-sale-11-1024x683-1-150x150.jpg 150w, https:\/\/panama-equity-media.s3.amazonaws.com\/wp-content\/uploads\/2023\/04\/20221726\/Vista-Mar-Panama-Las-Olas-condo-for-sale-11-1024x683-1-210x210.jpg 210w, https:\/\/panama-equity-media.s3.amazonaws.com\/wp-content\/uploads\/2023\/04\/20221726\/Vista-Mar-Panama-Las-Olas-condo-for-sale-11-1024x683-1-300x300.jpg 300w, https:\/\/panama-equity-media.s3.amazonaws.com\/wp-content\/uploads\/2023\/04\/20221726\/Vista-Mar-Panama-Las-Olas-condo-for-sale-11-1024x683-1-400x400.jpg 400w, https:\/\/panama-equity-media.s3.amazonaws.com\/wp-content\/uploads\/2023\/04\/20221726\/Vista-Mar-Panama-Las-Olas-condo-for-sale-11-1024x683-1-600x600.jpg 600w"},{"width":150,"height":150,"file":"2023\/04\/Vista-Mar-Panama-Las-Olas-condo-for-sale-15-1-1024x683-1.jpg","filesize":46232,"sizes":{"medium":{"file":"Vista-Mar-Panama-Las-Olas-condo-for-sale-15-1-1024x683-1-300x200.jpg","width":300,"height":200,"mime-type":"image\/jpeg","filesize":8726,"url":"https:\/\/panama-equity-media.s3.amazonaws.com\/wp-content\/uploads\/2023\/04\/20221725\/Vista-Mar-Panama-Las-Olas-condo-for-sale-15-1-1024x683-1-300x200.jpg"},"thumbnail":{"file":"Vista-Mar-Panama-Las-Olas-condo-for-sale-15-1-1024x683-1-150x150.jpg","width":150,"height":150,"mime-type":"image\/jpeg","filesize":4363,"url":"https:\/\/panama-equity-media.s3.amazonaws.com\/wp-content\/uploads\/2023\/04\/20221725\/Vista-Mar-Panama-Las-Olas-condo-for-sale-15-1-1024x683-1-150x150.jpg"},"medium_large":{"file":"Vista-Mar-Panama-Las-Olas-condo-for-sale-15-1-1024x683-1-768x512.jpg","width":768,"height":512,"mime-type":"image\/jpeg","filesize":42255,"url":"https:\/\/panama-equity-media.s3.amazonaws.com\/wp-content\/uploads\/2023\/04\/20221725\/Vista-Mar-Panama-Las-Olas-condo-for-sale-15-1-1024x683-1-768x512.jpg"},"post-thumbnail":{"file":"Vista-Mar-Panama-Las-Olas-condo-for-sale-15-1-1024x683-1-150x100.jpg","width":150,"height":100,"mime-type":"image\/jpeg","filesize":3313,"url":"https:\/\/panama-equity-media.s3.amazonaws.com\/wp-content\/uploads\/2023\/04\/20221725\/Vista-Mar-Panama-Las-Olas-condo-for-sale-15-1-1024x683-1-150x100.jpg"},"modern-property-child-slider":{"file":"Vista-Mar-Panama-Las-Olas-condo-for-sale-15-1-1024x683-1-680x510.jpg","width":680,"height":510,"mime-type":"image\/jpeg","filesize":40378,"url":"https:\/\/panama-equity-media.s3.amazonaws.com\/wp-content\/uploads\/2023\/04\/20221725\/Vista-Mar-Panama-Las-Olas-condo-for-sale-15-1-1024x683-1-680x510.jpg"},"property-thumb-image":{"file":"Vista-Mar-Panama-Las-Olas-condo-for-sale-15-1-1024x683-1-488x326.jpg","width":488,"height":326,"mime-type":"image\/jpeg","filesize":19833,"url":"https:\/\/panama-equity-media.s3.amazonaws.com\/wp-content\/uploads\/2023\/04\/20221725\/Vista-Mar-Panama-Las-Olas-condo-for-sale-15-1-1024x683-1-488x326.jpg"},"property-detail-video-image":{"file":"Vista-Mar-Panama-Las-Olas-condo-for-sale-15-1-1024x683-1-818x417.jpg","width":818,"height":417,"mime-type":"image\/jpeg","filesize":36866,"url":"https:\/\/panama-equity-media.s3.amazonaws.com\/wp-content\/uploads\/2023\/04\/20221725\/Vista-Mar-Panama-Las-Olas-condo-for-sale-15-1-1024x683-1-818x417.jpg"},"agent-image":{"file":"Vista-Mar-Panama-Las-Olas-condo-for-sale-15-1-1024x683-1-210x210.jpg","width":210,"height":210,"mime-type":"image\/jpeg","filesize":7262,"url":"https:\/\/panama-equity-media.s3.amazonaws.com\/wp-content\/uploads\/2023\/04\/20221725\/Vista-Mar-Panama-Las-Olas-condo-for-sale-15-1-1024x683-1-210x210.jpg"},"partners-logo":{"file":"Vista-Mar-Panama-Las-Olas-condo-for-sale-15-1-1024x683-1-600x683.jpg","width":600,"height":683,"mime-type":"image\/jpeg","filesize":50869,"url":"https:\/\/panama-equity-media.s3.amazonaws.com\/wp-content\/uploads\/2023\/04\/20221725\/Vista-Mar-Panama-Las-Olas-condo-for-sale-15-1-1024x683-1-600x683.jpg"},"gform-image-choice-sm":{"file":"Vista-Mar-Panama-Las-Olas-condo-for-sale-15-1-1024x683-1-300x300.jpg","width":300,"height":300,"mime-type":"image\/jpeg","filesize":13294,"url":"https:\/\/panama-equity-media.s3.amazonaws.com\/wp-content\/uploads\/2023\/04\/20221725\/Vista-Mar-Panama-Las-Olas-condo-for-sale-15-1-1024x683-1-300x300.jpg"},"gform-image-choice-md":{"file":"Vista-Mar-Panama-Las-Olas-condo-for-sale-15-1-1024x683-1-400x400.jpg","width":400,"height":400,"mime-type":"image\/jpeg","filesize":21301,"url":"https:\/\/panama-equity-media.s3.amazonaws.com\/wp-content\/uploads\/2023\/04\/20221725\/Vista-Mar-Panama-Las-Olas-condo-for-sale-15-1-1024x683-1-400x400.jpg"},"gform-image-choice-lg":{"file":"Vista-Mar-Panama-Las-Olas-condo-for-sale-15-1-1024x683-1-600x600.jpg","width":600,"height":600,"mime-type":"image\/jpeg","filesize":42726,"url":"https:\/\/panama-equity-media.s3.amazonaws.com\/wp-content\/uploads\/2023\/04\/20221725\/Vista-Mar-Panama-Las-Olas-condo-for-sale-15-1-1024x683-1-600x600.jpg"}},"image_meta":{"aperture":"0","credit":"","camera":"","caption":"","created_timestamp":"0","copyright":"","focal_length":"0","iso":"0","shutter_speed":"0","title":"","orientation":"0","keywords":[]},"ID":"110986","name":"Vista-Mar-Panama-Las-Olas-condo-for-sale-15-1-1024x683-1.jpg","path":"https:\/\/panama-equity-media.s3.amazonaws.com\/wp-content\/uploads\/2023\/04\/20221725\/Vista-Mar-Panama-Las-Olas-condo-for-sale-15-1-1024x683-1.jpg","url":"https:\/\/panama-equity-media.s3.amazonaws.com\/wp-content\/uploads\/2023\/04\/20221725\/Vista-Mar-Panama-Las-Olas-condo-for-sale-15-1-1024x683-1-150x150.jpg","full_url":"https:\/\/panama-equity-media.s3.amazonaws.com\/wp-content\/uploads\/2023\/04\/20221725\/Vista-Mar-Panama-Las-Olas-condo-for-sale-15-1-1024x683-1.jpg","title":"Vista-Mar-Panama-Las-Olas-condo-for-sale-15-1-1024x683","caption":"","description":"","alt":"Vista-Mar-Panama-Las-Olas-condo-for-sale","srcset":"https:\/\/panama-equity-media.s3.amazonaws.com\/wp-content\/uploads\/2023\/04\/20221725\/Vista-Mar-Panama-Las-Olas-condo-for-sale-15-1-1024x683-1-150x150.jpg 150w, https:\/\/panama-equity-media.s3.amazonaws.com\/wp-content\/uploads\/2023\/04\/20221725\/Vista-Mar-Panama-Las-Olas-condo-for-sale-15-1-1024x683-1-210x210.jpg 210w, https:\/\/panama-equity-media.s3.amazonaws.com\/wp-content\/uploads\/2023\/04\/20221725\/Vista-Mar-Panama-Las-Olas-condo-for-sale-15-1-1024x683-1-300x300.jpg 300w, https:\/\/panama-equity-media.s3.amazonaws.com\/wp-content\/uploads\/2023\/04\/20221725\/Vista-Mar-Panama-Las-Olas-condo-for-sale-15-1-1024x683-1-400x400.jpg 400w, https:\/\/panama-equity-media.s3.amazonaws.com\/wp-content\/uploads\/2023\/04\/20221725\/Vista-Mar-Panama-Las-Olas-condo-for-sale-15-1-1024x683-1-600x600.jpg 600w"},{"width":150,"height":150,"file":"2023\/04\/Vista-Mar-Panama-Las-Olas-condo-for-sale-16-1024x683-1.jpg","filesize":49342,"sizes":{"medium":{"file":"Vista-Mar-Panama-Las-Olas-condo-for-sale-16-1024x683-1-300x200.jpg","width":300,"height":200,"mime-type":"image\/jpeg","filesize":10047,"url":"https:\/\/panama-equity-media.s3.amazonaws.com\/wp-content\/uploads\/2023\/04\/20221724\/Vista-Mar-Panama-Las-Olas-condo-for-sale-16-1024x683-1-300x200.jpg"},"thumbnail":{"file":"Vista-Mar-Panama-Las-Olas-condo-for-sale-16-1024x683-1-150x150.jpg","width":150,"height":150,"mime-type":"image\/jpeg","filesize":4742,"url":"https:\/\/panama-equity-media.s3.amazonaws.com\/wp-content\/uploads\/2023\/04\/20221724\/Vista-Mar-Panama-Las-Olas-condo-for-sale-16-1024x683-1-150x150.jpg"},"medium_large":{"file":"Vista-Mar-Panama-Las-Olas-condo-for-sale-16-1024x683-1-768x512.jpg","width":768,"height":512,"mime-type":"image\/jpeg","filesize":46181,"url":"https:\/\/panama-equity-media.s3.amazonaws.com\/wp-content\/uploads\/2023\/04\/20221724\/Vista-Mar-Panama-Las-Olas-condo-for-sale-16-1024x683-1-768x512.jpg"},"post-thumbnail":{"file":"Vista-Mar-Panama-Las-Olas-condo-for-sale-16-1024x683-1-150x100.jpg","width":150,"height":100,"mime-type":"image\/jpeg","filesize":3703,"url":"https:\/\/panama-equity-media.s3.amazonaws.com\/wp-content\/uploads\/2023\/04\/20221724\/Vista-Mar-Panama-Las-Olas-condo-for-sale-16-1024x683-1-150x100.jpg"},"modern-property-child-slider":{"file":"Vista-Mar-Panama-Las-Olas-condo-for-sale-16-1024x683-1-680x510.jpg","width":680,"height":510,"mime-type":"image\/jpeg","filesize":41383,"url":"https:\/\/panama-equity-media.s3.amazonaws.com\/wp-content\/uploads\/2023\/04\/20221724\/Vista-Mar-Panama-Las-Olas-condo-for-sale-16-1024x683-1-680x510.jpg"},"property-thumb-image":{"file":"Vista-Mar-Panama-Las-Olas-condo-for-sale-16-1024x683-1-488x326.jpg","width":488,"height":326,"mime-type":"image\/jpeg","filesize":22057,"url":"https:\/\/panama-equity-media.s3.amazonaws.com\/wp-content\/uploads\/2023\/04\/20221724\/Vista-Mar-Panama-Las-Olas-condo-for-sale-16-1024x683-1-488x326.jpg"},"property-detail-video-image":{"file":"Vista-Mar-Panama-Las-Olas-condo-for-sale-16-1024x683-1-818x417.jpg","width":818,"height":417,"mime-type":"image\/jpeg","filesize":41600,"url":"https:\/\/panama-equity-media.s3.amazonaws.com\/wp-content\/uploads\/2023\/04\/20221724\/Vista-Mar-Panama-Las-Olas-condo-for-sale-16-1024x683-1-818x417.jpg"},"agent-image":{"file":"Vista-Mar-Panama-Las-Olas-condo-for-sale-16-1024x683-1-210x210.jpg","width":210,"height":210,"mime-type":"image\/jpeg","filesize":7974,"url":"https:\/\/panama-equity-media.s3.amazonaws.com\/wp-content\/uploads\/2023\/04\/20221724\/Vista-Mar-Panama-Las-Olas-condo-for-sale-16-1024x683-1-210x210.jpg"},"partners-logo":{"file":"Vista-Mar-Panama-Las-Olas-condo-for-sale-16-1024x683-1-600x683.jpg","width":600,"height":683,"mime-type":"image\/jpeg","filesize":50645,"url":"https:\/\/panama-equity-media.s3.amazonaws.com\/wp-content\/uploads\/2023\/04\/20221724\/Vista-Mar-Panama-Las-Olas-condo-for-sale-16-1024x683-1-600x683.jpg"},"gform-image-choice-sm":{"file":"Vista-Mar-Panama-Las-Olas-condo-for-sale-16-1024x683-1-300x300.jpg","width":300,"height":300,"mime-type":"image\/jpeg","filesize":13794,"url":"https:\/\/panama-equity-media.s3.amazonaws.com\/wp-content\/uploads\/2023\/04\/20221724\/Vista-Mar-Panama-Las-Olas-condo-for-sale-16-1024x683-1-300x300.jpg"},"gform-image-choice-md":{"file":"Vista-Mar-Panama-Las-Olas-condo-for-sale-16-1024x683-1-400x400.jpg","width":400,"height":400,"mime-type":"image\/jpeg","filesize":21822,"url":"https:\/\/panama-equity-media.s3.amazonaws.com\/wp-content\/uploads\/2023\/04\/20221724\/Vista-Mar-Panama-Las-Olas-condo-for-sale-16-1024x683-1-400x400.jpg"},"gform-image-choice-lg":{"file":"Vista-Mar-Panama-Las-Olas-condo-for-sale-16-1024x683-1-600x600.jpg","width":600,"height":600,"mime-type":"image\/jpeg","filesize":42784,"url":"https:\/\/panama-equity-media.s3.amazonaws.com\/wp-content\/uploads\/2023\/04\/20221724\/Vista-Mar-Panama-Las-Olas-condo-for-sale-16-1024x683-1-600x600.jpg"}},"image_meta":{"aperture":"0","credit":"","camera":"","caption":"","created_timestamp":"0","copyright":"","focal_length":"0","iso":"0","shutter_speed":"0","title":"","orientation":"0","keywords":[]},"ID":"110988","name":"Vista-Mar-Panama-Las-Olas-condo-for-sale-16-1024x683-1.jpg","path":"https:\/\/panama-equity-media.s3.amazonaws.com\/wp-content\/uploads\/2023\/04\/20221724\/Vista-Mar-Panama-Las-Olas-condo-for-sale-16-1024x683-1.jpg","url":"https:\/\/panama-equity-media.s3.amazonaws.com\/wp-content\/uploads\/2023\/04\/20221724\/Vista-Mar-Panama-Las-Olas-condo-for-sale-16-1024x683-1-150x150.jpg","full_url":"https:\/\/panama-equity-media.s3.amazonaws.com\/wp-content\/uploads\/2023\/04\/20221724\/Vista-Mar-Panama-Las-Olas-condo-for-sale-16-1024x683-1.jpg","title":"Vista-Mar-Panama-Las-Olas-condo-for-sale-16-1024x683","caption":"","description":"","alt":"Vista-Mar-Panama-Las-Olas-condo-for-sale","srcset":"https:\/\/panama-equity-media.s3.amazonaws.com\/wp-content\/uploads\/2023\/04\/20221724\/Vista-Mar-Panama-Las-Olas-condo-for-sale-16-1024x683-1-150x150.jpg 150w, https:\/\/panama-equity-media.s3.amazonaws.com\/wp-content\/uploads\/2023\/04\/20221724\/Vista-Mar-Panama-Las-Olas-condo-for-sale-16-1024x683-1-210x210.jpg 210w, https:\/\/panama-equity-media.s3.amazonaws.com\/wp-content\/uploads\/2023\/04\/20221724\/Vista-Mar-Panama-Las-Olas-condo-for-sale-16-1024x683-1-300x300.jpg 300w, https:\/\/panama-equity-media.s3.amazonaws.com\/wp-content\/uploads\/2023\/04\/20221724\/Vista-Mar-Panama-Las-Olas-condo-for-sale-16-1024x683-1-400x400.jpg 400w, https:\/\/panama-equity-media.s3.amazonaws.com\/wp-content\/uploads\/2023\/04\/20221724\/Vista-Mar-Panama-Las-Olas-condo-for-sale-16-1024x683-1-600x600.jpg 600w"},{"width":150,"height":150,"file":"2023\/04\/Vista-Mar-Panama-Las-Olas-condo-for-sale-19-1024x683-1.jpg","filesize":43323,"sizes":{"medium":{"file":"Vista-Mar-Panama-Las-Olas-condo-for-sale-19-1024x683-1-300x200.jpg","width":300,"height":200,"mime-type":"image\/jpeg","filesize":9642,"url":"https:\/\/panama-equity-media.s3.amazonaws.com\/wp-content\/uploads\/2023\/04\/20221723\/Vista-Mar-Panama-Las-Olas-condo-for-sale-19-1024x683-1-300x200.jpg"},"thumbnail":{"file":"Vista-Mar-Panama-Las-Olas-condo-for-sale-19-1024x683-1-150x150.jpg","width":150,"height":150,"mime-type":"image\/jpeg","filesize":4801,"url":"https:\/\/panama-equity-media.s3.amazonaws.com\/wp-content\/uploads\/2023\/04\/20221723\/Vista-Mar-Panama-Las-Olas-condo-for-sale-19-1024x683-1-150x150.jpg"},"medium_large":{"file":"Vista-Mar-Panama-Las-Olas-condo-for-sale-19-1024x683-1-768x512.jpg","width":768,"height":512,"mime-type":"image\/jpeg","filesize":43386,"url":"https:\/\/panama-equity-media.s3.amazonaws.com\/wp-content\/uploads\/2023\/04\/20221723\/Vista-Mar-Panama-Las-Olas-condo-for-sale-19-1024x683-1-768x512.jpg"},"post-thumbnail":{"file":"Vista-Mar-Panama-Las-Olas-condo-for-sale-19-1024x683-1-150x100.jpg","width":150,"height":100,"mime-type":"image\/jpeg","filesize":3292,"url":"https:\/\/panama-equity-media.s3.amazonaws.com\/wp-content\/uploads\/2023\/04\/20221723\/Vista-Mar-Panama-Las-Olas-condo-for-sale-19-1024x683-1-150x100.jpg"},"modern-property-child-slider":{"file":"Vista-Mar-Panama-Las-Olas-condo-for-sale-19-1024x683-1-680x510.jpg","width":680,"height":510,"mime-type":"image\/jpeg","filesize":40536,"url":"https:\/\/panama-equity-media.s3.amazonaws.com\/wp-content\/uploads\/2023\/04\/20221723\/Vista-Mar-Panama-Las-Olas-condo-for-sale-19-1024x683-1-680x510.jpg"},"property-thumb-image":{"file":"Vista-Mar-Panama-Las-Olas-condo-for-sale-19-1024x683-1-488x326.jpg","width":488,"height":326,"mime-type":"image\/jpeg","filesize":21263,"url":"https:\/\/panama-equity-media.s3.amazonaws.com\/wp-content\/uploads\/2023\/04\/20221723\/Vista-Mar-Panama-Las-Olas-condo-for-sale-19-1024x683-1-488x326.jpg"},"property-detail-video-image":{"file":"Vista-Mar-Panama-Las-Olas-condo-for-sale-19-1024x683-1-818x417.jpg","width":818,"height":417,"mime-type":"image\/jpeg","filesize":38399,"url":"https:\/\/panama-equity-media.s3.amazonaws.com\/wp-content\/uploads\/2023\/04\/20221723\/Vista-Mar-Panama-Las-Olas-condo-for-sale-19-1024x683-1-818x417.jpg"},"agent-image":{"file":"Vista-Mar-Panama-Las-Olas-condo-for-sale-19-1024x683-1-210x210.jpg","width":210,"height":210,"mime-type":"image\/jpeg","filesize":8169,"url":"https:\/\/panama-equity-media.s3.amazonaws.com\/wp-content\/uploads\/2023\/04\/20221723\/Vista-Mar-Panama-Las-Olas-condo-for-sale-19-1024x683-1-210x210.jpg"},"partners-logo":{"file":"Vista-Mar-Panama-Las-Olas-condo-for-sale-19-1024x683-1-600x683.jpg","width":600,"height":683,"mime-type":"image\/jpeg","filesize":46445,"url":"https:\/\/panama-equity-media.s3.amazonaws.com\/wp-content\/uploads\/2023\/04\/20221723\/Vista-Mar-Panama-Las-Olas-condo-for-sale-19-1024x683-1-600x683.jpg"},"gform-image-choice-sm":{"file":"Vista-Mar-Panama-Las-Olas-condo-for-sale-19-1024x683-1-300x300.jpg","width":300,"height":300,"mime-type":"image\/jpeg","filesize":14149,"url":"https:\/\/panama-equity-media.s3.amazonaws.com\/wp-content\/uploads\/2023\/04\/20221723\/Vista-Mar-Panama-Las-Olas-condo-for-sale-19-1024x683-1-300x300.jpg"},"gform-image-choice-md":{"file":"Vista-Mar-Panama-Las-Olas-condo-for-sale-19-1024x683-1-400x400.jpg","width":400,"height":400,"mime-type":"image\/jpeg","filesize":21851,"url":"https:\/\/panama-equity-media.s3.amazonaws.com\/wp-content\/uploads\/2023\/04\/20221723\/Vista-Mar-Panama-Las-Olas-condo-for-sale-19-1024x683-1-400x400.jpg"},"gform-image-choice-lg":{"file":"Vista-Mar-Panama-Las-Olas-condo-for-sale-19-1024x683-1-600x600.jpg","width":600,"height":600,"mime-type":"image\/jpeg","filesize":41357,"url":"https:\/\/panama-equity-media.s3.amazonaws.com\/wp-content\/uploads\/2023\/04\/20221723\/Vista-Mar-Panama-Las-Olas-condo-for-sale-19-1024x683-1-600x600.jpg"}},"image_meta":{"aperture":"0","credit":"","camera":"","caption":"","created_timestamp":"0","copyright":"","focal_length":"0","iso":"0","shutter_speed":"0","title":"","orientation":"0","keywords":[]},"ID":"110990","name":"Vista-Mar-Panama-Las-Olas-condo-for-sale-19-1024x683-1.jpg","path":"https:\/\/panama-equity-media.s3.amazonaws.com\/wp-content\/uploads\/2023\/04\/20221723\/Vista-Mar-Panama-Las-Olas-condo-for-sale-19-1024x683-1.jpg","url":"https:\/\/panama-equity-media.s3.amazonaws.com\/wp-content\/uploads\/2023\/04\/20221723\/Vista-Mar-Panama-Las-Olas-condo-for-sale-19-1024x683-1-150x150.jpg","full_url":"https:\/\/panama-equity-media.s3.amazonaws.com\/wp-content\/uploads\/2023\/04\/20221723\/Vista-Mar-Panama-Las-Olas-condo-for-sale-19-1024x683-1.jpg","title":"Vista-Mar-Panama-Las-Olas-condo-for-sale-19-1024x683","caption":"","description":"","alt":"Vista-Mar-Panama-Las-Olas-condo-for-sale","srcset":"https:\/\/panama-equity-media.s3.amazonaws.com\/wp-content\/uploads\/2023\/04\/20221723\/Vista-Mar-Panama-Las-Olas-condo-for-sale-19-1024x683-1-150x150.jpg 150w, https:\/\/panama-equity-media.s3.amazonaws.com\/wp-content\/uploads\/2023\/04\/20221723\/Vista-Mar-Panama-Las-Olas-condo-for-sale-19-1024x683-1-210x210.jpg 210w, https:\/\/panama-equity-media.s3.amazonaws.com\/wp-content\/uploads\/2023\/04\/20221723\/Vista-Mar-Panama-Las-Olas-condo-for-sale-19-1024x683-1-300x300.jpg 300w, https:\/\/panama-equity-media.s3.amazonaws.com\/wp-content\/uploads\/2023\/04\/20221723\/Vista-Mar-Panama-Las-Olas-condo-for-sale-19-1024x683-1-400x400.jpg 400w, https:\/\/panama-equity-media.s3.amazonaws.com\/wp-content\/uploads\/2023\/04\/20221723\/Vista-Mar-Panama-Las-Olas-condo-for-sale-19-1024x683-1-600x600.jpg 600w"},{"width":150,"height":150,"file":"2023\/04\/Vista-Mar-Panama-Las-Olas-condo-for-sale-21-1024x683-1.jpg","filesize":56972,"sizes":{"medium":{"file":"Vista-Mar-Panama-Las-Olas-condo-for-sale-21-1024x683-1-300x200.jpg","width":300,"height":200,"mime-type":"image\/jpeg","filesize":11717,"url":"https:\/\/panama-equity-media.s3.amazonaws.com\/wp-content\/uploads\/2023\/04\/20221722\/Vista-Mar-Panama-Las-Olas-condo-for-sale-21-1024x683-1-300x200.jpg"},"thumbnail":{"file":"Vista-Mar-Panama-Las-Olas-condo-for-sale-21-1024x683-1-150x150.jpg","width":150,"height":150,"mime-type":"image\/jpeg","filesize":5859,"url":"https:\/\/panama-equity-media.s3.amazonaws.com\/wp-content\/uploads\/2023\/04\/20221722\/Vista-Mar-Panama-Las-Olas-condo-for-sale-21-1024x683-1-150x150.jpg"},"medium_large":{"file":"Vista-Mar-Panama-Las-Olas-condo-for-sale-21-1024x683-1-768x512.jpg","width":768,"height":512,"mime-type":"image\/jpeg","filesize":52386,"url":"https:\/\/panama-equity-media.s3.amazonaws.com\/wp-content\/uploads\/2023\/04\/20221722\/Vista-Mar-Panama-Las-Olas-condo-for-sale-21-1024x683-1-768x512.jpg"},"post-thumbnail":{"file":"Vista-Mar-Panama-Las-Olas-condo-for-sale-21-1024x683-1-150x100.jpg","width":150,"height":100,"mime-type":"image\/jpeg","filesize":4049,"url":"https:\/\/panama-equity-media.s3.amazonaws.com\/wp-content\/uploads\/2023\/04\/20221722\/Vista-Mar-Panama-Las-Olas-condo-for-sale-21-1024x683-1-150x100.jpg"},"modern-property-child-slider":{"file":"Vista-Mar-Panama-Las-Olas-condo-for-sale-21-1024x683-1-680x510.jpg","width":680,"height":510,"mime-type":"image\/jpeg","filesize":48932,"url":"https:\/\/panama-equity-media.s3.amazonaws.com\/wp-content\/uploads\/2023\/04\/20221722\/Vista-Mar-Panama-Las-Olas-condo-for-sale-21-1024x683-1-680x510.jpg"},"property-thumb-image":{"file":"Vista-Mar-Panama-Las-Olas-condo-for-sale-21-1024x683-1-488x326.jpg","width":488,"height":326,"mime-type":"image\/jpeg","filesize":25793,"url":"https:\/\/panama-equity-media.s3.amazonaws.com\/wp-content\/uploads\/2023\/04\/20221722\/Vista-Mar-Panama-Las-Olas-condo-for-sale-21-1024x683-1-488x326.jpg"},"property-detail-video-image":{"file":"Vista-Mar-Panama-Las-Olas-condo-for-sale-21-1024x683-1-818x417.jpg","width":818,"height":417,"mime-type":"image\/jpeg","filesize":46866,"url":"https:\/\/panama-equity-media.s3.amazonaws.com\/wp-content\/uploads\/2023\/04\/20221722\/Vista-Mar-Panama-Las-Olas-condo-for-sale-21-1024x683-1-818x417.jpg"},"agent-image":{"file":"Vista-Mar-Panama-Las-Olas-condo-for-sale-21-1024x683-1-210x210.jpg","width":210,"height":210,"mime-type":"image\/jpeg","filesize":10064,"url":"https:\/\/panama-equity-media.s3.amazonaws.com\/wp-content\/uploads\/2023\/04\/20221722\/Vista-Mar-Panama-Las-Olas-condo-for-sale-21-1024x683-1-210x210.jpg"},"partners-logo":{"file":"Vista-Mar-Panama-Las-Olas-condo-for-sale-21-1024x683-1-600x683.jpg","width":600,"height":683,"mime-type":"image\/jpeg","filesize":61677,"url":"https:\/\/panama-equity-media.s3.amazonaws.com\/wp-content\/uploads\/2023\/04\/20221722\/Vista-Mar-Panama-Las-Olas-condo-for-sale-21-1024x683-1-600x683.jpg"},"gform-image-choice-sm":{"file":"Vista-Mar-Panama-Las-Olas-condo-for-sale-21-1024x683-1-300x300.jpg","width":300,"height":300,"mime-type":"image\/jpeg","filesize":17879,"url":"https:\/\/panama-equity-media.s3.amazonaws.com\/wp-content\/uploads\/2023\/04\/20221722\/Vista-Mar-Panama-Las-Olas-condo-for-sale-21-1024x683-1-300x300.jpg"},"gform-image-choice-md":{"file":"Vista-Mar-Panama-Las-Olas-condo-for-sale-21-1024x683-1-400x400.jpg","width":400,"height":400,"mime-type":"image\/jpeg","filesize":27945,"url":"https:\/\/panama-equity-media.s3.amazonaws.com\/wp-content\/uploads\/2023\/04\/20221722\/Vista-Mar-Panama-Las-Olas-condo-for-sale-21-1024x683-1-400x400.jpg"},"gform-image-choice-lg":{"file":"Vista-Mar-Panama-Las-Olas-condo-for-sale-21-1024x683-1-600x600.jpg","width":600,"height":600,"mime-type":"image\/jpeg","filesize":52822,"url":"https:\/\/panama-equity-media.s3.amazonaws.com\/wp-content\/uploads\/2023\/04\/20221722\/Vista-Mar-Panama-Las-Olas-condo-for-sale-21-1024x683-1-600x600.jpg"}},"image_meta":{"aperture":"0","credit":"","camera":"","caption":"","created_timestamp":"0","copyright":"","focal_length":"0","iso":"0","shutter_speed":"0","title":"","orientation":"0","keywords":[]},"ID":"110992","name":"Vista-Mar-Panama-Las-Olas-condo-for-sale-21-1024x683-1.jpg","path":"https:\/\/panama-equity-media.s3.amazonaws.com\/wp-content\/uploads\/2023\/04\/20221722\/Vista-Mar-Panama-Las-Olas-condo-for-sale-21-1024x683-1.jpg","url":"https:\/\/panama-equity-media.s3.amazonaws.com\/wp-content\/uploads\/2023\/04\/20221722\/Vista-Mar-Panama-Las-Olas-condo-for-sale-21-1024x683-1-150x150.jpg","full_url":"https:\/\/panama-equity-media.s3.amazonaws.com\/wp-content\/uploads\/2023\/04\/20221722\/Vista-Mar-Panama-Las-Olas-condo-for-sale-21-1024x683-1.jpg","title":"Vista-Mar-Panama-Las-Olas-condo-for-sale-21-1024x683","caption":"","description":"","alt":"Vista-Mar-Panama-Las-Olas-condo-for-sale","srcset":"https:\/\/panama-equity-media.s3.amazonaws.com\/wp-content\/uploads\/2023\/04\/20221722\/Vista-Mar-Panama-Las-Olas-condo-for-sale-21-1024x683-1-150x150.jpg 150w, https:\/\/panama-equity-media.s3.amazonaws.com\/wp-content\/uploads\/2023\/04\/20221722\/Vista-Mar-Panama-Las-Olas-condo-for-sale-21-1024x683-1-210x210.jpg 210w, https:\/\/panama-equity-media.s3.amazonaws.com\/wp-content\/uploads\/2023\/04\/20221722\/Vista-Mar-Panama-Las-Olas-condo-for-sale-21-1024x683-1-300x300.jpg 300w, https:\/\/panama-equity-media.s3.amazonaws.com\/wp-content\/uploads\/2023\/04\/20221722\/Vista-Mar-Panama-Las-Olas-condo-for-sale-21-1024x683-1-400x400.jpg 400w, https:\/\/panama-equity-media.s3.amazonaws.com\/wp-content\/uploads\/2023\/04\/20221722\/Vista-Mar-Panama-Las-Olas-condo-for-sale-21-1024x683-1-600x600.jpg 600w"},{"width":150,"height":150,"file":"2023\/04\/Vista-Mar-Panama-Las-Olas-condo-for-sale-26-1-1024x683-1.jpg","filesize":36956,"sizes":{"medium":{"file":"Vista-Mar-Panama-Las-Olas-condo-for-sale-26-1-1024x683-1-300x200.jpg","width":300,"height":200,"mime-type":"image\/jpeg","filesize":8980,"url":"https:\/\/panama-equity-media.s3.amazonaws.com\/wp-content\/uploads\/2023\/04\/20221721\/Vista-Mar-Panama-Las-Olas-condo-for-sale-26-1-1024x683-1-300x200.jpg"},"thumbnail":{"file":"Vista-Mar-Panama-Las-Olas-condo-for-sale-26-1-1024x683-1-150x150.jpg","width":150,"height":150,"mime-type":"image\/jpeg","filesize":4171,"url":"https:\/\/panama-equity-media.s3.amazonaws.com\/wp-content\/uploads\/2023\/04\/20221721\/Vista-Mar-Panama-Las-Olas-condo-for-sale-26-1-1024x683-1-150x150.jpg"},"medium_large":{"file":"Vista-Mar-Panama-Las-Olas-condo-for-sale-26-1-1024x683-1-768x512.jpg","width":768,"height":512,"mime-type":"image\/jpeg","filesize":41846,"url":"https:\/\/panama-equity-media.s3.amazonaws.com\/wp-content\/uploads\/2023\/04\/20221721\/Vista-Mar-Panama-Las-Olas-condo-for-sale-26-1-1024x683-1-768x512.jpg"},"post-thumbnail":{"file":"Vista-Mar-Panama-Las-Olas-condo-for-sale-26-1-1024x683-1-150x100.jpg","width":150,"height":100,"mime-type":"image\/jpeg","filesize":3042,"url":"https:\/\/panama-equity-media.s3.amazonaws.com\/wp-content\/uploads\/2023\/04\/20221721\/Vista-Mar-Panama-Las-Olas-condo-for-sale-26-1-1024x683-1-150x100.jpg"},"modern-property-child-slider":{"file":"Vista-Mar-Panama-Las-Olas-condo-for-sale-26-1-1024x683-1-680x510.jpg","width":680,"height":510,"mime-type":"image\/jpeg","filesize":37907,"url":"https:\/\/panama-equity-media.s3.amazonaws.com\/wp-content\/uploads\/2023\/04\/20221721\/Vista-Mar-Panama-Las-Olas-condo-for-sale-26-1-1024x683-1-680x510.jpg"},"property-thumb-image":{"file":"Vista-Mar-Panama-Las-Olas-condo-for-sale-26-1-1024x683-1-488x326.jpg","width":488,"height":326,"mime-type":"image\/jpeg","filesize":20373,"url":"https:\/\/panama-equity-media.s3.amazonaws.com\/wp-content\/uploads\/2023\/04\/20221721\/Vista-Mar-Panama-Las-Olas-condo-for-sale-26-1-1024x683-1-488x326.jpg"},"property-detail-video-image":{"file":"Vista-Mar-Panama-Las-Olas-condo-for-sale-26-1-1024x683-1-818x417.jpg","width":818,"height":417,"mime-type":"image\/jpeg","filesize":37128,"url":"https:\/\/panama-equity-media.s3.amazonaws.com\/wp-content\/uploads\/2023\/04\/20221721\/Vista-Mar-Panama-Las-Olas-condo-for-sale-26-1-1024x683-1-818x417.jpg"},"agent-image":{"file":"Vista-Mar-Panama-Las-Olas-condo-for-sale-26-1-1024x683-1-210x210.jpg","width":210,"height":210,"mime-type":"image\/jpeg","filesize":7260,"url":"https:\/\/panama-equity-media.s3.amazonaws.com\/wp-content\/uploads\/2023\/04\/20221721\/Vista-Mar-Panama-Las-Olas-condo-for-sale-26-1-1024x683-1-210x210.jpg"},"partners-logo":{"file":"Vista-Mar-Panama-Las-Olas-condo-for-sale-26-1-1024x683-1-600x683.jpg","width":600,"height":683,"mime-type":"image\/jpeg","filesize":42432,"url":"https:\/\/panama-equity-media.s3.amazonaws.com\/wp-content\/uploads\/2023\/04\/20221721\/Vista-Mar-Panama-Las-Olas-condo-for-sale-26-1-1024x683-1-600x683.jpg"},"gform-image-choice-sm":{"file":"Vista-Mar-Panama-Las-Olas-condo-for-sale-26-1-1024x683-1-300x300.jpg","width":300,"height":300,"mime-type":"image\/jpeg","filesize":12980,"url":"https:\/\/panama-equity-media.s3.amazonaws.com\/wp-content\/uploads\/2023\/04\/20221721\/Vista-Mar-Panama-Las-Olas-condo-for-sale-26-1-1024x683-1-300x300.jpg"},"gform-image-choice-md":{"file":"Vista-Mar-Panama-Las-Olas-condo-for-sale-26-1-1024x683-1-400x400.jpg","width":400,"height":400,"mime-type":"image\/jpeg","filesize":20439,"url":"https:\/\/panama-equity-media.s3.amazonaws.com\/wp-content\/uploads\/2023\/04\/20221721\/Vista-Mar-Panama-Las-Olas-condo-for-sale-26-1-1024x683-1-400x400.jpg"},"gform-image-choice-lg":{"file":"Vista-Mar-Panama-Las-Olas-condo-for-sale-26-1-1024x683-1-600x600.jpg","width":600,"height":600,"mime-type":"image\/jpeg","filesize":38718,"url":"https:\/\/panama-equity-media.s3.amazonaws.com\/wp-content\/uploads\/2023\/04\/20221721\/Vista-Mar-Panama-Las-Olas-condo-for-sale-26-1-1024x683-1-600x600.jpg"}},"image_meta":{"aperture":"0","credit":"","camera":"","caption":"","created_timestamp":"0","copyright":"","focal_length":"0","iso":"0","shutter_speed":"0","title":"","orientation":"0","keywords":[]},"ID":"110994","name":"Vista-Mar-Panama-Las-Olas-condo-for-sale-26-1-1024x683-1.jpg","path":"https:\/\/panama-equity-media.s3.amazonaws.com\/wp-content\/uploads\/2023\/04\/20221721\/Vista-Mar-Panama-Las-Olas-condo-for-sale-26-1-1024x683-1.jpg","url":"https:\/\/panama-equity-media.s3.amazonaws.com\/wp-content\/uploads\/2023\/04\/20221721\/Vista-Mar-Panama-Las-Olas-condo-for-sale-26-1-1024x683-1-150x150.jpg","full_url":"https:\/\/panama-equity-media.s3.amazonaws.com\/wp-content\/uploads\/2023\/04\/20221721\/Vista-Mar-Panama-Las-Olas-condo-for-sale-26-1-1024x683-1.jpg","title":"Vista-Mar-Panama-Las-Olas-condo-for-sale-26-1-1024x683","caption":"","description":"","alt":"Vista-Mar-Panama-Las-Olas-condo-for-sale","srcset":"https:\/\/panama-equity-media.s3.amazonaws.com\/wp-content\/uploads\/2023\/04\/20221721\/Vista-Mar-Panama-Las-Olas-condo-for-sale-26-1-1024x683-1-150x150.jpg 150w, https:\/\/panama-equity-media.s3.amazonaws.com\/wp-content\/uploads\/2023\/04\/20221721\/Vista-Mar-Panama-Las-Olas-condo-for-sale-26-1-1024x683-1-210x210.jpg 210w, https:\/\/panama-equity-media.s3.amazonaws.com\/wp-content\/uploads\/2023\/04\/20221721\/Vista-Mar-Panama-Las-Olas-condo-for-sale-26-1-1024x683-1-300x300.jpg 300w, https:\/\/panama-equity-media.s3.amazonaws.com\/wp-content\/uploads\/2023\/04\/20221721\/Vista-Mar-Panama-Las-Olas-condo-for-sale-26-1-1024x683-1-400x400.jpg 400w, https:\/\/panama-equity-media.s3.amazonaws.com\/wp-content\/uploads\/2023\/04\/20221721\/Vista-Mar-Panama-Las-Olas-condo-for-sale-26-1-1024x683-1-600x600.jpg 600w"},{"width":150,"height":150,"file":"2023\/04\/Vista-Mar-Panama-Las-Olas-condo-for-sale-29-1024x683-1.jpg","filesize":70634,"sizes":{"medium":{"file":"Vista-Mar-Panama-Las-Olas-condo-for-sale-29-1024x683-1-300x200.jpg","width":300,"height":200,"mime-type":"image\/jpeg","filesize":11514,"url":"https:\/\/panama-equity-media.s3.amazonaws.com\/wp-content\/uploads\/2023\/04\/20221719\/Vista-Mar-Panama-Las-Olas-condo-for-sale-29-1024x683-1-300x200.jpg"},"thumbnail":{"file":"Vista-Mar-Panama-Las-Olas-condo-for-sale-29-1024x683-1-150x150.jpg","width":150,"height":150,"mime-type":"image\/jpeg","filesize":5055,"url":"https:\/\/panama-equity-media.s3.amazonaws.com\/wp-content\/uploads\/2023\/04\/20221719\/Vista-Mar-Panama-Las-Olas-condo-for-sale-29-1024x683-1-150x150.jpg"},"medium_large":{"file":"Vista-Mar-Panama-Las-Olas-condo-for-sale-29-1024x683-1-768x512.jpg","width":768,"height":512,"mime-type":"image\/jpeg","filesize":57324,"url":"https:\/\/panama-equity-media.s3.amazonaws.com\/wp-content\/uploads\/2023\/04\/20221719\/Vista-Mar-Panama-Las-Olas-condo-for-sale-29-1024x683-1-768x512.jpg"},"post-thumbnail":{"file":"Vista-Mar-Panama-Las-Olas-condo-for-sale-29-1024x683-1-150x100.jpg","width":150,"height":100,"mime-type":"image\/jpeg","filesize":3627,"url":"https:\/\/panama-equity-media.s3.amazonaws.com\/wp-content\/uploads\/2023\/04\/20221719\/Vista-Mar-Panama-Las-Olas-condo-for-sale-29-1024x683-1-150x100.jpg"},"modern-property-child-slider":{"file":"Vista-Mar-Panama-Las-Olas-condo-for-sale-29-1024x683-1-680x510.jpg","width":680,"height":510,"mime-type":"image\/jpeg","filesize":50964,"url":"https:\/\/panama-equity-media.s3.amazonaws.com\/wp-content\/uploads\/2023\/04\/20221719\/Vista-Mar-Panama-Las-Olas-condo-for-sale-29-1024x683-1-680x510.jpg"},"property-thumb-image":{"file":"Vista-Mar-Panama-Las-Olas-condo-for-sale-29-1024x683-1-488x326.jpg","width":488,"height":326,"mime-type":"image\/jpeg","filesize":26804,"url":"https:\/\/panama-equity-media.s3.amazonaws.com\/wp-content\/uploads\/2023\/04\/20221719\/Vista-Mar-Panama-Las-Olas-condo-for-sale-29-1024x683-1-488x326.jpg"},"property-detail-video-image":{"file":"Vista-Mar-Panama-Las-Olas-condo-for-sale-29-1024x683-1-818x417.jpg","width":818,"height":417,"mime-type":"image\/jpeg","filesize":51456,"url":"https:\/\/panama-equity-media.s3.amazonaws.com\/wp-content\/uploads\/2023\/04\/20221719\/Vista-Mar-Panama-Las-Olas-condo-for-sale-29-1024x683-1-818x417.jpg"},"agent-image":{"file":"Vista-Mar-Panama-Las-Olas-condo-for-sale-29-1024x683-1-210x210.jpg","width":210,"height":210,"mime-type":"image\/jpeg","filesize":9170,"url":"https:\/\/panama-equity-media.s3.amazonaws.com\/wp-content\/uploads\/2023\/04\/20221719\/Vista-Mar-Panama-Las-Olas-condo-for-sale-29-1024x683-1-210x210.jpg"},"partners-logo":{"file":"Vista-Mar-Panama-Las-Olas-condo-for-sale-29-1024x683-1-600x683.jpg","width":600,"height":683,"mime-type":"image\/jpeg","filesize":61164,"url":"https:\/\/panama-equity-media.s3.amazonaws.com\/wp-content\/uploads\/2023\/04\/20221719\/Vista-Mar-Panama-Las-Olas-condo-for-sale-29-1024x683-1-600x683.jpg"},"gform-image-choice-sm":{"file":"Vista-Mar-Panama-Las-Olas-condo-for-sale-29-1024x683-1-300x300.jpg","width":300,"height":300,"mime-type":"image\/jpeg","filesize":16352,"url":"https:\/\/panama-equity-media.s3.amazonaws.com\/wp-content\/uploads\/2023\/04\/20221719\/Vista-Mar-Panama-Las-Olas-condo-for-sale-29-1024x683-1-300x300.jpg"},"gform-image-choice-md":{"file":"Vista-Mar-Panama-Las-Olas-condo-for-sale-29-1024x683-1-400x400.jpg","width":400,"height":400,"mime-type":"image\/jpeg","filesize":26022,"url":"https:\/\/panama-equity-media.s3.amazonaws.com\/wp-content\/uploads\/2023\/04\/20221719\/Vista-Mar-Panama-Las-Olas-condo-for-sale-29-1024x683-1-400x400.jpg"},"gform-image-choice-lg":{"file":"Vista-Mar-Panama-Las-Olas-condo-for-sale-29-1024x683-1-600x600.jpg","width":600,"height":600,"mime-type":"image\/jpeg","filesize":51128,"url":"https:\/\/panama-equity-media.s3.amazonaws.com\/wp-content\/uploads\/2023\/04\/20221719\/Vista-Mar-Panama-Las-Olas-condo-for-sale-29-1024x683-1-600x600.jpg"}},"image_meta":{"aperture":"0","credit":"","camera":"","caption":"","created_timestamp":"0","copyright":"","focal_length":"0","iso":"0","shutter_speed":"0","title":"","orientation":"0","keywords":[]},"ID":"110998","name":"Vista-Mar-Panama-Las-Olas-condo-for-sale-29-1024x683-1.jpg","path":"https:\/\/panama-equity-media.s3.amazonaws.com\/wp-content\/uploads\/2023\/04\/20221719\/Vista-Mar-Panama-Las-Olas-condo-for-sale-29-1024x683-1.jpg","url":"https:\/\/panama-equity-media.s3.amazonaws.com\/wp-content\/uploads\/2023\/04\/20221719\/Vista-Mar-Panama-Las-Olas-condo-for-sale-29-1024x683-1-150x150.jpg","full_url":"https:\/\/panama-equity-media.s3.amazonaws.com\/wp-content\/uploads\/2023\/04\/20221719\/Vista-Mar-Panama-Las-Olas-condo-for-sale-29-1024x683-1.jpg","title":"Vista-Mar-Panama-Las-Olas-condo-for-sale-29-1024x683","caption":"","description":"","alt":"Vista-Mar-Panama-Las-Olas-condo-for-sale","srcset":"https:\/\/panama-equity-media.s3.amazonaws.com\/wp-content\/uploads\/2023\/04\/20221719\/Vista-Mar-Panama-Las-Olas-condo-for-sale-29-1024x683-1-150x150.jpg 150w, https:\/\/panama-equity-media.s3.amazonaws.com\/wp-content\/uploads\/2023\/04\/20221719\/Vista-Mar-Panama-Las-Olas-condo-for-sale-29-1024x683-1-210x210.jpg 210w, https:\/\/panama-equity-media.s3.amazonaws.com\/wp-content\/uploads\/2023\/04\/20221719\/Vista-Mar-Panama-Las-Olas-condo-for-sale-29-1024x683-1-300x300.jpg 300w, https:\/\/panama-equity-media.s3.amazonaws.com\/wp-content\/uploads\/2023\/04\/20221719\/Vista-Mar-Panama-Las-Olas-condo-for-sale-29-1024x683-1-400x400.jpg 400w, https:\/\/panama-equity-media.s3.amazonaws.com\/wp-content\/uploads\/2023\/04\/20221719\/Vista-Mar-Panama-Las-Olas-condo-for-sale-29-1024x683-1-600x600.jpg 600w"},{"width":150,"height":150,"file":"2023\/04\/Vista-Mar-Panama-Las-Olas-condo-for-sale-33-1024x682-1.jpg","filesize":69370,"sizes":{"medium":{"file":"Vista-Mar-Panama-Las-Olas-condo-for-sale-33-1024x682-1-300x200.jpg","width":300,"height":200,"mime-type":"image\/jpeg","filesize":10725,"url":"https:\/\/panama-equity-media.s3.amazonaws.com\/wp-content\/uploads\/2023\/04\/20221717\/Vista-Mar-Panama-Las-Olas-condo-for-sale-33-1024x682-1-300x200.jpg"},"thumbnail":{"file":"Vista-Mar-Panama-Las-Olas-condo-for-sale-33-1024x682-1-150x150.jpg","width":150,"height":150,"mime-type":"image\/jpeg","filesize":4553,"url":"https:\/\/panama-equity-media.s3.amazonaws.com\/wp-content\/uploads\/2023\/04\/20221717\/Vista-Mar-Panama-Las-Olas-condo-for-sale-33-1024x682-1-150x150.jpg"},"medium_large":{"file":"Vista-Mar-Panama-Las-Olas-condo-for-sale-33-1024x682-1-768x512.jpg","width":768,"height":512,"mime-type":"image\/jpeg","filesize":56036,"url":"https:\/\/panama-equity-media.s3.amazonaws.com\/wp-content\/uploads\/2023\/04\/20221717\/Vista-Mar-Panama-Las-Olas-condo-for-sale-33-1024x682-1-768x512.jpg"},"post-thumbnail":{"file":"Vista-Mar-Panama-Las-Olas-condo-for-sale-33-1024x682-1-150x100.jpg","width":150,"height":100,"mime-type":"image\/jpeg","filesize":3406,"url":"https:\/\/panama-equity-media.s3.amazonaws.com\/wp-content\/uploads\/2023\/04\/20221717\/Vista-Mar-Panama-Las-Olas-condo-for-sale-33-1024x682-1-150x100.jpg"},"modern-property-child-slider":{"file":"Vista-Mar-Panama-Las-Olas-condo-for-sale-33-1024x682-1-680x510.jpg","width":680,"height":510,"mime-type":"image\/jpeg","filesize":49743,"url":"https:\/\/panama-equity-media.s3.amazonaws.com\/wp-content\/uploads\/2023\/04\/20221717\/Vista-Mar-Panama-Las-Olas-condo-for-sale-33-1024x682-1-680x510.jpg"},"property-thumb-image":{"file":"Vista-Mar-Panama-Las-Olas-condo-for-sale-33-1024x682-1-488x326.jpg","width":488,"height":326,"mime-type":"image\/jpeg","filesize":25591,"url":"https:\/\/panama-equity-media.s3.amazonaws.com\/wp-content\/uploads\/2023\/04\/20221717\/Vista-Mar-Panama-Las-Olas-condo-for-sale-33-1024x682-1-488x326.jpg"},"property-detail-video-image":{"file":"Vista-Mar-Panama-Las-Olas-condo-for-sale-33-1024x682-1-818x417.jpg","width":818,"height":417,"mime-type":"image\/jpeg","filesize":51528,"url":"https:\/\/panama-equity-media.s3.amazonaws.com\/wp-content\/uploads\/2023\/04\/20221717\/Vista-Mar-Panama-Las-Olas-condo-for-sale-33-1024x682-1-818x417.jpg"},"agent-image":{"file":"Vista-Mar-Panama-Las-Olas-condo-for-sale-33-1024x682-1-210x210.jpg","width":210,"height":210,"mime-type":"image\/jpeg","filesize":8273,"url":"https:\/\/panama-equity-media.s3.amazonaws.com\/wp-content\/uploads\/2023\/04\/20221717\/Vista-Mar-Panama-Las-Olas-condo-for-sale-33-1024x682-1-210x210.jpg"},"partners-logo":{"file":"Vista-Mar-Panama-Las-Olas-condo-for-sale-33-1024x682-1-600x682.jpg","width":600,"height":682,"mime-type":"image\/jpeg","filesize":58976,"url":"https:\/\/panama-equity-media.s3.amazonaws.com\/wp-content\/uploads\/2023\/04\/20221717\/Vista-Mar-Panama-Las-Olas-condo-for-sale-33-1024x682-1-600x682.jpg"},"gform-image-choice-sm":{"file":"Vista-Mar-Panama-Las-Olas-condo-for-sale-33-1024x682-1-300x300.jpg","width":300,"height":300,"mime-type":"image\/jpeg","filesize":15115,"url":"https:\/\/panama-equity-media.s3.amazonaws.com\/wp-content\/uploads\/2023\/04\/20221717\/Vista-Mar-Panama-Las-Olas-condo-for-sale-33-1024x682-1-300x300.jpg"},"gform-image-choice-md":{"file":"Vista-Mar-Panama-Las-Olas-condo-for-sale-33-1024x682-1-400x400.jpg","width":400,"height":400,"mime-type":"image\/jpeg","filesize":24427,"url":"https:\/\/panama-equity-media.s3.amazonaws.com\/wp-content\/uploads\/2023\/04\/20221717\/Vista-Mar-Panama-Las-Olas-condo-for-sale-33-1024x682-1-400x400.jpg"},"gform-image-choice-lg":{"file":"Vista-Mar-Panama-Las-Olas-condo-for-sale-33-1024x682-1-600x600.jpg","width":600,"height":600,"mime-type":"image\/jpeg","filesize":49404,"url":"https:\/\/panama-equity-media.s3.amazonaws.com\/wp-content\/uploads\/2023\/04\/20221717\/Vista-Mar-Panama-Las-Olas-condo-for-sale-33-1024x682-1-600x600.jpg"}},"image_meta":{"aperture":"0","credit":"","camera":"","caption":"","created_timestamp":"0","copyright":"","focal_length":"0","iso":"0","shutter_speed":"0","title":"","orientation":"0","keywords":[]},"ID":"111000","name":"Vista-Mar-Panama-Las-Olas-condo-for-sale-33-1024x682-1.jpg","path":"https:\/\/panama-equity-media.s3.amazonaws.com\/wp-content\/uploads\/2023\/04\/20221717\/Vista-Mar-Panama-Las-Olas-condo-for-sale-33-1024x682-1.jpg","url":"https:\/\/panama-equity-media.s3.amazonaws.com\/wp-content\/uploads\/2023\/04\/20221717\/Vista-Mar-Panama-Las-Olas-condo-for-sale-33-1024x682-1-150x150.jpg","full_url":"https:\/\/panama-equity-media.s3.amazonaws.com\/wp-content\/uploads\/2023\/04\/20221717\/Vista-Mar-Panama-Las-Olas-condo-for-sale-33-1024x682-1.jpg","title":"Vista-Mar-Panama-Las-Olas-condo-for-sale-33-1024x682","caption":"","description":"","alt":"Vista-Mar-Panama-Las-Olas-condo-for-sale","srcset":"https:\/\/panama-equity-media.s3.amazonaws.com\/wp-content\/uploads\/2023\/04\/20221717\/Vista-Mar-Panama-Las-Olas-condo-for-sale-33-1024x682-1-150x150.jpg 150w, https:\/\/panama-equity-media.s3.amazonaws.com\/wp-content\/uploads\/2023\/04\/20221717\/Vista-Mar-Panama-Las-Olas-condo-for-sale-33-1024x682-1-210x210.jpg 210w, https:\/\/panama-equity-media.s3.amazonaws.com\/wp-content\/uploads\/2023\/04\/20221717\/Vista-Mar-Panama-Las-Olas-condo-for-sale-33-1024x682-1-300x300.jpg 300w, https:\/\/panama-equity-media.s3.amazonaws.com\/wp-content\/uploads\/2023\/04\/20221717\/Vista-Mar-Panama-Las-Olas-condo-for-sale-33-1024x682-1-400x400.jpg 400w, https:\/\/panama-equity-media.s3.amazonaws.com\/wp-content\/uploads\/2023\/04\/20221717\/Vista-Mar-Panama-Las-Olas-condo-for-sale-33-1024x682-1-600x600.jpg 600w"},{"width":150,"height":150,"file":"2023\/04\/Vista-Mar-Panama-Las-Olas-condo-for-sale-34-1024x682-1.jpg","filesize":47887,"sizes":{"medium":{"file":"Vista-Mar-Panama-Las-Olas-condo-for-sale-34-1024x682-1-300x200.jpg","width":300,"height":200,"mime-type":"image\/jpeg","filesize":10259,"url":"https:\/\/panama-equity-media.s3.amazonaws.com\/wp-content\/uploads\/2023\/04\/20221715\/Vista-Mar-Panama-Las-Olas-condo-for-sale-34-1024x682-1-300x200.jpg"},"thumbnail":{"file":"Vista-Mar-Panama-Las-Olas-condo-for-sale-34-1024x682-1-150x150.jpg","width":150,"height":150,"mime-type":"image\/jpeg","filesize":4502,"url":"https:\/\/panama-equity-media.s3.amazonaws.com\/wp-content\/uploads\/2023\/04\/20221715\/Vista-Mar-Panama-Las-Olas-condo-for-sale-34-1024x682-1-150x150.jpg"},"medium_large":{"file":"Vista-Mar-Panama-Las-Olas-condo-for-sale-34-1024x682-1-768x512.jpg","width":768,"height":512,"mime-type":"image\/jpeg","filesize":45112,"url":"https:\/\/panama-equity-media.s3.amazonaws.com\/wp-content\/uploads\/2023\/04\/20221715\/Vista-Mar-Panama-Las-Olas-condo-for-sale-34-1024x682-1-768x512.jpg"},"post-thumbnail":{"file":"Vista-Mar-Panama-Las-Olas-condo-for-sale-34-1024x682-1-150x100.jpg","width":150,"height":100,"mime-type":"image\/jpeg","filesize":3698,"url":"https:\/\/panama-equity-media.s3.amazonaws.com\/wp-content\/uploads\/2023\/04\/20221715\/Vista-Mar-Panama-Las-Olas-condo-for-sale-34-1024x682-1-150x100.jpg"},"modern-property-child-slider":{"file":"Vista-Mar-Panama-Las-Olas-condo-for-sale-34-1024x682-1-680x510.jpg","width":680,"height":510,"mime-type":"image\/jpeg","filesize":39633,"url":"https:\/\/panama-equity-media.s3.amazonaws.com\/wp-content\/uploads\/2023\/04\/20221715\/Vista-Mar-Panama-Las-Olas-condo-for-sale-34-1024x682-1-680x510.jpg"},"property-thumb-image":{"file":"Vista-Mar-Panama-Las-Olas-condo-for-sale-34-1024x682-1-488x326.jpg","width":488,"height":326,"mime-type":"image\/jpeg","filesize":22333,"url":"https:\/\/panama-equity-media.s3.amazonaws.com\/wp-content\/uploads\/2023\/04\/20221715\/Vista-Mar-Panama-Las-Olas-condo-for-sale-34-1024x682-1-488x326.jpg"},"property-detail-video-image":{"file":"Vista-Mar-Panama-Las-Olas-condo-for-sale-34-1024x682-1-818x417.jpg","width":818,"height":417,"mime-type":"image\/jpeg","filesize":43117,"url":"https:\/\/panama-equity-media.s3.amazonaws.com\/wp-content\/uploads\/2023\/04\/20221715\/Vista-Mar-Panama-Las-Olas-condo-for-sale-34-1024x682-1-818x417.jpg"},"agent-image":{"file":"Vista-Mar-Panama-Las-Olas-condo-for-sale-34-1024x682-1-210x210.jpg","width":210,"height":210,"mime-type":"image\/jpeg","filesize":7660,"url":"https:\/\/panama-equity-media.s3.amazonaws.com\/wp-content\/uploads\/2023\/04\/20221715\/Vista-Mar-Panama-Las-Olas-condo-for-sale-34-1024x682-1-210x210.jpg"},"partners-logo":{"file":"Vista-Mar-Panama-Las-Olas-condo-for-sale-34-1024x682-1-600x682.jpg","width":600,"height":682,"mime-type":"image\/jpeg","filesize":44034,"url":"https:\/\/panama-equity-media.s3.amazonaws.com\/wp-content\/uploads\/2023\/04\/20221715\/Vista-Mar-Panama-Las-Olas-condo-for-sale-34-1024x682-1-600x682.jpg"},"gform-image-choice-sm":{"file":"Vista-Mar-Panama-Las-Olas-condo-for-sale-34-1024x682-1-300x300.jpg","width":300,"height":300,"mime-type":"image\/jpeg","filesize":13191,"url":"https:\/\/panama-equity-media.s3.amazonaws.com\/wp-content\/uploads\/2023\/04\/20221715\/Vista-Mar-Panama-Las-Olas-condo-for-sale-34-1024x682-1-300x300.jpg"},"gform-image-choice-md":{"file":"Vista-Mar-Panama-Las-Olas-condo-for-sale-34-1024x682-1-400x400.jpg","width":400,"height":400,"mime-type":"image\/jpeg","filesize":20431,"url":"https:\/\/panama-equity-media.s3.amazonaws.com\/wp-content\/uploads\/2023\/04\/20221715\/Vista-Mar-Panama-Las-Olas-condo-for-sale-34-1024x682-1-400x400.jpg"},"gform-image-choice-lg":{"file":"Vista-Mar-Panama-Las-Olas-condo-for-sale-34-1024x682-1-600x600.jpg","width":600,"height":600,"mime-type":"image\/jpeg","filesize":38934,"url":"https:\/\/panama-equity-media.s3.amazonaws.com\/wp-content\/uploads\/2023\/04\/20221715\/Vista-Mar-Panama-Las-Olas-condo-for-sale-34-1024x682-1-600x600.jpg"}},"image_meta":{"aperture":"0","credit":"","camera":"","caption":"","created_timestamp":"0","copyright":"","focal_length":"0","iso":"0","shutter_speed":"0","title":"","orientation":"0","keywords":[]},"ID":"111002","name":"Vista-Mar-Panama-Las-Olas-condo-for-sale-34-1024x682-1.jpg","path":"https:\/\/panama-equity-media.s3.amazonaws.com\/wp-content\/uploads\/2023\/04\/20221715\/Vista-Mar-Panama-Las-Olas-condo-for-sale-34-1024x682-1.jpg","url":"https:\/\/panama-equity-media.s3.amazonaws.com\/wp-content\/uploads\/2023\/04\/20221715\/Vista-Mar-Panama-Las-Olas-condo-for-sale-34-1024x682-1-150x150.jpg","full_url":"https:\/\/panama-equity-media.s3.amazonaws.com\/wp-content\/uploads\/2023\/04\/20221715\/Vista-Mar-Panama-Las-Olas-condo-for-sale-34-1024x682-1.jpg","title":"Vista-Mar-Panama-Las-Olas-condo-for-sale-34-1024x682","caption":"","description":"","alt":"Vista-Mar-Panama-Las-Olas-condo-for-sale","srcset":"https:\/\/panama-equity-media.s3.amazonaws.com\/wp-content\/uploads\/2023\/04\/20221715\/Vista-Mar-Panama-Las-Olas-condo-for-sale-34-1024x682-1-150x150.jpg 150w, https:\/\/panama-equity-media.s3.amazonaws.com\/wp-content\/uploads\/2023\/04\/20221715\/Vista-Mar-Panama-Las-Olas-condo-for-sale-34-1024x682-1-210x210.jpg 210w, https:\/\/panama-equity-media.s3.amazonaws.com\/wp-content\/uploads\/2023\/04\/20221715\/Vista-Mar-Panama-Las-Olas-condo-for-sale-34-1024x682-1-300x300.jpg 300w, https:\/\/panama-equity-media.s3.amazonaws.com\/wp-content\/uploads\/2023\/04\/20221715\/Vista-Mar-Panama-Las-Olas-condo-for-sale-34-1024x682-1-400x400.jpg 400w, https:\/\/panama-equity-media.s3.amazonaws.com\/wp-content\/uploads\/2023\/04\/20221715\/Vista-Mar-Panama-Las-Olas-condo-for-sale-34-1024x682-1-600x600.jpg 600w"},{"width":150,"height":150,"file":"2023\/04\/Vista-Mar-Panama-Las-Olas-condo-for-sale-38-1024x682-1.jpg","filesize":63670,"sizes":{"medium":{"file":"Vista-Mar-Panama-Las-Olas-condo-for-sale-38-1024x682-1-300x200.jpg","width":300,"height":200,"mime-type":"image\/jpeg","filesize":9982,"url":"https:\/\/panama-equity-media.s3.amazonaws.com\/wp-content\/uploads\/2023\/04\/20221713\/Vista-Mar-Panama-Las-Olas-condo-for-sale-38-1024x682-1-300x200.jpg"},"thumbnail":{"file":"Vista-Mar-Panama-Las-Olas-condo-for-sale-38-1024x682-1-150x150.jpg","width":150,"height":150,"mime-type":"image\/jpeg","filesize":4087,"url":"https:\/\/panama-equity-media.s3.amazonaws.com\/wp-content\/uploads\/2023\/04\/20221713\/Vista-Mar-Panama-Las-Olas-condo-for-sale-38-1024x682-1-150x150.jpg"},"medium_large":{"file":"Vista-Mar-Panama-Las-Olas-condo-for-sale-38-1024x682-1-768x512.jpg","width":768,"height":512,"mime-type":"image\/jpeg","filesize":51720,"url":"https:\/\/panama-equity-media.s3.amazonaws.com\/wp-content\/uploads\/2023\/04\/20221713\/Vista-Mar-Panama-Las-Olas-condo-for-sale-38-1024x682-1-768x512.jpg"},"post-thumbnail":{"file":"Vista-Mar-Panama-Las-Olas-condo-for-sale-38-1024x682-1-150x100.jpg","width":150,"height":100,"mime-type":"image\/jpeg","filesize":3301,"url":"https:\/\/panama-equity-media.s3.amazonaws.com\/wp-content\/uploads\/2023\/04\/20221713\/Vista-Mar-Panama-Las-Olas-condo-for-sale-38-1024x682-1-150x100.jpg"},"modern-property-child-slider":{"file":"Vista-Mar-Panama-Las-Olas-condo-for-sale-38-1024x682-1-680x510.jpg","width":680,"height":510,"mime-type":"image\/jpeg","filesize":44524,"url":"https:\/\/panama-equity-media.s3.amazonaws.com\/wp-content\/uploads\/2023\/04\/20221713\/Vista-Mar-Panama-Las-Olas-condo-for-sale-38-1024x682-1-680x510.jpg"},"property-thumb-image":{"file":"Vista-Mar-Panama-Las-Olas-condo-for-sale-38-1024x682-1-488x326.jpg","width":488,"height":326,"mime-type":"image\/jpeg","filesize":23582,"url":"https:\/\/panama-equity-media.s3.amazonaws.com\/wp-content\/uploads\/2023\/04\/20221713\/Vista-Mar-Panama-Las-Olas-condo-for-sale-38-1024x682-1-488x326.jpg"},"property-detail-video-image":{"file":"Vista-Mar-Panama-Las-Olas-condo-for-sale-38-1024x682-1-818x417.jpg","width":818,"height":417,"mime-type":"image\/jpeg","filesize":48021,"url":"https:\/\/panama-equity-media.s3.amazonaws.com\/wp-content\/uploads\/2023\/04\/20221713\/Vista-Mar-Panama-Las-Olas-condo-for-sale-38-1024x682-1-818x417.jpg"},"agent-image":{"file":"Vista-Mar-Panama-Las-Olas-condo-for-sale-38-1024x682-1-210x210.jpg","width":210,"height":210,"mime-type":"image\/jpeg","filesize":7350,"url":"https:\/\/panama-equity-media.s3.amazonaws.com\/wp-content\/uploads\/2023\/04\/20221713\/Vista-Mar-Panama-Las-Olas-condo-for-sale-38-1024x682-1-210x210.jpg"},"partners-logo":{"file":"Vista-Mar-Panama-Las-Olas-condo-for-sale-38-1024x682-1-600x682.jpg","width":600,"height":682,"mime-type":"image\/jpeg","filesize":48996,"url":"https:\/\/panama-equity-media.s3.amazonaws.com\/wp-content\/uploads\/2023\/04\/20221713\/Vista-Mar-Panama-Las-Olas-condo-for-sale-38-1024x682-1-600x682.jpg"},"gform-image-choice-sm":{"file":"Vista-Mar-Panama-Las-Olas-condo-for-sale-38-1024x682-1-300x300.jpg","width":300,"height":300,"mime-type":"image\/jpeg","filesize":13252,"url":"https:\/\/panama-equity-media.s3.amazonaws.com\/wp-content\/uploads\/2023\/04\/20221713\/Vista-Mar-Panama-Las-Olas-condo-for-sale-38-1024x682-1-300x300.jpg"},"gform-image-choice-md":{"file":"Vista-Mar-Panama-Las-Olas-condo-for-sale-38-1024x682-1-400x400.jpg","width":400,"height":400,"mime-type":"image\/jpeg","filesize":21249,"url":"https:\/\/panama-equity-media.s3.amazonaws.com\/wp-content\/uploads\/2023\/04\/20221713\/Vista-Mar-Panama-Las-Olas-condo-for-sale-38-1024x682-1-400x400.jpg"},"gform-image-choice-lg":{"file":"Vista-Mar-Panama-Las-Olas-condo-for-sale-38-1024x682-1-600x600.jpg","width":600,"height":600,"mime-type":"image\/jpeg","filesize":42526,"url":"https:\/\/panama-equity-media.s3.amazonaws.com\/wp-content\/uploads\/2023\/04\/20221713\/Vista-Mar-Panama-Las-Olas-condo-for-sale-38-1024x682-1-600x600.jpg"}},"image_meta":{"aperture":"0","credit":"","camera":"","caption":"","created_timestamp":"0","copyright":"","focal_length":"0","iso":"0","shutter_speed":"0","title":"","orientation":"0","keywords":[]},"ID":"111004","name":"Vista-Mar-Panama-Las-Olas-condo-for-sale-38-1024x682-1.jpg","path":"https:\/\/panama-equity-media.s3.amazonaws.com\/wp-content\/uploads\/2023\/04\/20221713\/Vista-Mar-Panama-Las-Olas-condo-for-sale-38-1024x682-1.jpg","url":"https:\/\/panama-equity-media.s3.amazonaws.com\/wp-content\/uploads\/2023\/04\/20221713\/Vista-Mar-Panama-Las-Olas-condo-for-sale-38-1024x682-1-150x150.jpg","full_url":"https:\/\/panama-equity-media.s3.amazonaws.com\/wp-content\/uploads\/2023\/04\/20221713\/Vista-Mar-Panama-Las-Olas-condo-for-sale-38-1024x682-1.jpg","title":"Vista-Mar-Panama-Las-Olas-condo-for-sale-38-1024x682","caption":"","description":"","alt":"Vista-Mar-Panama-Las-Olas-condo-for-sale","srcset":"https:\/\/panama-equity-media.s3.amazonaws.com\/wp-content\/uploads\/2023\/04\/20221713\/Vista-Mar-Panama-Las-Olas-condo-for-sale-38-1024x682-1-150x150.jpg 150w, https:\/\/panama-equity-media.s3.amazonaws.com\/wp-content\/uploads\/2023\/04\/20221713\/Vista-Mar-Panama-Las-Olas-condo-for-sale-38-1024x682-1-210x210.jpg 210w, https:\/\/panama-equity-media.s3.amazonaws.com\/wp-content\/uploads\/2023\/04\/20221713\/Vista-Mar-Panama-Las-Olas-condo-for-sale-38-1024x682-1-300x300.jpg 300w, https:\/\/panama-equity-media.s3.amazonaws.com\/wp-content\/uploads\/2023\/04\/20221713\/Vista-Mar-Panama-Las-Olas-condo-for-sale-38-1024x682-1-400x400.jpg 400w, https:\/\/panama-equity-media.s3.amazonaws.com\/wp-content\/uploads\/2023\/04\/20221713\/Vista-Mar-Panama-Las-Olas-condo-for-sale-38-1024x682-1-600x600.jpg 600w"}],"REAL_HOMES_change_gallery_slider_type":"0","REAL_HOMES_gallery_slider_type":"thumb-on-right","inspiry_floor_plans":[],"inspiry_video_group":[{"inspiry_video_group_image":["111010"],"inspiry_video_group_title":"Three Bedroom Condo for Rent","inspiry_video_group_url":"https:\/\/youtu.be\/Mq7l8YdLBZU"}],"REAL_HOMES_360_virtual_tour":"","REAL_HOMES_agent_display_option":"my_profile_info","REAL_HOMES_agents":[],"REAL_HOMES_energy_class":"none","REAL_HOMES_energy_performance":"","REAL_HOMES_epc_current_rating":"","REAL_HOMES_epc_potential_rating":"","ere_property_schedule_tour":"global","ere_property_schedule_time_slots":"","ere_property_schedule_description":"","REAL_HOMES_sticky":"0","inspiry_property_label":"","inspiry_property_label_color":"","inspiry_property_tax":"","inspiry_additional_fee":"","REAL_HOMES_attachments":[],"inspiry_property_owner_name":"","inspiry_property_owner_contact":"","inspiry_property_owner_address":"","REAL_HOMES_property_private_note":"","inspiry_message_to_reviewer":"","REAL_HOMES_add_in_slider":"","REAL_HOMES_slider_image":[],"REAL_HOMES_page_banner_image":[],"REAL_HOMES_hide_property_advance_search":"0","inspiry_furnished?":"Yes","inspiry_finca_number":"80457","inspiry_ownership":"SA","inspiry_exoneration_filed_until_year":"","inspiry_taxes_per_year":"","inspiry_registered_value":"","inspiry_contact_for_showing":"","inspiry_contact_name":"","inspiry_contact_phone_number":"","inspiry_do_we_have_the_keys?_":"","inspiry_mortgage":"","inspiry_cbe?":"","inspiry_guesthouse":"","inspiry_well_water":"","inspiry_electric_generator":"","inspiry_storage":"","inspiry_swimming_pool?":"","inspiry_amount_of_maintenance_fees?":"267","inspiry_when_was_the_last_assessment":"","inspiry_price_includes":"","inspiry_reason_for_selling?":"","inspiry_sales_commission":"5","inspiry_septic_tank_last_cleaned?":"","inspiry_lead_source":"PE.com","inspiry_pocket_listing?":"","inspiry_seller_will_accept_crypto_currencies?":"","inspiry_ca":"https:\/\/www.compreoalquile.com\/propiedades\/condominio-de-tres-habitaciones-en-alquiler-en-las-66683234.html","inspiry_e24":"https:\/\/www.encuentra24.com\/panama-es\/bienes-raices-alquiler-apartamentos\/condominio-de-tres-habitaciones-en-alquiler-en-las-olas\/24024651","inspiry_mls":"","inspiry__document_&_photo_link":"https:\/\/drive.google.com\/drive\/u\/1\/folders\/13G0y07do7DatsXUCz8-kvZpNEUSehop1","inspiry_name_of_the_building":"Las Olas l","inspiry_owners_email":"ste62vo@icloud.com","inspiry_owners_phone":"","inspiry_apartment_number":"3b","REAL_HOMES_custom_header_display":"default","REAL_HOMES_custom_header_position":"relative","REAL_HOMES_custom_footer_display":"default","REAL_HOMES_hide_advance_search":"0","REAL_HOMES_custom_search_form":"default","REAL_HOMES_search_form_margin_top":"","REAL_HOMES_search_form_margin_bottom":""},"publishpress_future_action":{"enabled":false,"date":"2026-05-06 04:55:39","action":"change-status","newStatus":"draft","terms":[],"taxonomy":"property-feature","extraData":[]},"publishpress_future_workflow_manual_trigger":{"enabledWorkflows":[]},"_links":{"self":[{"href":"https:\/\/www.panamaequity.com\/es\/wp-json\/wp\/v2\/listings\/111015","targetHints":{"allow":["GET"]}}],"collection":[{"href":"https:\/\/www.panamaequity.com\/es\/wp-json\/wp\/v2\/listings"}],"about":[{"href":"https:\/\/www.panamaequity.com\/es\/wp-json\/wp\/v2\/types\/property"}],"author":[{"embeddable":true,"href":"https:\/\/www.panamaequity.com\/es\/wp-json\/wp\/v2\/users\/21143"}],"replies":[{"embeddable":true,"href":"https:\/\/www.panamaequity.com\/es\/wp-json\/wp\/v2\/comments?post=111015"}],"version-history":[{"count":0,"href":"https:\/\/www.panamaequity.com\/es\/wp-json\/wp\/v2\/listings\/111015\/revisions"}],"wp:featuredmedia":[{"embeddable":true,"href":"https:\/\/www.panamaequity.com\/es\/wp-json\/wp\/v2\/media\/115332"}],"wp:attachment":[{"href":"https:\/\/www.panamaequity.com\/es\/wp-json\/wp\/v2\/media?parent=111015"}],"wp:term":[{"taxonomy":"property-feature","embeddable":true,"href":"https:\/\/www.panamaequity.com\/es\/wp-json\/wp\/v2\/property-feature?post=111015"},{"taxonomy":"property-type","embeddable":true,"href":"https:\/\/www.panamaequity.com\/es\/wp-json\/wp\/v2\/property-type?post=111015"},{"taxonomy":"property-city","embeddable":true,"href":"https:\/\/www.panamaequity.com\/es\/wp-json\/wp\/v2\/property-city?post=111015"},{"taxonomy":"property-status","embeddable":true,"href":"https:\/\/www.panamaequity.com\/es\/wp-json\/wp\/v2\/property-status?post=111015"}],"curies":[{"name":"wp","href":"https:\/\/api.w.org\/{rel}","templated":true}]}}