{"id":135799,"date":"2024-07-11T09:31:49","date_gmt":"2024-07-11T14:31:49","guid":{"rendered":"https:\/\/www.panamaequity.com\/listings\/amplio-apartamento-en-vista-mar-en-venta-el-apartamento-de-sus-suenos-lo-espera\/"},"modified":"2025-10-06T16:37:00","modified_gmt":"2025-10-06T21:37:00","slug":"amplio-apartamento-en-vista-mar-en-venta-el-apartamento-de-sus-suenos-lo-espera","status":"publish","type":"property","link":"https:\/\/www.panamaequity.com\/es\/listings\/amplio-apartamento-en-vista-mar-en-venta-el-apartamento-de-sus-suenos-lo-espera\/","title":{"rendered":"Amplio Apartamento en Vista Mar en Venta: \u00a1El Apartamento de sus Sue\u00f1os lo Espera!"},"content":{"rendered":"\n<p>\u00a1Bienvenido a este hermoso apartamento en la playa de Panam\u00e1 en venta en Las Olas I, una de las residencias de playa m\u00e1s populares en Vista Mar!<\/p>\n\n\n\n<p>El ascensor ofrece entrada privada con puertas dobles que conducen a una cocina abierta y sala de estar.<\/p>\n\n\n\n<blockquote class=\"wp-block-quote is-layout-flow wp-block-quote-is-layout-flow\">\n<p>Los ventanales y las puertas que dan al patio dan al gran balc\u00f3n con vistas al campo de golf y al Oc\u00e9ano Pac\u00edfico.<\/p>\n<\/blockquote>\n\n\n\n<p>El apartamento tiene un plano de planta abierto. La cocina est\u00e1 totalmente equipada, con isla, despensa, electrodom\u00e9sticos y puerta que da al balc\u00f3n en forma de L.<\/p>\n\n\n\n<p>Este hermoso apartamento de 313m2 en Las Olas Tower II tiene un precio muy por debajo del valor de mercado y se parece a las fotos.<\/p>\n\n\n\n<p>Al ingresar al dormitorio principal, encontrar\u00e1 el ba\u00f1o privado con doble lavabo, ducha y ba\u00f1era. Tambi\u00e9n disfrutar\u00e1 del vestidor doble, el almacenamiento incorporado y el balc\u00f3n privado.<\/p>\n\n\n\n<p>El resto de dormitorios tienen ba\u00f1o y cuentan con armario empotrado y algunos muebles.<\/p>\n\n\n\n<p>El apartamento tambi\u00e9n cuenta con un amplio cuarto de lavado y dos estacionamientos. \u00a1Todo el edificio tiene generador para que siempre tengas internet!<\/p>\n\n\n\n<p>En el mismo plano, pero fuera del apartamento, encontrar\u00e1 una conveniente habitaci\u00f3n de servicio y un ba\u00f1o.<\/p>\n\n\n\n<p>Vendedor motivada!<\/p>\n\n\n\n<p><strong>Vista Mar<\/strong><\/p>\n\n\n\n<p>A poco m\u00e1s de una hora de la <a href=\"https:\/\/www.panamaequity.com\/es\/property-type\/ciudad\/\">Ciudad de Panam\u00e1<\/a>, <a href=\"https:\/\/www.panamaequity.com\/es\/propiedad-ciudad-es\/vista-mar-es\/\">Vista Mar<\/a> se ha convertido r\u00e1pidamente en una de las comunidades cerradas m\u00e1s solicitadas en Panam\u00e1. El <a href=\"https:\/\/www.myguidepanama.com\/things-to-do\/vista-mar-golf--beach-resort\" target=\"_blank\" rel=\"noopener\">campo de golf de 18 hoyos<\/a> es un desaf\u00edo para golfistas de todos los niveles. niveles. Vista Mar Marina tiene acceso directo al Oc\u00e9ano Pac\u00edfico y hay amarres disponibles para alquilar.<\/p>\n\n\n\n<p>\u00a1Llame hoy para programar su recorrido por este incre\u00edble condominio y Vista Mar!<\/p>\n\n\n\n<p><a href=\"https:\/\/www.panamaequity.com\/es\/edificios-en-panama\/vista-mar\/\">Para obtener m\u00e1s informaci\u00f3n sobre Vista Mar Panam\u00e1, haga clic aqu\u00ed.<\/a><\/p>\n","protected":false},"excerpt":{"rendered":"<p>\u00a1Bienvenido a este hermoso apartamento en la playa de Panam\u00e1 en venta en Las Olas I, una de las residencias de playa m\u00e1s populares en Vista Mar! El ascensor ofrece entrada privada con puertas dobles que conducen a una cocina abierta y sala de estar. Los ventanales y las puertas que dan al patio dan&#8230;<\/p>\n","protected":false},"author":21143,"featured_media":135589,"parent":0,"menu_order":0,"comment_status":"open","ping_status":"closed","template":"","property-feature":[995,1256],"property-type":[649,329],"property-city":[708,424,430],"property-status":[325],"class_list":["post-135799","property","type-property","status-publish","has-post-thumbnail","hentry","property-feature-edificios","property-feature-torre-las-olas-l","property-type-apartamentos","property-type-playa","property-city-playas-del-pacifico","property-city-san-carlos-es","property-city-vista-mar-es","property-status-comprar-es"],"property_meta":{"REAL_HOMES_property_price":"390000","REAL_HOMES_property_old_price":"","REAL_HOMES_property_price_prefix":"","REAL_HOMES_property_price_postfix":"","REAL_HOMES_property_size":"305","REAL_HOMES_property_size_postfix":"m2","REAL_HOMES_property_lot_size":"","REAL_HOMES_property_lot_size_postfix":"","REAL_HOMES_property_bedrooms":"3","REAL_HOMES_property_bathrooms":"3.5","REAL_HOMES_property_garage":"2","REAL_HOMES_property_id":"","REAL_HOMES_property_year_built":"2007","REAL_HOMES_featured":"","REAL_HOMES_additional_details_list":[],"REAL_HOMES_property_location":{"latitude":"8.49811575","longitude":"-79.9557081812","zoom":"14"},"REAL_HOMES_property_address":"Vista Mar, Boulevard Vista Mar, Distrito San Carlos, Panam\u00e1 Oeste, Panama","REAL_HOMES_property_map":"1","REAL_HOMES_property_images":[{"width":150,"height":150,"file":"2024\/07\/Large-unit-Vista-Mar-Las-Olas-I-For-Sale-31-scaled.jpg","filesize":533166,"sizes":{"medium":{"file":"Large-unit-Vista-Mar-Las-Olas-I-For-Sale-31-300x169.jpg","width":300,"height":169,"mime-type":"image\/jpeg","filesize":36045,"url":"https:\/\/panama-equity-media.s3.amazonaws.com\/wp-content\/uploads\/2024\/07\/20190815\/Large-unit-Vista-Mar-Las-Olas-I-For-Sale-31-300x169.jpg"},"large":{"file":"Large-unit-Vista-Mar-Las-Olas-I-For-Sale-31-1024x576.jpg","width":1024,"height":576,"mime-type":"image\/jpeg","filesize":120099,"url":"https:\/\/panama-equity-media.s3.amazonaws.com\/wp-content\/uploads\/2024\/07\/20190815\/Large-unit-Vista-Mar-Las-Olas-I-For-Sale-31-1024x576.jpg"},"thumbnail":{"file":"Large-unit-Vista-Mar-Las-Olas-I-For-Sale-31-150x150.jpg","width":150,"height":150,"mime-type":"image\/jpeg","filesize":30111,"url":"https:\/\/panama-equity-media.s3.amazonaws.com\/wp-content\/uploads\/2024\/07\/20190815\/Large-unit-Vista-Mar-Las-Olas-I-For-Sale-31-150x150.jpg"},"medium_large":{"file":"Large-unit-Vista-Mar-Las-Olas-I-For-Sale-31-768x432.jpg","width":768,"height":432,"mime-type":"image\/jpeg","filesize":81666,"url":"https:\/\/panama-equity-media.s3.amazonaws.com\/wp-content\/uploads\/2024\/07\/20190815\/Large-unit-Vista-Mar-Las-Olas-I-For-Sale-31-768x432.jpg"},"1536x1536":{"file":"Large-unit-Vista-Mar-Las-Olas-I-For-Sale-31-1536x864.jpg","width":1536,"height":864,"mime-type":"image\/jpeg","filesize":222385,"url":"https:\/\/panama-equity-media.s3.amazonaws.com\/wp-content\/uploads\/2024\/07\/20190815\/Large-unit-Vista-Mar-Las-Olas-I-For-Sale-31-1536x864.jpg"},"2048x2048":{"file":"Large-unit-Vista-Mar-Las-Olas-I-For-Sale-31-2048x1152.jpg","width":2048,"height":1152,"mime-type":"image\/jpeg","filesize":360326,"url":"https:\/\/panama-equity-media.s3.amazonaws.com\/wp-content\/uploads\/2024\/07\/20190815\/Large-unit-Vista-Mar-Las-Olas-I-For-Sale-31-2048x1152.jpg"},"post-thumbnail":{"file":"Large-unit-Vista-Mar-Las-Olas-I-For-Sale-31-150x84.jpg","width":150,"height":84,"mime-type":"image\/jpeg","filesize":28436,"url":"https:\/\/panama-equity-media.s3.amazonaws.com\/wp-content\/uploads\/2024\/07\/20190815\/Large-unit-Vista-Mar-Las-Olas-I-For-Sale-31-150x84.jpg"},"modern-property-child-slider":{"file":"Large-unit-Vista-Mar-Las-Olas-I-For-Sale-31-680x510.jpg","width":680,"height":510,"mime-type":"image\/jpeg","filesize":82955,"url":"https:\/\/panama-equity-media.s3.amazonaws.com\/wp-content\/uploads\/2024\/07\/20190815\/Large-unit-Vista-Mar-Las-Olas-I-For-Sale-31-680x510.jpg"},"property-thumb-image":{"file":"Large-unit-Vista-Mar-Las-Olas-I-For-Sale-31-488x326.jpg","width":488,"height":326,"mime-type":"image\/jpeg","filesize":54230,"url":"https:\/\/panama-equity-media.s3.amazonaws.com\/wp-content\/uploads\/2024\/07\/20190815\/Large-unit-Vista-Mar-Las-Olas-I-For-Sale-31-488x326.jpg"},"property-detail-video-image":{"file":"Large-unit-Vista-Mar-Las-Olas-I-For-Sale-31-818x417.jpg","width":818,"height":417,"mime-type":"image\/jpeg","filesize":84748,"url":"https:\/\/panama-equity-media.s3.amazonaws.com\/wp-content\/uploads\/2024\/07\/20190815\/Large-unit-Vista-Mar-Las-Olas-I-For-Sale-31-818x417.jpg"},"agent-image":{"file":"Large-unit-Vista-Mar-Las-Olas-I-For-Sale-31-210x210.jpg","width":210,"height":210,"mime-type":"image\/jpeg","filesize":34279,"url":"https:\/\/panama-equity-media.s3.amazonaws.com\/wp-content\/uploads\/2024\/07\/20190815\/Large-unit-Vista-Mar-Las-Olas-I-For-Sale-31-210x210.jpg"},"post-featured-image":{"file":"Large-unit-Vista-Mar-Las-Olas-I-For-Sale-31-1240x720.jpg","width":1240,"height":720,"mime-type":"image\/jpeg","filesize":163182,"url":"https:\/\/panama-equity-media.s3.amazonaws.com\/wp-content\/uploads\/2024\/07\/20190815\/Large-unit-Vista-Mar-Las-Olas-I-For-Sale-31-1240x720.jpg"},"gform-image-choice-sm":{"file":"Large-unit-Vista-Mar-Las-Olas-I-For-Sale-31-300x300.jpg","width":300,"height":300,"mime-type":"image\/jpeg","filesize":42297,"url":"https:\/\/panama-equity-media.s3.amazonaws.com\/wp-content\/uploads\/2024\/07\/20190815\/Large-unit-Vista-Mar-Las-Olas-I-For-Sale-31-300x300.jpg"},"gform-image-choice-md":{"file":"Large-unit-Vista-Mar-Las-Olas-I-For-Sale-31-400x400.jpg","width":400,"height":400,"mime-type":"image\/jpeg","filesize":53370,"url":"https:\/\/panama-equity-media.s3.amazonaws.com\/wp-content\/uploads\/2024\/07\/20190815\/Large-unit-Vista-Mar-Las-Olas-I-For-Sale-31-400x400.jpg"},"gform-image-choice-lg":{"file":"Large-unit-Vista-Mar-Las-Olas-I-For-Sale-31-600x600.jpg","width":600,"height":600,"mime-type":"image\/jpeg","filesize":83842,"url":"https:\/\/panama-equity-media.s3.amazonaws.com\/wp-content\/uploads\/2024\/07\/20190815\/Large-unit-Vista-Mar-Las-Olas-I-For-Sale-31-600x600.jpg"}},"image_meta":{"aperture":"8","credit":"","camera":"ILCE-6400","caption":"","created_timestamp":"1720544302","copyright":"","focal_length":"16","iso":"160","shutter_speed":"0.0025","title":"","orientation":"0","keywords":[]},"original_image":"Large-unit-Vista-Mar-Las-Olas-I-For-Sale-31.jpg","ID":"135647","name":"Large-unit-Vista-Mar-Las-Olas-I-For-Sale-31-scaled.jpg","path":"https:\/\/panama-equity-media.s3.amazonaws.com\/wp-content\/uploads\/2024\/07\/20190815\/Large-unit-Vista-Mar-Las-Olas-I-For-Sale-31-scaled.jpg","url":"https:\/\/panama-equity-media.s3.amazonaws.com\/wp-content\/uploads\/2024\/07\/20190815\/Large-unit-Vista-Mar-Las-Olas-I-For-Sale-31-150x150.jpg","full_url":"https:\/\/panama-equity-media.s3.amazonaws.com\/wp-content\/uploads\/2024\/07\/20190815\/Large-unit-Vista-Mar-Las-Olas-I-For-Sale-31-scaled.jpg","title":"Vista Mar Las Olas I  Panama condo for Sale","caption":"","description":"","alt":"Vista Mar Las Olas I Panama condo for Sale","srcset":"https:\/\/panama-equity-media.s3.amazonaws.com\/wp-content\/uploads\/2024\/07\/20190815\/Large-unit-Vista-Mar-Las-Olas-I-For-Sale-31-150x150.jpg 150w, https:\/\/panama-equity-media.s3.amazonaws.com\/wp-content\/uploads\/2024\/07\/20190815\/Large-unit-Vista-Mar-Las-Olas-I-For-Sale-31-210x210.jpg 210w, https:\/\/panama-equity-media.s3.amazonaws.com\/wp-content\/uploads\/2024\/07\/20190815\/Large-unit-Vista-Mar-Las-Olas-I-For-Sale-31-scaled.jpg 300w, https:\/\/panama-equity-media.s3.amazonaws.com\/wp-content\/uploads\/2024\/07\/20190815\/Large-unit-Vista-Mar-Las-Olas-I-For-Sale-31-scaled.jpg 400w, https:\/\/panama-equity-media.s3.amazonaws.com\/wp-content\/uploads\/2024\/07\/20190815\/Large-unit-Vista-Mar-Las-Olas-I-For-Sale-31-scaled.jpg 600w"},{"width":150,"height":150,"file":"2024\/07\/Large-unit-Vista-Mar-Las-Olas-I-For-Sale-27-scaled.jpg","filesize":349529,"sizes":{"medium":{"file":"Large-unit-Vista-Mar-Las-Olas-I-For-Sale-27-300x169.jpg","width":300,"height":169,"mime-type":"image\/jpeg","filesize":33628,"url":"https:\/\/panama-equity-media.s3.amazonaws.com\/wp-content\/uploads\/2024\/07\/20190831\/Large-unit-Vista-Mar-Las-Olas-I-For-Sale-27-300x169.jpg"},"large":{"file":"Large-unit-Vista-Mar-Las-Olas-I-For-Sale-27-1024x576.jpg","width":1024,"height":576,"mime-type":"image\/jpeg","filesize":90054,"url":"https:\/\/panama-equity-media.s3.amazonaws.com\/wp-content\/uploads\/2024\/07\/20190831\/Large-unit-Vista-Mar-Las-Olas-I-For-Sale-27-1024x576.jpg"},"thumbnail":{"file":"Large-unit-Vista-Mar-Las-Olas-I-For-Sale-27-150x150.jpg","width":150,"height":150,"mime-type":"image\/jpeg","filesize":28173,"url":"https:\/\/panama-equity-media.s3.amazonaws.com\/wp-content\/uploads\/2024\/07\/20190831\/Large-unit-Vista-Mar-Las-Olas-I-For-Sale-27-150x150.jpg"},"medium_large":{"file":"Large-unit-Vista-Mar-Las-Olas-I-For-Sale-27-768x432.jpg","width":768,"height":432,"mime-type":"image\/jpeg","filesize":65806,"url":"https:\/\/panama-equity-media.s3.amazonaws.com\/wp-content\/uploads\/2024\/07\/20190831\/Large-unit-Vista-Mar-Las-Olas-I-For-Sale-27-768x432.jpg"},"1536x1536":{"file":"Large-unit-Vista-Mar-Las-Olas-I-For-Sale-27-1536x864.jpg","width":1536,"height":864,"mime-type":"image\/jpeg","filesize":154040,"url":"https:\/\/panama-equity-media.s3.amazonaws.com\/wp-content\/uploads\/2024\/07\/20190831\/Large-unit-Vista-Mar-Las-Olas-I-For-Sale-27-1536x864.jpg"},"2048x2048":{"file":"Large-unit-Vista-Mar-Las-Olas-I-For-Sale-27-2048x1152.jpg","width":2048,"height":1152,"mime-type":"image\/jpeg","filesize":238253,"url":"https:\/\/panama-equity-media.s3.amazonaws.com\/wp-content\/uploads\/2024\/07\/20190831\/Large-unit-Vista-Mar-Las-Olas-I-For-Sale-27-2048x1152.jpg"},"post-thumbnail":{"file":"Large-unit-Vista-Mar-Las-Olas-I-For-Sale-27-150x84.jpg","width":150,"height":84,"mime-type":"image\/jpeg","filesize":27286,"url":"https:\/\/panama-equity-media.s3.amazonaws.com\/wp-content\/uploads\/2024\/07\/20190831\/Large-unit-Vista-Mar-Las-Olas-I-For-Sale-27-150x84.jpg"},"modern-property-child-slider":{"file":"Large-unit-Vista-Mar-Las-Olas-I-For-Sale-27-680x510.jpg","width":680,"height":510,"mime-type":"image\/jpeg","filesize":64383,"url":"https:\/\/panama-equity-media.s3.amazonaws.com\/wp-content\/uploads\/2024\/07\/20190831\/Large-unit-Vista-Mar-Las-Olas-I-For-Sale-27-680x510.jpg"},"property-thumb-image":{"file":"Large-unit-Vista-Mar-Las-Olas-I-For-Sale-27-488x326.jpg","width":488,"height":326,"mime-type":"image\/jpeg","filesize":46392,"url":"https:\/\/panama-equity-media.s3.amazonaws.com\/wp-content\/uploads\/2024\/07\/20190831\/Large-unit-Vista-Mar-Las-Olas-I-For-Sale-27-488x326.jpg"},"property-detail-video-image":{"file":"Large-unit-Vista-Mar-Las-Olas-I-For-Sale-27-818x417.jpg","width":818,"height":417,"mime-type":"image\/jpeg","filesize":67967,"url":"https:\/\/panama-equity-media.s3.amazonaws.com\/wp-content\/uploads\/2024\/07\/20190831\/Large-unit-Vista-Mar-Las-Olas-I-For-Sale-27-818x417.jpg"},"agent-image":{"file":"Large-unit-Vista-Mar-Las-Olas-I-For-Sale-27-210x210.jpg","width":210,"height":210,"mime-type":"image\/jpeg","filesize":31038,"url":"https:\/\/panama-equity-media.s3.amazonaws.com\/wp-content\/uploads\/2024\/07\/20190831\/Large-unit-Vista-Mar-Las-Olas-I-For-Sale-27-210x210.jpg"},"post-featured-image":{"file":"Large-unit-Vista-Mar-Las-Olas-I-For-Sale-27-1240x720.jpg","width":1240,"height":720,"mime-type":"image\/jpeg","filesize":116154,"url":"https:\/\/panama-equity-media.s3.amazonaws.com\/wp-content\/uploads\/2024\/07\/20190831\/Large-unit-Vista-Mar-Las-Olas-I-For-Sale-27-1240x720.jpg"},"gform-image-choice-sm":{"file":"Large-unit-Vista-Mar-Las-Olas-I-For-Sale-27-300x300.jpg","width":300,"height":300,"mime-type":"image\/jpeg","filesize":36055,"url":"https:\/\/panama-equity-media.s3.amazonaws.com\/wp-content\/uploads\/2024\/07\/20190831\/Large-unit-Vista-Mar-Las-Olas-I-For-Sale-27-300x300.jpg"},"gform-image-choice-md":{"file":"Large-unit-Vista-Mar-Las-Olas-I-For-Sale-27-400x400.jpg","width":400,"height":400,"mime-type":"image\/jpeg","filesize":42857,"url":"https:\/\/panama-equity-media.s3.amazonaws.com\/wp-content\/uploads\/2024\/07\/20190831\/Large-unit-Vista-Mar-Las-Olas-I-For-Sale-27-400x400.jpg"},"gform-image-choice-lg":{"file":"Large-unit-Vista-Mar-Las-Olas-I-For-Sale-27-600x600.jpg","width":600,"height":600,"mime-type":"image\/jpeg","filesize":60408,"url":"https:\/\/panama-equity-media.s3.amazonaws.com\/wp-content\/uploads\/2024\/07\/20190831\/Large-unit-Vista-Mar-Las-Olas-I-For-Sale-27-600x600.jpg"}},"image_meta":{"aperture":"5.6","credit":"","camera":"ILCE-6400","caption":"","created_timestamp":"1720544199","copyright":"","focal_length":"16","iso":"500","shutter_speed":"0.00625","title":"","orientation":"0","keywords":[]},"original_image":"Large-unit-Vista-Mar-Las-Olas-I-For-Sale-27.jpg","ID":"135633","name":"Large-unit-Vista-Mar-Las-Olas-I-For-Sale-27-scaled.jpg","path":"https:\/\/panama-equity-media.s3.amazonaws.com\/wp-content\/uploads\/2024\/07\/20190831\/Large-unit-Vista-Mar-Las-Olas-I-For-Sale-27-scaled.jpg","url":"https:\/\/panama-equity-media.s3.amazonaws.com\/wp-content\/uploads\/2024\/07\/20190831\/Large-unit-Vista-Mar-Las-Olas-I-For-Sale-27-150x150.jpg","full_url":"https:\/\/panama-equity-media.s3.amazonaws.com\/wp-content\/uploads\/2024\/07\/20190831\/Large-unit-Vista-Mar-Las-Olas-I-For-Sale-27-scaled.jpg","title":"Vista Mar Las Olas I  Panama condo for Sale","caption":"","description":"","alt":"Vista Mar Las Olas I Panama condo for Sale","srcset":"https:\/\/panama-equity-media.s3.amazonaws.com\/wp-content\/uploads\/2024\/07\/20190831\/Large-unit-Vista-Mar-Las-Olas-I-For-Sale-27-150x150.jpg 150w, https:\/\/panama-equity-media.s3.amazonaws.com\/wp-content\/uploads\/2024\/07\/20190831\/Large-unit-Vista-Mar-Las-Olas-I-For-Sale-27-210x210.jpg 210w, https:\/\/panama-equity-media.s3.amazonaws.com\/wp-content\/uploads\/2024\/07\/20190831\/Large-unit-Vista-Mar-Las-Olas-I-For-Sale-27-scaled.jpg 300w, https:\/\/panama-equity-media.s3.amazonaws.com\/wp-content\/uploads\/2024\/07\/20190831\/Large-unit-Vista-Mar-Las-Olas-I-For-Sale-27-scaled.jpg 400w, https:\/\/panama-equity-media.s3.amazonaws.com\/wp-content\/uploads\/2024\/07\/20190831\/Large-unit-Vista-Mar-Las-Olas-I-For-Sale-27-scaled.jpg 600w"},{"width":150,"height":150,"file":"2024\/07\/Large-unit-Vista-Mar-Las-Olas-I-For-Sale-3-scaled.jpg","filesize":338884,"sizes":{"medium":{"file":"Large-unit-Vista-Mar-Las-Olas-I-For-Sale-3-300x169.jpg","width":300,"height":169,"mime-type":"image\/jpeg","filesize":32375,"url":"https:\/\/panama-equity-media.s3.amazonaws.com\/wp-content\/uploads\/2024\/07\/20190917\/Large-unit-Vista-Mar-Las-Olas-I-For-Sale-3-300x169.jpg"},"large":{"file":"Large-unit-Vista-Mar-Las-Olas-I-For-Sale-3-1024x576.jpg","width":1024,"height":576,"mime-type":"image\/jpeg","filesize":85633,"url":"https:\/\/panama-equity-media.s3.amazonaws.com\/wp-content\/uploads\/2024\/07\/20190917\/Large-unit-Vista-Mar-Las-Olas-I-For-Sale-3-1024x576.jpg"},"thumbnail":{"file":"Large-unit-Vista-Mar-Las-Olas-I-For-Sale-3-150x150.jpg","width":150,"height":150,"mime-type":"image\/jpeg","filesize":28083,"url":"https:\/\/panama-equity-media.s3.amazonaws.com\/wp-content\/uploads\/2024\/07\/20190917\/Large-unit-Vista-Mar-Las-Olas-I-For-Sale-3-150x150.jpg"},"medium_large":{"file":"Large-unit-Vista-Mar-Las-Olas-I-For-Sale-3-768x432.jpg","width":768,"height":432,"mime-type":"image\/jpeg","filesize":62158,"url":"https:\/\/panama-equity-media.s3.amazonaws.com\/wp-content\/uploads\/2024\/07\/20190917\/Large-unit-Vista-Mar-Las-Olas-I-For-Sale-3-768x432.jpg"},"1536x1536":{"file":"Large-unit-Vista-Mar-Las-Olas-I-For-Sale-3-1536x864.jpg","width":1536,"height":864,"mime-type":"image\/jpeg","filesize":146849,"url":"https:\/\/panama-equity-media.s3.amazonaws.com\/wp-content\/uploads\/2024\/07\/20190917\/Large-unit-Vista-Mar-Las-Olas-I-For-Sale-3-1536x864.jpg"},"2048x2048":{"file":"Large-unit-Vista-Mar-Las-Olas-I-For-Sale-3-2048x1152.jpg","width":2048,"height":1152,"mime-type":"image\/jpeg","filesize":228624,"url":"https:\/\/panama-equity-media.s3.amazonaws.com\/wp-content\/uploads\/2024\/07\/20190917\/Large-unit-Vista-Mar-Las-Olas-I-For-Sale-3-2048x1152.jpg"},"post-thumbnail":{"file":"Large-unit-Vista-Mar-Las-Olas-I-For-Sale-3-150x84.jpg","width":150,"height":84,"mime-type":"image\/jpeg","filesize":26427,"url":"https:\/\/panama-equity-media.s3.amazonaws.com\/wp-content\/uploads\/2024\/07\/20190917\/Large-unit-Vista-Mar-Las-Olas-I-For-Sale-3-150x84.jpg"},"modern-property-child-slider":{"file":"Large-unit-Vista-Mar-Las-Olas-I-For-Sale-3-680x510.jpg","width":680,"height":510,"mime-type":"image\/jpeg","filesize":63615,"url":"https:\/\/panama-equity-media.s3.amazonaws.com\/wp-content\/uploads\/2024\/07\/20190917\/Large-unit-Vista-Mar-Las-Olas-I-For-Sale-3-680x510.jpg"},"property-thumb-image":{"file":"Large-unit-Vista-Mar-Las-Olas-I-For-Sale-3-488x326.jpg","width":488,"height":326,"mime-type":"image\/jpeg","filesize":45303,"url":"https:\/\/panama-equity-media.s3.amazonaws.com\/wp-content\/uploads\/2024\/07\/20190917\/Large-unit-Vista-Mar-Las-Olas-I-For-Sale-3-488x326.jpg"},"property-detail-video-image":{"file":"Large-unit-Vista-Mar-Las-Olas-I-For-Sale-3-818x417.jpg","width":818,"height":417,"mime-type":"image\/jpeg","filesize":63969,"url":"https:\/\/panama-equity-media.s3.amazonaws.com\/wp-content\/uploads\/2024\/07\/20190917\/Large-unit-Vista-Mar-Las-Olas-I-For-Sale-3-818x417.jpg"},"agent-image":{"file":"Large-unit-Vista-Mar-Las-Olas-I-For-Sale-3-210x210.jpg","width":210,"height":210,"mime-type":"image\/jpeg","filesize":31342,"url":"https:\/\/panama-equity-media.s3.amazonaws.com\/wp-content\/uploads\/2024\/07\/20190917\/Large-unit-Vista-Mar-Las-Olas-I-For-Sale-3-210x210.jpg"},"post-featured-image":{"file":"Large-unit-Vista-Mar-Las-Olas-I-For-Sale-3-1240x720.jpg","width":1240,"height":720,"mime-type":"image\/jpeg","filesize":111559,"url":"https:\/\/panama-equity-media.s3.amazonaws.com\/wp-content\/uploads\/2024\/07\/20190917\/Large-unit-Vista-Mar-Las-Olas-I-For-Sale-3-1240x720.jpg"},"gform-image-choice-sm":{"file":"Large-unit-Vista-Mar-Las-Olas-I-For-Sale-3-300x300.jpg","width":300,"height":300,"mime-type":"image\/jpeg","filesize":37421,"url":"https:\/\/panama-equity-media.s3.amazonaws.com\/wp-content\/uploads\/2024\/07\/20190917\/Large-unit-Vista-Mar-Las-Olas-I-For-Sale-3-300x300.jpg"},"gform-image-choice-md":{"file":"Large-unit-Vista-Mar-Las-Olas-I-For-Sale-3-400x400.jpg","width":400,"height":400,"mime-type":"image\/jpeg","filesize":45714,"url":"https:\/\/panama-equity-media.s3.amazonaws.com\/wp-content\/uploads\/2024\/07\/20190917\/Large-unit-Vista-Mar-Las-Olas-I-For-Sale-3-400x400.jpg"},"gform-image-choice-lg":{"file":"Large-unit-Vista-Mar-Las-Olas-I-For-Sale-3-600x600.jpg","width":600,"height":600,"mime-type":"image\/jpeg","filesize":66481,"url":"https:\/\/panama-equity-media.s3.amazonaws.com\/wp-content\/uploads\/2024\/07\/20190917\/Large-unit-Vista-Mar-Las-Olas-I-For-Sale-3-600x600.jpg"}},"image_meta":{"aperture":"5.6","credit":"","camera":"ILCE-6400","caption":"","created_timestamp":"1720543229","copyright":"","focal_length":"16","iso":"500","shutter_speed":"0.008","title":"","orientation":"0","keywords":[]},"original_image":"Large-unit-Vista-Mar-Las-Olas-I-For-Sale-3.jpg","ID":"135589","name":"Large-unit-Vista-Mar-Las-Olas-I-For-Sale-3-scaled.jpg","path":"https:\/\/panama-equity-media.s3.amazonaws.com\/wp-content\/uploads\/2024\/07\/20190917\/Large-unit-Vista-Mar-Las-Olas-I-For-Sale-3-scaled.jpg","url":"https:\/\/panama-equity-media.s3.amazonaws.com\/wp-content\/uploads\/2024\/07\/20190917\/Large-unit-Vista-Mar-Las-Olas-I-For-Sale-3-150x150.jpg","full_url":"https:\/\/panama-equity-media.s3.amazonaws.com\/wp-content\/uploads\/2024\/07\/20190917\/Large-unit-Vista-Mar-Las-Olas-I-For-Sale-3-scaled.jpg","title":"Vista Mar Las Olas I  Panama condo for Sale","caption":"","description":"","alt":"Vista Mar Las Olas I Panama condo for Sale","srcset":"https:\/\/panama-equity-media.s3.amazonaws.com\/wp-content\/uploads\/2024\/07\/20190917\/Large-unit-Vista-Mar-Las-Olas-I-For-Sale-3-150x150.jpg 150w, https:\/\/panama-equity-media.s3.amazonaws.com\/wp-content\/uploads\/2024\/07\/20190917\/Large-unit-Vista-Mar-Las-Olas-I-For-Sale-3-210x210.jpg 210w, https:\/\/panama-equity-media.s3.amazonaws.com\/wp-content\/uploads\/2024\/07\/20190917\/Large-unit-Vista-Mar-Las-Olas-I-For-Sale-3-scaled.jpg 300w, https:\/\/panama-equity-media.s3.amazonaws.com\/wp-content\/uploads\/2024\/07\/20190917\/Large-unit-Vista-Mar-Las-Olas-I-For-Sale-3-scaled.jpg 400w, https:\/\/panama-equity-media.s3.amazonaws.com\/wp-content\/uploads\/2024\/07\/20190917\/Large-unit-Vista-Mar-Las-Olas-I-For-Sale-3-scaled.jpg 600w"},{"width":150,"height":150,"file":"2024\/07\/Large-unit-Vista-Mar-Las-Olas-I-For-Sale-4-scaled.jpg","filesize":338223,"sizes":{"medium":{"file":"Large-unit-Vista-Mar-Las-Olas-I-For-Sale-4-300x169.jpg","width":300,"height":169,"mime-type":"image\/jpeg","filesize":32434,"url":"https:\/\/panama-equity-media.s3.amazonaws.com\/wp-content\/uploads\/2024\/07\/20190915\/Large-unit-Vista-Mar-Las-Olas-I-For-Sale-4-300x169.jpg"},"large":{"file":"Large-unit-Vista-Mar-Las-Olas-I-For-Sale-4-1024x576.jpg","width":1024,"height":576,"mime-type":"image\/jpeg","filesize":85746,"url":"https:\/\/panama-equity-media.s3.amazonaws.com\/wp-content\/uploads\/2024\/07\/20190915\/Large-unit-Vista-Mar-Las-Olas-I-For-Sale-4-1024x576.jpg"},"thumbnail":{"file":"Large-unit-Vista-Mar-Las-Olas-I-For-Sale-4-150x150.jpg","width":150,"height":150,"mime-type":"image\/jpeg","filesize":28014,"url":"https:\/\/panama-equity-media.s3.amazonaws.com\/wp-content\/uploads\/2024\/07\/20190915\/Large-unit-Vista-Mar-Las-Olas-I-For-Sale-4-150x150.jpg"},"medium_large":{"file":"Large-unit-Vista-Mar-Las-Olas-I-For-Sale-4-768x432.jpg","width":768,"height":432,"mime-type":"image\/jpeg","filesize":62519,"url":"https:\/\/panama-equity-media.s3.amazonaws.com\/wp-content\/uploads\/2024\/07\/20190915\/Large-unit-Vista-Mar-Las-Olas-I-For-Sale-4-768x432.jpg"},"1536x1536":{"file":"Large-unit-Vista-Mar-Las-Olas-I-For-Sale-4-1536x864.jpg","width":1536,"height":864,"mime-type":"image\/jpeg","filesize":146745,"url":"https:\/\/panama-equity-media.s3.amazonaws.com\/wp-content\/uploads\/2024\/07\/20190915\/Large-unit-Vista-Mar-Las-Olas-I-For-Sale-4-1536x864.jpg"},"2048x2048":{"file":"Large-unit-Vista-Mar-Las-Olas-I-For-Sale-4-2048x1152.jpg","width":2048,"height":1152,"mime-type":"image\/jpeg","filesize":228907,"url":"https:\/\/panama-equity-media.s3.amazonaws.com\/wp-content\/uploads\/2024\/07\/20190915\/Large-unit-Vista-Mar-Las-Olas-I-For-Sale-4-2048x1152.jpg"},"post-thumbnail":{"file":"Large-unit-Vista-Mar-Las-Olas-I-For-Sale-4-150x84.jpg","width":150,"height":84,"mime-type":"image\/jpeg","filesize":26442,"url":"https:\/\/panama-equity-media.s3.amazonaws.com\/wp-content\/uploads\/2024\/07\/20190915\/Large-unit-Vista-Mar-Las-Olas-I-For-Sale-4-150x84.jpg"},"modern-property-child-slider":{"file":"Large-unit-Vista-Mar-Las-Olas-I-For-Sale-4-680x510.jpg","width":680,"height":510,"mime-type":"image\/jpeg","filesize":63004,"url":"https:\/\/panama-equity-media.s3.amazonaws.com\/wp-content\/uploads\/2024\/07\/20190915\/Large-unit-Vista-Mar-Las-Olas-I-For-Sale-4-680x510.jpg"},"property-thumb-image":{"file":"Large-unit-Vista-Mar-Las-Olas-I-For-Sale-4-488x326.jpg","width":488,"height":326,"mime-type":"image\/jpeg","filesize":44953,"url":"https:\/\/panama-equity-media.s3.amazonaws.com\/wp-content\/uploads\/2024\/07\/20190915\/Large-unit-Vista-Mar-Las-Olas-I-For-Sale-4-488x326.jpg"},"property-detail-video-image":{"file":"Large-unit-Vista-Mar-Las-Olas-I-For-Sale-4-818x417.jpg","width":818,"height":417,"mime-type":"image\/jpeg","filesize":65135,"url":"https:\/\/panama-equity-media.s3.amazonaws.com\/wp-content\/uploads\/2024\/07\/20190915\/Large-unit-Vista-Mar-Las-Olas-I-For-Sale-4-818x417.jpg"},"agent-image":{"file":"Large-unit-Vista-Mar-Las-Olas-I-For-Sale-4-210x210.jpg","width":210,"height":210,"mime-type":"image\/jpeg","filesize":31375,"url":"https:\/\/panama-equity-media.s3.amazonaws.com\/wp-content\/uploads\/2024\/07\/20190915\/Large-unit-Vista-Mar-Las-Olas-I-For-Sale-4-210x210.jpg"},"post-featured-image":{"file":"Large-unit-Vista-Mar-Las-Olas-I-For-Sale-4-1240x720.jpg","width":1240,"height":720,"mime-type":"image\/jpeg","filesize":109481,"url":"https:\/\/panama-equity-media.s3.amazonaws.com\/wp-content\/uploads\/2024\/07\/20190915\/Large-unit-Vista-Mar-Las-Olas-I-For-Sale-4-1240x720.jpg"},"gform-image-choice-sm":{"file":"Large-unit-Vista-Mar-Las-Olas-I-For-Sale-4-300x300.jpg","width":300,"height":300,"mime-type":"image\/jpeg","filesize":37168,"url":"https:\/\/panama-equity-media.s3.amazonaws.com\/wp-content\/uploads\/2024\/07\/20190915\/Large-unit-Vista-Mar-Las-Olas-I-For-Sale-4-300x300.jpg"},"gform-image-choice-md":{"file":"Large-unit-Vista-Mar-Las-Olas-I-For-Sale-4-400x400.jpg","width":400,"height":400,"mime-type":"image\/jpeg","filesize":44615,"url":"https:\/\/panama-equity-media.s3.amazonaws.com\/wp-content\/uploads\/2024\/07\/20190915\/Large-unit-Vista-Mar-Las-Olas-I-For-Sale-4-400x400.jpg"},"gform-image-choice-lg":{"file":"Large-unit-Vista-Mar-Las-Olas-I-For-Sale-4-600x600.jpg","width":600,"height":600,"mime-type":"image\/jpeg","filesize":64829,"url":"https:\/\/panama-equity-media.s3.amazonaws.com\/wp-content\/uploads\/2024\/07\/20190915\/Large-unit-Vista-Mar-Las-Olas-I-For-Sale-4-600x600.jpg"}},"image_meta":{"aperture":"5.6","credit":"","camera":"ILCE-6400","caption":"","created_timestamp":"1720543255","copyright":"","focal_length":"16","iso":"500","shutter_speed":"0.008","title":"","orientation":"0","keywords":[]},"original_image":"Large-unit-Vista-Mar-Las-Olas-I-For-Sale-4.jpg","ID":"135591","name":"Large-unit-Vista-Mar-Las-Olas-I-For-Sale-4-scaled.jpg","path":"https:\/\/panama-equity-media.s3.amazonaws.com\/wp-content\/uploads\/2024\/07\/20190915\/Large-unit-Vista-Mar-Las-Olas-I-For-Sale-4-scaled.jpg","url":"https:\/\/panama-equity-media.s3.amazonaws.com\/wp-content\/uploads\/2024\/07\/20190915\/Large-unit-Vista-Mar-Las-Olas-I-For-Sale-4-150x150.jpg","full_url":"https:\/\/panama-equity-media.s3.amazonaws.com\/wp-content\/uploads\/2024\/07\/20190915\/Large-unit-Vista-Mar-Las-Olas-I-For-Sale-4-scaled.jpg","title":"Vista Mar Las Olas I  Panama condo for Sale","caption":"","description":"","alt":"Vista Mar Las Olas I Panama condo for Sale","srcset":"https:\/\/panama-equity-media.s3.amazonaws.com\/wp-content\/uploads\/2024\/07\/20190915\/Large-unit-Vista-Mar-Las-Olas-I-For-Sale-4-150x150.jpg 150w, https:\/\/panama-equity-media.s3.amazonaws.com\/wp-content\/uploads\/2024\/07\/20190915\/Large-unit-Vista-Mar-Las-Olas-I-For-Sale-4-210x210.jpg 210w, https:\/\/panama-equity-media.s3.amazonaws.com\/wp-content\/uploads\/2024\/07\/20190915\/Large-unit-Vista-Mar-Las-Olas-I-For-Sale-4-scaled.jpg 300w, https:\/\/panama-equity-media.s3.amazonaws.com\/wp-content\/uploads\/2024\/07\/20190915\/Large-unit-Vista-Mar-Las-Olas-I-For-Sale-4-scaled.jpg 400w, https:\/\/panama-equity-media.s3.amazonaws.com\/wp-content\/uploads\/2024\/07\/20190915\/Large-unit-Vista-Mar-Las-Olas-I-For-Sale-4-scaled.jpg 600w"},{"width":150,"height":150,"file":"2024\/07\/Large-unit-Vista-Mar-Las-Olas-I-For-Sale-5-scaled.jpg","filesize":391742,"sizes":{"medium":{"file":"Large-unit-Vista-Mar-Las-Olas-I-For-Sale-5-300x169.jpg","width":300,"height":169,"mime-type":"image\/jpeg","filesize":33286,"url":"https:\/\/panama-equity-media.s3.amazonaws.com\/wp-content\/uploads\/2024\/07\/20190908\/Large-unit-Vista-Mar-Las-Olas-I-For-Sale-5-300x169.jpg"},"large":{"file":"Large-unit-Vista-Mar-Las-Olas-I-For-Sale-5-1024x576.jpg","width":1024,"height":576,"mime-type":"image\/jpeg","filesize":93560,"url":"https:\/\/panama-equity-media.s3.amazonaws.com\/wp-content\/uploads\/2024\/07\/20190908\/Large-unit-Vista-Mar-Las-Olas-I-For-Sale-5-1024x576.jpg"},"thumbnail":{"file":"Large-unit-Vista-Mar-Las-Olas-I-For-Sale-5-150x150.jpg","width":150,"height":150,"mime-type":"image\/jpeg","filesize":27824,"url":"https:\/\/panama-equity-media.s3.amazonaws.com\/wp-content\/uploads\/2024\/07\/20190908\/Large-unit-Vista-Mar-Las-Olas-I-For-Sale-5-150x150.jpg"},"medium_large":{"file":"Large-unit-Vista-Mar-Las-Olas-I-For-Sale-5-768x432.jpg","width":768,"height":432,"mime-type":"image\/jpeg","filesize":66364,"url":"https:\/\/panama-equity-media.s3.amazonaws.com\/wp-content\/uploads\/2024\/07\/20190908\/Large-unit-Vista-Mar-Las-Olas-I-For-Sale-5-768x432.jpg"},"1536x1536":{"file":"Large-unit-Vista-Mar-Las-Olas-I-For-Sale-5-1536x864.jpg","width":1536,"height":864,"mime-type":"image\/jpeg","filesize":165257,"url":"https:\/\/panama-equity-media.s3.amazonaws.com\/wp-content\/uploads\/2024\/07\/20190908\/Large-unit-Vista-Mar-Las-Olas-I-For-Sale-5-1536x864.jpg"},"2048x2048":{"file":"Large-unit-Vista-Mar-Las-Olas-I-For-Sale-5-2048x1152.jpg","width":2048,"height":1152,"mime-type":"image\/jpeg","filesize":262808,"url":"https:\/\/panama-equity-media.s3.amazonaws.com\/wp-content\/uploads\/2024\/07\/20190908\/Large-unit-Vista-Mar-Las-Olas-I-For-Sale-5-2048x1152.jpg"},"post-thumbnail":{"file":"Large-unit-Vista-Mar-Las-Olas-I-For-Sale-5-150x84.jpg","width":150,"height":84,"mime-type":"image\/jpeg","filesize":26981,"url":"https:\/\/panama-equity-media.s3.amazonaws.com\/wp-content\/uploads\/2024\/07\/20190908\/Large-unit-Vista-Mar-Las-Olas-I-For-Sale-5-150x84.jpg"},"modern-property-child-slider":{"file":"Large-unit-Vista-Mar-Las-Olas-I-For-Sale-5-680x510.jpg","width":680,"height":510,"mime-type":"image\/jpeg","filesize":65579,"url":"https:\/\/panama-equity-media.s3.amazonaws.com\/wp-content\/uploads\/2024\/07\/20190908\/Large-unit-Vista-Mar-Las-Olas-I-For-Sale-5-680x510.jpg"},"property-thumb-image":{"file":"Large-unit-Vista-Mar-Las-Olas-I-For-Sale-5-488x326.jpg","width":488,"height":326,"mime-type":"image\/jpeg","filesize":45963,"url":"https:\/\/panama-equity-media.s3.amazonaws.com\/wp-content\/uploads\/2024\/07\/20190908\/Large-unit-Vista-Mar-Las-Olas-I-For-Sale-5-488x326.jpg"},"property-detail-video-image":{"file":"Large-unit-Vista-Mar-Las-Olas-I-For-Sale-5-818x417.jpg","width":818,"height":417,"mime-type":"image\/jpeg","filesize":68552,"url":"https:\/\/panama-equity-media.s3.amazonaws.com\/wp-content\/uploads\/2024\/07\/20190908\/Large-unit-Vista-Mar-Las-Olas-I-For-Sale-5-818x417.jpg"},"agent-image":{"file":"Large-unit-Vista-Mar-Las-Olas-I-For-Sale-5-210x210.jpg","width":210,"height":210,"mime-type":"image\/jpeg","filesize":30789,"url":"https:\/\/panama-equity-media.s3.amazonaws.com\/wp-content\/uploads\/2024\/07\/20190908\/Large-unit-Vista-Mar-Las-Olas-I-For-Sale-5-210x210.jpg"},"post-featured-image":{"file":"Large-unit-Vista-Mar-Las-Olas-I-For-Sale-5-1240x720.jpg","width":1240,"height":720,"mime-type":"image\/jpeg","filesize":122192,"url":"https:\/\/panama-equity-media.s3.amazonaws.com\/wp-content\/uploads\/2024\/07\/20190908\/Large-unit-Vista-Mar-Las-Olas-I-For-Sale-5-1240x720.jpg"},"gform-image-choice-sm":{"file":"Large-unit-Vista-Mar-Las-Olas-I-For-Sale-5-300x300.jpg","width":300,"height":300,"mime-type":"image\/jpeg","filesize":36131,"url":"https:\/\/panama-equity-media.s3.amazonaws.com\/wp-content\/uploads\/2024\/07\/20190908\/Large-unit-Vista-Mar-Las-Olas-I-For-Sale-5-300x300.jpg"},"gform-image-choice-md":{"file":"Large-unit-Vista-Mar-Las-Olas-I-For-Sale-5-400x400.jpg","width":400,"height":400,"mime-type":"image\/jpeg","filesize":43427,"url":"https:\/\/panama-equity-media.s3.amazonaws.com\/wp-content\/uploads\/2024\/07\/20190908\/Large-unit-Vista-Mar-Las-Olas-I-For-Sale-5-400x400.jpg"},"gform-image-choice-lg":{"file":"Large-unit-Vista-Mar-Las-Olas-I-For-Sale-5-600x600.jpg","width":600,"height":600,"mime-type":"image\/jpeg","filesize":62761,"url":"https:\/\/panama-equity-media.s3.amazonaws.com\/wp-content\/uploads\/2024\/07\/20190908\/Large-unit-Vista-Mar-Las-Olas-I-For-Sale-5-600x600.jpg"}},"image_meta":{"aperture":"5.6","credit":"","camera":"ILCE-6400","caption":"","created_timestamp":"1720543283","copyright":"","focal_length":"16","iso":"800","shutter_speed":"0.0125","title":"","orientation":"0","keywords":[]},"original_image":"Large-unit-Vista-Mar-Las-Olas-I-For-Sale-5.jpg","ID":"135595","name":"Large-unit-Vista-Mar-Las-Olas-I-For-Sale-5-scaled.jpg","path":"https:\/\/panama-equity-media.s3.amazonaws.com\/wp-content\/uploads\/2024\/07\/20190908\/Large-unit-Vista-Mar-Las-Olas-I-For-Sale-5-scaled.jpg","url":"https:\/\/panama-equity-media.s3.amazonaws.com\/wp-content\/uploads\/2024\/07\/20190908\/Large-unit-Vista-Mar-Las-Olas-I-For-Sale-5-150x150.jpg","full_url":"https:\/\/panama-equity-media.s3.amazonaws.com\/wp-content\/uploads\/2024\/07\/20190908\/Large-unit-Vista-Mar-Las-Olas-I-For-Sale-5-scaled.jpg","title":"Vista Mar Las Olas I  Panama condo for Sale","caption":"","description":"","alt":"Vista Mar Las Olas I Panama condo for Sale","srcset":"https:\/\/panama-equity-media.s3.amazonaws.com\/wp-content\/uploads\/2024\/07\/20190908\/Large-unit-Vista-Mar-Las-Olas-I-For-Sale-5-150x150.jpg 150w, https:\/\/panama-equity-media.s3.amazonaws.com\/wp-content\/uploads\/2024\/07\/20190908\/Large-unit-Vista-Mar-Las-Olas-I-For-Sale-5-210x210.jpg 210w, https:\/\/panama-equity-media.s3.amazonaws.com\/wp-content\/uploads\/2024\/07\/20190908\/Large-unit-Vista-Mar-Las-Olas-I-For-Sale-5-scaled.jpg 300w, https:\/\/panama-equity-media.s3.amazonaws.com\/wp-content\/uploads\/2024\/07\/20190908\/Large-unit-Vista-Mar-Las-Olas-I-For-Sale-5-scaled.jpg 400w, https:\/\/panama-equity-media.s3.amazonaws.com\/wp-content\/uploads\/2024\/07\/20190908\/Large-unit-Vista-Mar-Las-Olas-I-For-Sale-5-scaled.jpg 600w"},{"width":150,"height":150,"file":"2024\/07\/Large-unit-Vista-Mar-Las-Olas-I-For-Sale-7-scaled.jpg","filesize":415638,"sizes":{"medium":{"file":"Large-unit-Vista-Mar-Las-Olas-I-For-Sale-7-300x169.jpg","width":300,"height":169,"mime-type":"image\/jpeg","filesize":32535,"url":"https:\/\/panama-equity-media.s3.amazonaws.com\/wp-content\/uploads\/2024\/07\/20190904\/Large-unit-Vista-Mar-Las-Olas-I-For-Sale-7-300x169.jpg"},"large":{"file":"Large-unit-Vista-Mar-Las-Olas-I-For-Sale-7-1024x576.jpg","width":1024,"height":576,"mime-type":"image\/jpeg","filesize":95918,"url":"https:\/\/panama-equity-media.s3.amazonaws.com\/wp-content\/uploads\/2024\/07\/20190904\/Large-unit-Vista-Mar-Las-Olas-I-For-Sale-7-1024x576.jpg"},"thumbnail":{"file":"Large-unit-Vista-Mar-Las-Olas-I-For-Sale-7-150x150.jpg","width":150,"height":150,"mime-type":"image\/jpeg","filesize":28129,"url":"https:\/\/panama-equity-media.s3.amazonaws.com\/wp-content\/uploads\/2024\/07\/20190904\/Large-unit-Vista-Mar-Las-Olas-I-For-Sale-7-150x150.jpg"},"medium_large":{"file":"Large-unit-Vista-Mar-Las-Olas-I-For-Sale-7-768x432.jpg","width":768,"height":432,"mime-type":"image\/jpeg","filesize":67202,"url":"https:\/\/panama-equity-media.s3.amazonaws.com\/wp-content\/uploads\/2024\/07\/20190904\/Large-unit-Vista-Mar-Las-Olas-I-For-Sale-7-768x432.jpg"},"1536x1536":{"file":"Large-unit-Vista-Mar-Las-Olas-I-For-Sale-7-1536x864.jpg","width":1536,"height":864,"mime-type":"image\/jpeg","filesize":174537,"url":"https:\/\/panama-equity-media.s3.amazonaws.com\/wp-content\/uploads\/2024\/07\/20190904\/Large-unit-Vista-Mar-Las-Olas-I-For-Sale-7-1536x864.jpg"},"2048x2048":{"file":"Large-unit-Vista-Mar-Las-Olas-I-For-Sale-7-2048x1152.jpg","width":2048,"height":1152,"mime-type":"image\/jpeg","filesize":279118,"url":"https:\/\/panama-equity-media.s3.amazonaws.com\/wp-content\/uploads\/2024\/07\/20190904\/Large-unit-Vista-Mar-Las-Olas-I-For-Sale-7-2048x1152.jpg"},"post-thumbnail":{"file":"Large-unit-Vista-Mar-Las-Olas-I-For-Sale-7-150x84.jpg","width":150,"height":84,"mime-type":"image\/jpeg","filesize":26394,"url":"https:\/\/panama-equity-media.s3.amazonaws.com\/wp-content\/uploads\/2024\/07\/20190904\/Large-unit-Vista-Mar-Las-Olas-I-For-Sale-7-150x84.jpg"},"modern-property-child-slider":{"file":"Large-unit-Vista-Mar-Las-Olas-I-For-Sale-7-680x510.jpg","width":680,"height":510,"mime-type":"image\/jpeg","filesize":68165,"url":"https:\/\/panama-equity-media.s3.amazonaws.com\/wp-content\/uploads\/2024\/07\/20190904\/Large-unit-Vista-Mar-Las-Olas-I-For-Sale-7-680x510.jpg"},"property-thumb-image":{"file":"Large-unit-Vista-Mar-Las-Olas-I-For-Sale-7-488x326.jpg","width":488,"height":326,"mime-type":"image\/jpeg","filesize":46170,"url":"https:\/\/panama-equity-media.s3.amazonaws.com\/wp-content\/uploads\/2024\/07\/20190904\/Large-unit-Vista-Mar-Las-Olas-I-For-Sale-7-488x326.jpg"},"property-detail-video-image":{"file":"Large-unit-Vista-Mar-Las-Olas-I-For-Sale-7-818x417.jpg","width":818,"height":417,"mime-type":"image\/jpeg","filesize":69033,"url":"https:\/\/panama-equity-media.s3.amazonaws.com\/wp-content\/uploads\/2024\/07\/20190904\/Large-unit-Vista-Mar-Las-Olas-I-For-Sale-7-818x417.jpg"},"agent-image":{"file":"Large-unit-Vista-Mar-Las-Olas-I-For-Sale-7-210x210.jpg","width":210,"height":210,"mime-type":"image\/jpeg","filesize":31778,"url":"https:\/\/panama-equity-media.s3.amazonaws.com\/wp-content\/uploads\/2024\/07\/20190904\/Large-unit-Vista-Mar-Las-Olas-I-For-Sale-7-210x210.jpg"},"post-featured-image":{"file":"Large-unit-Vista-Mar-Las-Olas-I-For-Sale-7-1240x720.jpg","width":1240,"height":720,"mime-type":"image\/jpeg","filesize":128578,"url":"https:\/\/panama-equity-media.s3.amazonaws.com\/wp-content\/uploads\/2024\/07\/20190904\/Large-unit-Vista-Mar-Las-Olas-I-For-Sale-7-1240x720.jpg"},"gform-image-choice-sm":{"file":"Large-unit-Vista-Mar-Las-Olas-I-For-Sale-7-300x300.jpg","width":300,"height":300,"mime-type":"image\/jpeg","filesize":37985,"url":"https:\/\/panama-equity-media.s3.amazonaws.com\/wp-content\/uploads\/2024\/07\/20190904\/Large-unit-Vista-Mar-Las-Olas-I-For-Sale-7-300x300.jpg"},"gform-image-choice-md":{"file":"Large-unit-Vista-Mar-Las-Olas-I-For-Sale-7-400x400.jpg","width":400,"height":400,"mime-type":"image\/jpeg","filesize":46351,"url":"https:\/\/panama-equity-media.s3.amazonaws.com\/wp-content\/uploads\/2024\/07\/20190904\/Large-unit-Vista-Mar-Las-Olas-I-For-Sale-7-400x400.jpg"},"gform-image-choice-lg":{"file":"Large-unit-Vista-Mar-Las-Olas-I-For-Sale-7-600x600.jpg","width":600,"height":600,"mime-type":"image\/jpeg","filesize":70220,"url":"https:\/\/panama-equity-media.s3.amazonaws.com\/wp-content\/uploads\/2024\/07\/20190904\/Large-unit-Vista-Mar-Las-Olas-I-For-Sale-7-600x600.jpg"}},"image_meta":{"aperture":"5.6","credit":"","camera":"ILCE-6400","caption":"","created_timestamp":"1720543326","copyright":"","focal_length":"16","iso":"800","shutter_speed":"0.02","title":"","orientation":"0","keywords":[]},"original_image":"Large-unit-Vista-Mar-Las-Olas-I-For-Sale-7.jpg","ID":"135599","name":"Large-unit-Vista-Mar-Las-Olas-I-For-Sale-7-scaled.jpg","path":"https:\/\/panama-equity-media.s3.amazonaws.com\/wp-content\/uploads\/2024\/07\/20190904\/Large-unit-Vista-Mar-Las-Olas-I-For-Sale-7-scaled.jpg","url":"https:\/\/panama-equity-media.s3.amazonaws.com\/wp-content\/uploads\/2024\/07\/20190904\/Large-unit-Vista-Mar-Las-Olas-I-For-Sale-7-150x150.jpg","full_url":"https:\/\/panama-equity-media.s3.amazonaws.com\/wp-content\/uploads\/2024\/07\/20190904\/Large-unit-Vista-Mar-Las-Olas-I-For-Sale-7-scaled.jpg","title":"Vista Mar Las Olas I  Panama condo for Sale","caption":"","description":"","alt":"Vista Mar Las Olas I Panama condo for Sale","srcset":"https:\/\/panama-equity-media.s3.amazonaws.com\/wp-content\/uploads\/2024\/07\/20190904\/Large-unit-Vista-Mar-Las-Olas-I-For-Sale-7-150x150.jpg 150w, https:\/\/panama-equity-media.s3.amazonaws.com\/wp-content\/uploads\/2024\/07\/20190904\/Large-unit-Vista-Mar-Las-Olas-I-For-Sale-7-210x210.jpg 210w, https:\/\/panama-equity-media.s3.amazonaws.com\/wp-content\/uploads\/2024\/07\/20190904\/Large-unit-Vista-Mar-Las-Olas-I-For-Sale-7-scaled.jpg 300w, https:\/\/panama-equity-media.s3.amazonaws.com\/wp-content\/uploads\/2024\/07\/20190904\/Large-unit-Vista-Mar-Las-Olas-I-For-Sale-7-scaled.jpg 400w, https:\/\/panama-equity-media.s3.amazonaws.com\/wp-content\/uploads\/2024\/07\/20190904\/Large-unit-Vista-Mar-Las-Olas-I-For-Sale-7-scaled.jpg 600w"},{"width":150,"height":150,"file":"2024\/07\/Large-unit-Vista-Mar-Las-Olas-I-For-Sale-9-scaled.jpg","filesize":417299,"sizes":{"medium":{"file":"Large-unit-Vista-Mar-Las-Olas-I-For-Sale-9-300x169.jpg","width":300,"height":169,"mime-type":"image\/jpeg","filesize":33077,"url":"https:\/\/panama-equity-media.s3.amazonaws.com\/wp-content\/uploads\/2024\/07\/20190902\/Large-unit-Vista-Mar-Las-Olas-I-For-Sale-9-300x169.jpg"},"large":{"file":"Large-unit-Vista-Mar-Las-Olas-I-For-Sale-9-1024x576.jpg","width":1024,"height":576,"mime-type":"image\/jpeg","filesize":96959,"url":"https:\/\/panama-equity-media.s3.amazonaws.com\/wp-content\/uploads\/2024\/07\/20190902\/Large-unit-Vista-Mar-Las-Olas-I-For-Sale-9-1024x576.jpg"},"thumbnail":{"file":"Large-unit-Vista-Mar-Las-Olas-I-For-Sale-9-150x150.jpg","width":150,"height":150,"mime-type":"image\/jpeg","filesize":28308,"url":"https:\/\/panama-equity-media.s3.amazonaws.com\/wp-content\/uploads\/2024\/07\/20190902\/Large-unit-Vista-Mar-Las-Olas-I-For-Sale-9-150x150.jpg"},"medium_large":{"file":"Large-unit-Vista-Mar-Las-Olas-I-For-Sale-9-768x432.jpg","width":768,"height":432,"mime-type":"image\/jpeg","filesize":67900,"url":"https:\/\/panama-equity-media.s3.amazonaws.com\/wp-content\/uploads\/2024\/07\/20190902\/Large-unit-Vista-Mar-Las-Olas-I-For-Sale-9-768x432.jpg"},"1536x1536":{"file":"Large-unit-Vista-Mar-Las-Olas-I-For-Sale-9-1536x864.jpg","width":1536,"height":864,"mime-type":"image\/jpeg","filesize":175947,"url":"https:\/\/panama-equity-media.s3.amazonaws.com\/wp-content\/uploads\/2024\/07\/20190902\/Large-unit-Vista-Mar-Las-Olas-I-For-Sale-9-1536x864.jpg"},"2048x2048":{"file":"Large-unit-Vista-Mar-Las-Olas-I-For-Sale-9-2048x1152.jpg","width":2048,"height":1152,"mime-type":"image\/jpeg","filesize":281257,"url":"https:\/\/panama-equity-media.s3.amazonaws.com\/wp-content\/uploads\/2024\/07\/20190902\/Large-unit-Vista-Mar-Las-Olas-I-For-Sale-9-2048x1152.jpg"},"post-thumbnail":{"file":"Large-unit-Vista-Mar-Las-Olas-I-For-Sale-9-150x84.jpg","width":150,"height":84,"mime-type":"image\/jpeg","filesize":26700,"url":"https:\/\/panama-equity-media.s3.amazonaws.com\/wp-content\/uploads\/2024\/07\/20190902\/Large-unit-Vista-Mar-Las-Olas-I-For-Sale-9-150x84.jpg"},"modern-property-child-slider":{"file":"Large-unit-Vista-Mar-Las-Olas-I-For-Sale-9-680x510.jpg","width":680,"height":510,"mime-type":"image\/jpeg","filesize":68855,"url":"https:\/\/panama-equity-media.s3.amazonaws.com\/wp-content\/uploads\/2024\/07\/20190902\/Large-unit-Vista-Mar-Las-Olas-I-For-Sale-9-680x510.jpg"},"property-thumb-image":{"file":"Large-unit-Vista-Mar-Las-Olas-I-For-Sale-9-488x326.jpg","width":488,"height":326,"mime-type":"image\/jpeg","filesize":46815,"url":"https:\/\/panama-equity-media.s3.amazonaws.com\/wp-content\/uploads\/2024\/07\/20190902\/Large-unit-Vista-Mar-Las-Olas-I-For-Sale-9-488x326.jpg"},"property-detail-video-image":{"file":"Large-unit-Vista-Mar-Las-Olas-I-For-Sale-9-818x417.jpg","width":818,"height":417,"mime-type":"image\/jpeg","filesize":70124,"url":"https:\/\/panama-equity-media.s3.amazonaws.com\/wp-content\/uploads\/2024\/07\/20190902\/Large-unit-Vista-Mar-Las-Olas-I-For-Sale-9-818x417.jpg"},"agent-image":{"file":"Large-unit-Vista-Mar-Las-Olas-I-For-Sale-9-210x210.jpg","width":210,"height":210,"mime-type":"image\/jpeg","filesize":31619,"url":"https:\/\/panama-equity-media.s3.amazonaws.com\/wp-content\/uploads\/2024\/07\/20190902\/Large-unit-Vista-Mar-Las-Olas-I-For-Sale-9-210x210.jpg"},"post-featured-image":{"file":"Large-unit-Vista-Mar-Las-Olas-I-For-Sale-9-1240x720.jpg","width":1240,"height":720,"mime-type":"image\/jpeg","filesize":129960,"url":"https:\/\/panama-equity-media.s3.amazonaws.com\/wp-content\/uploads\/2024\/07\/20190902\/Large-unit-Vista-Mar-Las-Olas-I-For-Sale-9-1240x720.jpg"},"gform-image-choice-sm":{"file":"Large-unit-Vista-Mar-Las-Olas-I-For-Sale-9-300x300.jpg","width":300,"height":300,"mime-type":"image\/jpeg","filesize":37759,"url":"https:\/\/panama-equity-media.s3.amazonaws.com\/wp-content\/uploads\/2024\/07\/20190902\/Large-unit-Vista-Mar-Las-Olas-I-For-Sale-9-300x300.jpg"},"gform-image-choice-md":{"file":"Large-unit-Vista-Mar-Las-Olas-I-For-Sale-9-400x400.jpg","width":400,"height":400,"mime-type":"image\/jpeg","filesize":46270,"url":"https:\/\/panama-equity-media.s3.amazonaws.com\/wp-content\/uploads\/2024\/07\/20190902\/Large-unit-Vista-Mar-Las-Olas-I-For-Sale-9-400x400.jpg"},"gform-image-choice-lg":{"file":"Large-unit-Vista-Mar-Las-Olas-I-For-Sale-9-600x600.jpg","width":600,"height":600,"mime-type":"image\/jpeg","filesize":68422,"url":"https:\/\/panama-equity-media.s3.amazonaws.com\/wp-content\/uploads\/2024\/07\/20190902\/Large-unit-Vista-Mar-Las-Olas-I-For-Sale-9-600x600.jpg"}},"image_meta":{"aperture":"5.6","credit":"","camera":"ILCE-6400","caption":"","created_timestamp":"1720543382","copyright":"","focal_length":"16","iso":"800","shutter_speed":"0.025","title":"","orientation":"0","keywords":[]},"original_image":"Large-unit-Vista-Mar-Las-Olas-I-For-Sale-9.jpg","ID":"135601","name":"Large-unit-Vista-Mar-Las-Olas-I-For-Sale-9-scaled.jpg","path":"https:\/\/panama-equity-media.s3.amazonaws.com\/wp-content\/uploads\/2024\/07\/20190902\/Large-unit-Vista-Mar-Las-Olas-I-For-Sale-9-scaled.jpg","url":"https:\/\/panama-equity-media.s3.amazonaws.com\/wp-content\/uploads\/2024\/07\/20190902\/Large-unit-Vista-Mar-Las-Olas-I-For-Sale-9-150x150.jpg","full_url":"https:\/\/panama-equity-media.s3.amazonaws.com\/wp-content\/uploads\/2024\/07\/20190902\/Large-unit-Vista-Mar-Las-Olas-I-For-Sale-9-scaled.jpg","title":"Vista Mar Las Olas I  Panama condo for Sale","caption":"","description":"","alt":"Vista Mar Las Olas I Panama condo for Sale","srcset":"https:\/\/panama-equity-media.s3.amazonaws.com\/wp-content\/uploads\/2024\/07\/20190902\/Large-unit-Vista-Mar-Las-Olas-I-For-Sale-9-150x150.jpg 150w, https:\/\/panama-equity-media.s3.amazonaws.com\/wp-content\/uploads\/2024\/07\/20190902\/Large-unit-Vista-Mar-Las-Olas-I-For-Sale-9-210x210.jpg 210w, https:\/\/panama-equity-media.s3.amazonaws.com\/wp-content\/uploads\/2024\/07\/20190902\/Large-unit-Vista-Mar-Las-Olas-I-For-Sale-9-scaled.jpg 300w, https:\/\/panama-equity-media.s3.amazonaws.com\/wp-content\/uploads\/2024\/07\/20190902\/Large-unit-Vista-Mar-Las-Olas-I-For-Sale-9-scaled.jpg 400w, https:\/\/panama-equity-media.s3.amazonaws.com\/wp-content\/uploads\/2024\/07\/20190902\/Large-unit-Vista-Mar-Las-Olas-I-For-Sale-9-scaled.jpg 600w"},{"width":150,"height":150,"file":"2024\/07\/Large-unit-Vista-Mar-Las-Olas-I-For-Sale-10-scaled.jpg","filesize":320280,"sizes":{"medium":{"file":"Large-unit-Vista-Mar-Las-Olas-I-For-Sale-10-300x169.jpg","width":300,"height":169,"mime-type":"image\/jpeg","filesize":31831,"url":"https:\/\/panama-equity-media.s3.amazonaws.com\/wp-content\/uploads\/2024\/07\/20190900\/Large-unit-Vista-Mar-Las-Olas-I-For-Sale-10-300x169.jpg"},"large":{"file":"Large-unit-Vista-Mar-Las-Olas-I-For-Sale-10-1024x576.jpg","width":1024,"height":576,"mime-type":"image\/jpeg","filesize":82112,"url":"https:\/\/panama-equity-media.s3.amazonaws.com\/wp-content\/uploads\/2024\/07\/20190900\/Large-unit-Vista-Mar-Las-Olas-I-For-Sale-10-1024x576.jpg"},"thumbnail":{"file":"Large-unit-Vista-Mar-Las-Olas-I-For-Sale-10-150x150.jpg","width":150,"height":150,"mime-type":"image\/jpeg","filesize":28138,"url":"https:\/\/panama-equity-media.s3.amazonaws.com\/wp-content\/uploads\/2024\/07\/20190900\/Large-unit-Vista-Mar-Las-Olas-I-For-Sale-10-150x150.jpg"},"medium_large":{"file":"Large-unit-Vista-Mar-Las-Olas-I-For-Sale-10-768x432.jpg","width":768,"height":432,"mime-type":"image\/jpeg","filesize":60115,"url":"https:\/\/panama-equity-media.s3.amazonaws.com\/wp-content\/uploads\/2024\/07\/20190900\/Large-unit-Vista-Mar-Las-Olas-I-For-Sale-10-768x432.jpg"},"1536x1536":{"file":"Large-unit-Vista-Mar-Las-Olas-I-For-Sale-10-1536x864.jpg","width":1536,"height":864,"mime-type":"image\/jpeg","filesize":140263,"url":"https:\/\/panama-equity-media.s3.amazonaws.com\/wp-content\/uploads\/2024\/07\/20190900\/Large-unit-Vista-Mar-Las-Olas-I-For-Sale-10-1536x864.jpg"},"2048x2048":{"file":"Large-unit-Vista-Mar-Las-Olas-I-For-Sale-10-2048x1152.jpg","width":2048,"height":1152,"mime-type":"image\/jpeg","filesize":218399,"url":"https:\/\/panama-equity-media.s3.amazonaws.com\/wp-content\/uploads\/2024\/07\/20190900\/Large-unit-Vista-Mar-Las-Olas-I-For-Sale-10-2048x1152.jpg"},"post-thumbnail":{"file":"Large-unit-Vista-Mar-Las-Olas-I-For-Sale-10-150x84.jpg","width":150,"height":84,"mime-type":"image\/jpeg","filesize":26174,"url":"https:\/\/panama-equity-media.s3.amazonaws.com\/wp-content\/uploads\/2024\/07\/20190900\/Large-unit-Vista-Mar-Las-Olas-I-For-Sale-10-150x84.jpg"},"modern-property-child-slider":{"file":"Large-unit-Vista-Mar-Las-Olas-I-For-Sale-10-680x510.jpg","width":680,"height":510,"mime-type":"image\/jpeg","filesize":65079,"url":"https:\/\/panama-equity-media.s3.amazonaws.com\/wp-content\/uploads\/2024\/07\/20190900\/Large-unit-Vista-Mar-Las-Olas-I-For-Sale-10-680x510.jpg"},"property-thumb-image":{"file":"Large-unit-Vista-Mar-Las-Olas-I-For-Sale-10-488x326.jpg","width":488,"height":326,"mime-type":"image\/jpeg","filesize":45905,"url":"https:\/\/panama-equity-media.s3.amazonaws.com\/wp-content\/uploads\/2024\/07\/20190900\/Large-unit-Vista-Mar-Las-Olas-I-For-Sale-10-488x326.jpg"},"property-detail-video-image":{"file":"Large-unit-Vista-Mar-Las-Olas-I-For-Sale-10-818x417.jpg","width":818,"height":417,"mime-type":"image\/jpeg","filesize":61774,"url":"https:\/\/panama-equity-media.s3.amazonaws.com\/wp-content\/uploads\/2024\/07\/20190900\/Large-unit-Vista-Mar-Las-Olas-I-For-Sale-10-818x417.jpg"},"agent-image":{"file":"Large-unit-Vista-Mar-Las-Olas-I-For-Sale-10-210x210.jpg","width":210,"height":210,"mime-type":"image\/jpeg","filesize":31622,"url":"https:\/\/panama-equity-media.s3.amazonaws.com\/wp-content\/uploads\/2024\/07\/20190900\/Large-unit-Vista-Mar-Las-Olas-I-For-Sale-10-210x210.jpg"},"post-featured-image":{"file":"Large-unit-Vista-Mar-Las-Olas-I-For-Sale-10-1240x720.jpg","width":1240,"height":720,"mime-type":"image\/jpeg","filesize":108253,"url":"https:\/\/panama-equity-media.s3.amazonaws.com\/wp-content\/uploads\/2024\/07\/20190900\/Large-unit-Vista-Mar-Las-Olas-I-For-Sale-10-1240x720.jpg"},"gform-image-choice-sm":{"file":"Large-unit-Vista-Mar-Las-Olas-I-For-Sale-10-300x300.jpg","width":300,"height":300,"mime-type":"image\/jpeg","filesize":37624,"url":"https:\/\/panama-equity-media.s3.amazonaws.com\/wp-content\/uploads\/2024\/07\/20190900\/Large-unit-Vista-Mar-Las-Olas-I-For-Sale-10-300x300.jpg"},"gform-image-choice-md":{"file":"Large-unit-Vista-Mar-Las-Olas-I-For-Sale-10-400x400.jpg","width":400,"height":400,"mime-type":"image\/jpeg","filesize":45458,"url":"https:\/\/panama-equity-media.s3.amazonaws.com\/wp-content\/uploads\/2024\/07\/20190900\/Large-unit-Vista-Mar-Las-Olas-I-For-Sale-10-400x400.jpg"},"gform-image-choice-lg":{"file":"Large-unit-Vista-Mar-Las-Olas-I-For-Sale-10-600x600.jpg","width":600,"height":600,"mime-type":"image\/jpeg","filesize":66198,"url":"https:\/\/panama-equity-media.s3.amazonaws.com\/wp-content\/uploads\/2024\/07\/20190900\/Large-unit-Vista-Mar-Las-Olas-I-For-Sale-10-600x600.jpg"}},"image_meta":{"aperture":"5.6","credit":"","camera":"ILCE-6400","caption":"","created_timestamp":"1720543447","copyright":"","focal_length":"16","iso":"800","shutter_speed":"0.04","title":"","orientation":"0","keywords":[]},"original_image":"Large-unit-Vista-Mar-Las-Olas-I-For-Sale-10.jpg","ID":"135603","name":"Large-unit-Vista-Mar-Las-Olas-I-For-Sale-10-scaled.jpg","path":"https:\/\/panama-equity-media.s3.amazonaws.com\/wp-content\/uploads\/2024\/07\/20190900\/Large-unit-Vista-Mar-Las-Olas-I-For-Sale-10-scaled.jpg","url":"https:\/\/panama-equity-media.s3.amazonaws.com\/wp-content\/uploads\/2024\/07\/20190900\/Large-unit-Vista-Mar-Las-Olas-I-For-Sale-10-150x150.jpg","full_url":"https:\/\/panama-equity-media.s3.amazonaws.com\/wp-content\/uploads\/2024\/07\/20190900\/Large-unit-Vista-Mar-Las-Olas-I-For-Sale-10-scaled.jpg","title":"Vista Mar Las Olas I  Panama condo for Sale","caption":"","description":"","alt":"Vista Mar Las Olas I Panama condo for Sale","srcset":"https:\/\/panama-equity-media.s3.amazonaws.com\/wp-content\/uploads\/2024\/07\/20190900\/Large-unit-Vista-Mar-Las-Olas-I-For-Sale-10-150x150.jpg 150w, https:\/\/panama-equity-media.s3.amazonaws.com\/wp-content\/uploads\/2024\/07\/20190900\/Large-unit-Vista-Mar-Las-Olas-I-For-Sale-10-210x210.jpg 210w, https:\/\/panama-equity-media.s3.amazonaws.com\/wp-content\/uploads\/2024\/07\/20190900\/Large-unit-Vista-Mar-Las-Olas-I-For-Sale-10-scaled.jpg 300w, https:\/\/panama-equity-media.s3.amazonaws.com\/wp-content\/uploads\/2024\/07\/20190900\/Large-unit-Vista-Mar-Las-Olas-I-For-Sale-10-scaled.jpg 400w, https:\/\/panama-equity-media.s3.amazonaws.com\/wp-content\/uploads\/2024\/07\/20190900\/Large-unit-Vista-Mar-Las-Olas-I-For-Sale-10-scaled.jpg 600w"},{"width":150,"height":150,"file":"2024\/07\/Large-unit-Vista-Mar-Las-Olas-I-For-Sale-19-scaled.jpg","filesize":262301,"sizes":{"medium":{"file":"Large-unit-Vista-Mar-Las-Olas-I-For-Sale-19-300x169.jpg","width":300,"height":169,"mime-type":"image\/jpeg","filesize":30529,"url":"https:\/\/panama-equity-media.s3.amazonaws.com\/wp-content\/uploads\/2024\/07\/20190844\/Large-unit-Vista-Mar-Las-Olas-I-For-Sale-19-300x169.jpg"},"large":{"file":"Large-unit-Vista-Mar-Las-Olas-I-For-Sale-19-1024x576.jpg","width":1024,"height":576,"mime-type":"image\/jpeg","filesize":74121,"url":"https:\/\/panama-equity-media.s3.amazonaws.com\/wp-content\/uploads\/2024\/07\/20190844\/Large-unit-Vista-Mar-Las-Olas-I-For-Sale-19-1024x576.jpg"},"thumbnail":{"file":"Large-unit-Vista-Mar-Las-Olas-I-For-Sale-19-150x150.jpg","width":150,"height":150,"mime-type":"image\/jpeg","filesize":26330,"url":"https:\/\/panama-equity-media.s3.amazonaws.com\/wp-content\/uploads\/2024\/07\/20190844\/Large-unit-Vista-Mar-Las-Olas-I-For-Sale-19-150x150.jpg"},"medium_large":{"file":"Large-unit-Vista-Mar-Las-Olas-I-For-Sale-19-768x432.jpg","width":768,"height":432,"mime-type":"image\/jpeg","filesize":55021,"url":"https:\/\/panama-equity-media.s3.amazonaws.com\/wp-content\/uploads\/2024\/07\/20190844\/Large-unit-Vista-Mar-Las-Olas-I-For-Sale-19-768x432.jpg"},"1536x1536":{"file":"Large-unit-Vista-Mar-Las-Olas-I-For-Sale-19-1536x864.jpg","width":1536,"height":864,"mime-type":"image\/jpeg","filesize":120861,"url":"https:\/\/panama-equity-media.s3.amazonaws.com\/wp-content\/uploads\/2024\/07\/20190844\/Large-unit-Vista-Mar-Las-Olas-I-For-Sale-19-1536x864.jpg"},"2048x2048":{"file":"Large-unit-Vista-Mar-Las-Olas-I-For-Sale-19-2048x1152.jpg","width":2048,"height":1152,"mime-type":"image\/jpeg","filesize":182605,"url":"https:\/\/panama-equity-media.s3.amazonaws.com\/wp-content\/uploads\/2024\/07\/20190844\/Large-unit-Vista-Mar-Las-Olas-I-For-Sale-19-2048x1152.jpg"},"post-thumbnail":{"file":"Large-unit-Vista-Mar-Las-Olas-I-For-Sale-19-150x84.jpg","width":150,"height":84,"mime-type":"image\/jpeg","filesize":25452,"url":"https:\/\/panama-equity-media.s3.amazonaws.com\/wp-content\/uploads\/2024\/07\/20190844\/Large-unit-Vista-Mar-Las-Olas-I-For-Sale-19-150x84.jpg"},"modern-property-child-slider":{"file":"Large-unit-Vista-Mar-Las-Olas-I-For-Sale-19-680x510.jpg","width":680,"height":510,"mime-type":"image\/jpeg","filesize":55366,"url":"https:\/\/panama-equity-media.s3.amazonaws.com\/wp-content\/uploads\/2024\/07\/20190844\/Large-unit-Vista-Mar-Las-Olas-I-For-Sale-19-680x510.jpg"},"property-thumb-image":{"file":"Large-unit-Vista-Mar-Las-Olas-I-For-Sale-19-488x326.jpg","width":488,"height":326,"mime-type":"image\/jpeg","filesize":41325,"url":"https:\/\/panama-equity-media.s3.amazonaws.com\/wp-content\/uploads\/2024\/07\/20190844\/Large-unit-Vista-Mar-Las-Olas-I-For-Sale-19-488x326.jpg"},"property-detail-video-image":{"file":"Large-unit-Vista-Mar-Las-Olas-I-For-Sale-19-818x417.jpg","width":818,"height":417,"mime-type":"image\/jpeg","filesize":56368,"url":"https:\/\/panama-equity-media.s3.amazonaws.com\/wp-content\/uploads\/2024\/07\/20190844\/Large-unit-Vista-Mar-Las-Olas-I-For-Sale-19-818x417.jpg"},"agent-image":{"file":"Large-unit-Vista-Mar-Las-Olas-I-For-Sale-19-210x210.jpg","width":210,"height":210,"mime-type":"image\/jpeg","filesize":28881,"url":"https:\/\/panama-equity-media.s3.amazonaws.com\/wp-content\/uploads\/2024\/07\/20190844\/Large-unit-Vista-Mar-Las-Olas-I-For-Sale-19-210x210.jpg"},"post-featured-image":{"file":"Large-unit-Vista-Mar-Las-Olas-I-For-Sale-19-1240x720.jpg","width":1240,"height":720,"mime-type":"image\/jpeg","filesize":94057,"url":"https:\/\/panama-equity-media.s3.amazonaws.com\/wp-content\/uploads\/2024\/07\/20190844\/Large-unit-Vista-Mar-Las-Olas-I-For-Sale-19-1240x720.jpg"},"gform-image-choice-sm":{"file":"Large-unit-Vista-Mar-Las-Olas-I-For-Sale-19-300x300.jpg","width":300,"height":300,"mime-type":"image\/jpeg","filesize":33182,"url":"https:\/\/panama-equity-media.s3.amazonaws.com\/wp-content\/uploads\/2024\/07\/20190844\/Large-unit-Vista-Mar-Las-Olas-I-For-Sale-19-300x300.jpg"},"gform-image-choice-md":{"file":"Large-unit-Vista-Mar-Las-Olas-I-For-Sale-19-400x400.jpg","width":400,"height":400,"mime-type":"image\/jpeg","filesize":38881,"url":"https:\/\/panama-equity-media.s3.amazonaws.com\/wp-content\/uploads\/2024\/07\/20190844\/Large-unit-Vista-Mar-Las-Olas-I-For-Sale-19-400x400.jpg"},"gform-image-choice-lg":{"file":"Large-unit-Vista-Mar-Las-Olas-I-For-Sale-19-600x600.jpg","width":600,"height":600,"mime-type":"image\/jpeg","filesize":53142,"url":"https:\/\/panama-equity-media.s3.amazonaws.com\/wp-content\/uploads\/2024\/07\/20190844\/Large-unit-Vista-Mar-Las-Olas-I-For-Sale-19-600x600.jpg"}},"image_meta":{"aperture":"5.6","credit":"","camera":"ILCE-6400","caption":"","created_timestamp":"1720543890","copyright":"","focal_length":"16","iso":"250","shutter_speed":"0.00625","title":"","orientation":"0","keywords":[]},"original_image":"Large-unit-Vista-Mar-Las-Olas-I-For-Sale-19.jpg","ID":"135621","name":"Large-unit-Vista-Mar-Las-Olas-I-For-Sale-19-scaled.jpg","path":"https:\/\/panama-equity-media.s3.amazonaws.com\/wp-content\/uploads\/2024\/07\/20190844\/Large-unit-Vista-Mar-Las-Olas-I-For-Sale-19-scaled.jpg","url":"https:\/\/panama-equity-media.s3.amazonaws.com\/wp-content\/uploads\/2024\/07\/20190844\/Large-unit-Vista-Mar-Las-Olas-I-For-Sale-19-150x150.jpg","full_url":"https:\/\/panama-equity-media.s3.amazonaws.com\/wp-content\/uploads\/2024\/07\/20190844\/Large-unit-Vista-Mar-Las-Olas-I-For-Sale-19-scaled.jpg","title":"Vista Mar Las Olas I  Panama condo for Sale","caption":"","description":"","alt":"Vista Mar Las Olas I Panama condo for Sale","srcset":"https:\/\/panama-equity-media.s3.amazonaws.com\/wp-content\/uploads\/2024\/07\/20190844\/Large-unit-Vista-Mar-Las-Olas-I-For-Sale-19-150x150.jpg 150w, https:\/\/panama-equity-media.s3.amazonaws.com\/wp-content\/uploads\/2024\/07\/20190844\/Large-unit-Vista-Mar-Las-Olas-I-For-Sale-19-210x210.jpg 210w, https:\/\/panama-equity-media.s3.amazonaws.com\/wp-content\/uploads\/2024\/07\/20190844\/Large-unit-Vista-Mar-Las-Olas-I-For-Sale-19-scaled.jpg 300w, https:\/\/panama-equity-media.s3.amazonaws.com\/wp-content\/uploads\/2024\/07\/20190844\/Large-unit-Vista-Mar-Las-Olas-I-For-Sale-19-scaled.jpg 400w, https:\/\/panama-equity-media.s3.amazonaws.com\/wp-content\/uploads\/2024\/07\/20190844\/Large-unit-Vista-Mar-Las-Olas-I-For-Sale-19-scaled.jpg 600w"},{"width":150,"height":150,"file":"2024\/07\/Large-unit-Vista-Mar-Las-Olas-I-For-Sale-20-scaled.jpg","filesize":304607,"sizes":{"medium":{"file":"Large-unit-Vista-Mar-Las-Olas-I-For-Sale-20-300x169.jpg","width":300,"height":169,"mime-type":"image\/jpeg","filesize":31692,"url":"https:\/\/panama-equity-media.s3.amazonaws.com\/wp-content\/uploads\/2024\/07\/20190842\/Large-unit-Vista-Mar-Las-Olas-I-For-Sale-20-300x169.jpg"},"large":{"file":"Large-unit-Vista-Mar-Las-Olas-I-For-Sale-20-1024x576.jpg","width":1024,"height":576,"mime-type":"image\/jpeg","filesize":80824,"url":"https:\/\/panama-equity-media.s3.amazonaws.com\/wp-content\/uploads\/2024\/07\/20190842\/Large-unit-Vista-Mar-Las-Olas-I-For-Sale-20-1024x576.jpg"},"thumbnail":{"file":"Large-unit-Vista-Mar-Las-Olas-I-For-Sale-20-150x150.jpg","width":150,"height":150,"mime-type":"image\/jpeg","filesize":26868,"url":"https:\/\/panama-equity-media.s3.amazonaws.com\/wp-content\/uploads\/2024\/07\/20190842\/Large-unit-Vista-Mar-Las-Olas-I-For-Sale-20-150x150.jpg"},"medium_large":{"file":"Large-unit-Vista-Mar-Las-Olas-I-For-Sale-20-768x432.jpg","width":768,"height":432,"mime-type":"image\/jpeg","filesize":59260,"url":"https:\/\/panama-equity-media.s3.amazonaws.com\/wp-content\/uploads\/2024\/07\/20190842\/Large-unit-Vista-Mar-Las-Olas-I-For-Sale-20-768x432.jpg"},"1536x1536":{"file":"Large-unit-Vista-Mar-Las-Olas-I-For-Sale-20-1536x864.jpg","width":1536,"height":864,"mime-type":"image\/jpeg","filesize":136311,"url":"https:\/\/panama-equity-media.s3.amazonaws.com\/wp-content\/uploads\/2024\/07\/20190842\/Large-unit-Vista-Mar-Las-Olas-I-For-Sale-20-1536x864.jpg"},"2048x2048":{"file":"Large-unit-Vista-Mar-Las-Olas-I-For-Sale-20-2048x1152.jpg","width":2048,"height":1152,"mime-type":"image\/jpeg","filesize":209817,"url":"https:\/\/panama-equity-media.s3.amazonaws.com\/wp-content\/uploads\/2024\/07\/20190842\/Large-unit-Vista-Mar-Las-Olas-I-For-Sale-20-2048x1152.jpg"},"post-thumbnail":{"file":"Large-unit-Vista-Mar-Las-Olas-I-For-Sale-20-150x84.jpg","width":150,"height":84,"mime-type":"image\/jpeg","filesize":26140,"url":"https:\/\/panama-equity-media.s3.amazonaws.com\/wp-content\/uploads\/2024\/07\/20190842\/Large-unit-Vista-Mar-Las-Olas-I-For-Sale-20-150x84.jpg"},"modern-property-child-slider":{"file":"Large-unit-Vista-Mar-Las-Olas-I-For-Sale-20-680x510.jpg","width":680,"height":510,"mime-type":"image\/jpeg","filesize":56992,"url":"https:\/\/panama-equity-media.s3.amazonaws.com\/wp-content\/uploads\/2024\/07\/20190842\/Large-unit-Vista-Mar-Las-Olas-I-For-Sale-20-680x510.jpg"},"property-thumb-image":{"file":"Large-unit-Vista-Mar-Las-Olas-I-For-Sale-20-488x326.jpg","width":488,"height":326,"mime-type":"image\/jpeg","filesize":41794,"url":"https:\/\/panama-equity-media.s3.amazonaws.com\/wp-content\/uploads\/2024\/07\/20190842\/Large-unit-Vista-Mar-Las-Olas-I-For-Sale-20-488x326.jpg"},"property-detail-video-image":{"file":"Large-unit-Vista-Mar-Las-Olas-I-For-Sale-20-818x417.jpg","width":818,"height":417,"mime-type":"image\/jpeg","filesize":60651,"url":"https:\/\/panama-equity-media.s3.amazonaws.com\/wp-content\/uploads\/2024\/07\/20190842\/Large-unit-Vista-Mar-Las-Olas-I-For-Sale-20-818x417.jpg"},"agent-image":{"file":"Large-unit-Vista-Mar-Las-Olas-I-For-Sale-20-210x210.jpg","width":210,"height":210,"mime-type":"image\/jpeg","filesize":29499,"url":"https:\/\/panama-equity-media.s3.amazonaws.com\/wp-content\/uploads\/2024\/07\/20190842\/Large-unit-Vista-Mar-Las-Olas-I-For-Sale-20-210x210.jpg"},"post-featured-image":{"file":"Large-unit-Vista-Mar-Las-Olas-I-For-Sale-20-1240x720.jpg","width":1240,"height":720,"mime-type":"image\/jpeg","filesize":101919,"url":"https:\/\/panama-equity-media.s3.amazonaws.com\/wp-content\/uploads\/2024\/07\/20190842\/Large-unit-Vista-Mar-Las-Olas-I-For-Sale-20-1240x720.jpg"},"gform-image-choice-sm":{"file":"Large-unit-Vista-Mar-Las-Olas-I-For-Sale-20-300x300.jpg","width":300,"height":300,"mime-type":"image\/jpeg","filesize":34188,"url":"https:\/\/panama-equity-media.s3.amazonaws.com\/wp-content\/uploads\/2024\/07\/20190842\/Large-unit-Vista-Mar-Las-Olas-I-For-Sale-20-300x300.jpg"},"gform-image-choice-md":{"file":"Large-unit-Vista-Mar-Las-Olas-I-For-Sale-20-400x400.jpg","width":400,"height":400,"mime-type":"image\/jpeg","filesize":40074,"url":"https:\/\/panama-equity-media.s3.amazonaws.com\/wp-content\/uploads\/2024\/07\/20190842\/Large-unit-Vista-Mar-Las-Olas-I-For-Sale-20-400x400.jpg"},"gform-image-choice-lg":{"file":"Large-unit-Vista-Mar-Las-Olas-I-For-Sale-20-600x600.jpg","width":600,"height":600,"mime-type":"image\/jpeg","filesize":55941,"url":"https:\/\/panama-equity-media.s3.amazonaws.com\/wp-content\/uploads\/2024\/07\/20190842\/Large-unit-Vista-Mar-Las-Olas-I-For-Sale-20-600x600.jpg"}},"image_meta":{"aperture":"5.6","credit":"","camera":"ILCE-6400","caption":"","created_timestamp":"1720543920","copyright":"","focal_length":"16","iso":"320","shutter_speed":"0.00625","title":"","orientation":"0","keywords":[]},"original_image":"Large-unit-Vista-Mar-Las-Olas-I-For-Sale-20.jpg","ID":"135623","name":"Large-unit-Vista-Mar-Las-Olas-I-For-Sale-20-scaled.jpg","path":"https:\/\/panama-equity-media.s3.amazonaws.com\/wp-content\/uploads\/2024\/07\/20190842\/Large-unit-Vista-Mar-Las-Olas-I-For-Sale-20-scaled.jpg","url":"https:\/\/panama-equity-media.s3.amazonaws.com\/wp-content\/uploads\/2024\/07\/20190842\/Large-unit-Vista-Mar-Las-Olas-I-For-Sale-20-150x150.jpg","full_url":"https:\/\/panama-equity-media.s3.amazonaws.com\/wp-content\/uploads\/2024\/07\/20190842\/Large-unit-Vista-Mar-Las-Olas-I-For-Sale-20-scaled.jpg","title":"Vista Mar Las Olas I  Panama condo for Sale","caption":"","description":"","alt":"Vista Mar Las Olas I Panama condo for Sale","srcset":"https:\/\/panama-equity-media.s3.amazonaws.com\/wp-content\/uploads\/2024\/07\/20190842\/Large-unit-Vista-Mar-Las-Olas-I-For-Sale-20-150x150.jpg 150w, https:\/\/panama-equity-media.s3.amazonaws.com\/wp-content\/uploads\/2024\/07\/20190842\/Large-unit-Vista-Mar-Las-Olas-I-For-Sale-20-210x210.jpg 210w, https:\/\/panama-equity-media.s3.amazonaws.com\/wp-content\/uploads\/2024\/07\/20190842\/Large-unit-Vista-Mar-Las-Olas-I-For-Sale-20-scaled.jpg 300w, https:\/\/panama-equity-media.s3.amazonaws.com\/wp-content\/uploads\/2024\/07\/20190842\/Large-unit-Vista-Mar-Las-Olas-I-For-Sale-20-scaled.jpg 400w, https:\/\/panama-equity-media.s3.amazonaws.com\/wp-content\/uploads\/2024\/07\/20190842\/Large-unit-Vista-Mar-Las-Olas-I-For-Sale-20-scaled.jpg 600w"},{"width":150,"height":150,"file":"2024\/07\/Large-unit-Vista-Mar-Las-Olas-I-For-Sale-21-scaled.jpg","filesize":636187,"sizes":{"medium":{"file":"Large-unit-Vista-Mar-Las-Olas-I-For-Sale-21-300x169.jpg","width":300,"height":169,"mime-type":"image\/jpeg","filesize":43977,"url":"https:\/\/panama-equity-media.s3.amazonaws.com\/wp-content\/uploads\/2024\/07\/20190838\/Large-unit-Vista-Mar-Las-Olas-I-For-Sale-21-300x169.jpg"},"large":{"file":"Large-unit-Vista-Mar-Las-Olas-I-For-Sale-21-1024x576.jpg","width":1024,"height":576,"mime-type":"image\/jpeg","filesize":153166,"url":"https:\/\/panama-equity-media.s3.amazonaws.com\/wp-content\/uploads\/2024\/07\/20190838\/Large-unit-Vista-Mar-Las-Olas-I-For-Sale-21-1024x576.jpg"},"thumbnail":{"file":"Large-unit-Vista-Mar-Las-Olas-I-For-Sale-21-150x150.jpg","width":150,"height":150,"mime-type":"image\/jpeg","filesize":35604,"url":"https:\/\/panama-equity-media.s3.amazonaws.com\/wp-content\/uploads\/2024\/07\/20190838\/Large-unit-Vista-Mar-Las-Olas-I-For-Sale-21-150x150.jpg"},"medium_large":{"file":"Large-unit-Vista-Mar-Las-Olas-I-For-Sale-21-768x432.jpg","width":768,"height":432,"mime-type":"image\/jpeg","filesize":104373,"url":"https:\/\/panama-equity-media.s3.amazonaws.com\/wp-content\/uploads\/2024\/07\/20190838\/Large-unit-Vista-Mar-Las-Olas-I-For-Sale-21-768x432.jpg"},"1536x1536":{"file":"Large-unit-Vista-Mar-Las-Olas-I-For-Sale-21-1536x864.jpg","width":1536,"height":864,"mime-type":"image\/jpeg","filesize":279029,"url":"https:\/\/panama-equity-media.s3.amazonaws.com\/wp-content\/uploads\/2024\/07\/20190838\/Large-unit-Vista-Mar-Las-Olas-I-For-Sale-21-1536x864.jpg"},"2048x2048":{"file":"Large-unit-Vista-Mar-Las-Olas-I-For-Sale-21-2048x1152.jpg","width":2048,"height":1152,"mime-type":"image\/jpeg","filesize":440431,"url":"https:\/\/panama-equity-media.s3.amazonaws.com\/wp-content\/uploads\/2024\/07\/20190838\/Large-unit-Vista-Mar-Las-Olas-I-For-Sale-21-2048x1152.jpg"},"post-thumbnail":{"file":"Large-unit-Vista-Mar-Las-Olas-I-For-Sale-21-150x84.jpg","width":150,"height":84,"mime-type":"image\/jpeg","filesize":33236,"url":"https:\/\/panama-equity-media.s3.amazonaws.com\/wp-content\/uploads\/2024\/07\/20190838\/Large-unit-Vista-Mar-Las-Olas-I-For-Sale-21-150x84.jpg"},"modern-property-child-slider":{"file":"Large-unit-Vista-Mar-Las-Olas-I-For-Sale-21-680x510.jpg","width":680,"height":510,"mime-type":"image\/jpeg","filesize":107161,"url":"https:\/\/panama-equity-media.s3.amazonaws.com\/wp-content\/uploads\/2024\/07\/20190838\/Large-unit-Vista-Mar-Las-Olas-I-For-Sale-21-680x510.jpg"},"property-thumb-image":{"file":"Large-unit-Vista-Mar-Las-Olas-I-For-Sale-21-488x326.jpg","width":488,"height":326,"mime-type":"image\/jpeg","filesize":68465,"url":"https:\/\/panama-equity-media.s3.amazonaws.com\/wp-content\/uploads\/2024\/07\/20190838\/Large-unit-Vista-Mar-Las-Olas-I-For-Sale-21-488x326.jpg"},"property-detail-video-image":{"file":"Large-unit-Vista-Mar-Las-Olas-I-For-Sale-21-818x417.jpg","width":818,"height":417,"mime-type":"image\/jpeg","filesize":107827,"url":"https:\/\/panama-equity-media.s3.amazonaws.com\/wp-content\/uploads\/2024\/07\/20190838\/Large-unit-Vista-Mar-Las-Olas-I-For-Sale-21-818x417.jpg"},"agent-image":{"file":"Large-unit-Vista-Mar-Las-Olas-I-For-Sale-21-210x210.jpg","width":210,"height":210,"mime-type":"image\/jpeg","filesize":41426,"url":"https:\/\/panama-equity-media.s3.amazonaws.com\/wp-content\/uploads\/2024\/07\/20190838\/Large-unit-Vista-Mar-Las-Olas-I-For-Sale-21-210x210.jpg"},"post-featured-image":{"file":"Large-unit-Vista-Mar-Las-Olas-I-For-Sale-21-1240x720.jpg","width":1240,"height":720,"mime-type":"image\/jpeg","filesize":207209,"url":"https:\/\/panama-equity-media.s3.amazonaws.com\/wp-content\/uploads\/2024\/07\/20190838\/Large-unit-Vista-Mar-Las-Olas-I-For-Sale-21-1240x720.jpg"},"gform-image-choice-sm":{"file":"Large-unit-Vista-Mar-Las-Olas-I-For-Sale-21-300x300.jpg","width":300,"height":300,"mime-type":"image\/jpeg","filesize":52329,"url":"https:\/\/panama-equity-media.s3.amazonaws.com\/wp-content\/uploads\/2024\/07\/20190838\/Large-unit-Vista-Mar-Las-Olas-I-For-Sale-21-300x300.jpg"},"gform-image-choice-md":{"file":"Large-unit-Vista-Mar-Las-Olas-I-For-Sale-21-400x400.jpg","width":400,"height":400,"mime-type":"image\/jpeg","filesize":66977,"url":"https:\/\/panama-equity-media.s3.amazonaws.com\/wp-content\/uploads\/2024\/07\/20190838\/Large-unit-Vista-Mar-Las-Olas-I-For-Sale-21-400x400.jpg"},"gform-image-choice-lg":{"file":"Large-unit-Vista-Mar-Las-Olas-I-For-Sale-21-600x600.jpg","width":600,"height":600,"mime-type":"image\/jpeg","filesize":106664,"url":"https:\/\/panama-equity-media.s3.amazonaws.com\/wp-content\/uploads\/2024\/07\/20190838\/Large-unit-Vista-Mar-Las-Olas-I-For-Sale-21-600x600.jpg"}},"image_meta":{"aperture":"8","credit":"","camera":"ILCE-6400","caption":"","created_timestamp":"1720543941","copyright":"","focal_length":"16","iso":"160","shutter_speed":"0.0015625","title":"","orientation":"0","keywords":[]},"original_image":"Large-unit-Vista-Mar-Las-Olas-I-For-Sale-21.jpg","ID":"135625","name":"Large-unit-Vista-Mar-Las-Olas-I-For-Sale-21-scaled.jpg","path":"https:\/\/panama-equity-media.s3.amazonaws.com\/wp-content\/uploads\/2024\/07\/20190838\/Large-unit-Vista-Mar-Las-Olas-I-For-Sale-21-scaled.jpg","url":"https:\/\/panama-equity-media.s3.amazonaws.com\/wp-content\/uploads\/2024\/07\/20190838\/Large-unit-Vista-Mar-Las-Olas-I-For-Sale-21-150x150.jpg","full_url":"https:\/\/panama-equity-media.s3.amazonaws.com\/wp-content\/uploads\/2024\/07\/20190838\/Large-unit-Vista-Mar-Las-Olas-I-For-Sale-21-scaled.jpg","title":"Vista Mar Las Olas I  Panama condo for Sale","caption":"","description":"","alt":"Vista Mar Las Olas I Panama condo for Sale","srcset":"https:\/\/panama-equity-media.s3.amazonaws.com\/wp-content\/uploads\/2024\/07\/20190838\/Large-unit-Vista-Mar-Las-Olas-I-For-Sale-21-150x150.jpg 150w, https:\/\/panama-equity-media.s3.amazonaws.com\/wp-content\/uploads\/2024\/07\/20190838\/Large-unit-Vista-Mar-Las-Olas-I-For-Sale-21-210x210.jpg 210w, https:\/\/panama-equity-media.s3.amazonaws.com\/wp-content\/uploads\/2024\/07\/20190838\/Large-unit-Vista-Mar-Las-Olas-I-For-Sale-21-scaled.jpg 300w, https:\/\/panama-equity-media.s3.amazonaws.com\/wp-content\/uploads\/2024\/07\/20190838\/Large-unit-Vista-Mar-Las-Olas-I-For-Sale-21-scaled.jpg 400w, https:\/\/panama-equity-media.s3.amazonaws.com\/wp-content\/uploads\/2024\/07\/20190838\/Large-unit-Vista-Mar-Las-Olas-I-For-Sale-21-scaled.jpg 600w"},{"width":150,"height":150,"file":"2024\/07\/Large-unit-Vista-Mar-Las-Olas-I-For-Sale-22-scaled.jpg","filesize":533273,"sizes":{"medium":{"file":"Large-unit-Vista-Mar-Las-Olas-I-For-Sale-22-300x169.jpg","width":300,"height":169,"mime-type":"image\/jpeg","filesize":39348,"url":"https:\/\/panama-equity-media.s3.amazonaws.com\/wp-content\/uploads\/2024\/07\/20190833\/Large-unit-Vista-Mar-Las-Olas-I-For-Sale-22-300x169.jpg"},"large":{"file":"Large-unit-Vista-Mar-Las-Olas-I-For-Sale-22-1024x576.jpg","width":1024,"height":576,"mime-type":"image\/jpeg","filesize":126922,"url":"https:\/\/panama-equity-media.s3.amazonaws.com\/wp-content\/uploads\/2024\/07\/20190833\/Large-unit-Vista-Mar-Las-Olas-I-For-Sale-22-1024x576.jpg"},"thumbnail":{"file":"Large-unit-Vista-Mar-Las-Olas-I-For-Sale-22-150x150.jpg","width":150,"height":150,"mime-type":"image\/jpeg","filesize":32770,"url":"https:\/\/panama-equity-media.s3.amazonaws.com\/wp-content\/uploads\/2024\/07\/20190833\/Large-unit-Vista-Mar-Las-Olas-I-For-Sale-22-150x150.jpg"},"medium_large":{"file":"Large-unit-Vista-Mar-Las-Olas-I-For-Sale-22-768x432.jpg","width":768,"height":432,"mime-type":"image\/jpeg","filesize":87647,"url":"https:\/\/panama-equity-media.s3.amazonaws.com\/wp-content\/uploads\/2024\/07\/20190833\/Large-unit-Vista-Mar-Las-Olas-I-For-Sale-22-768x432.jpg"},"1536x1536":{"file":"Large-unit-Vista-Mar-Las-Olas-I-For-Sale-22-1536x864.jpg","width":1536,"height":864,"mime-type":"image\/jpeg","filesize":229498,"url":"https:\/\/panama-equity-media.s3.amazonaws.com\/wp-content\/uploads\/2024\/07\/20190833\/Large-unit-Vista-Mar-Las-Olas-I-For-Sale-22-1536x864.jpg"},"2048x2048":{"file":"Large-unit-Vista-Mar-Las-Olas-I-For-Sale-22-2048x1152.jpg","width":2048,"height":1152,"mime-type":"image\/jpeg","filesize":365035,"url":"https:\/\/panama-equity-media.s3.amazonaws.com\/wp-content\/uploads\/2024\/07\/20190833\/Large-unit-Vista-Mar-Las-Olas-I-For-Sale-22-2048x1152.jpg"},"post-thumbnail":{"file":"Large-unit-Vista-Mar-Las-Olas-I-For-Sale-22-150x84.jpg","width":150,"height":84,"mime-type":"image\/jpeg","filesize":30472,"url":"https:\/\/panama-equity-media.s3.amazonaws.com\/wp-content\/uploads\/2024\/07\/20190833\/Large-unit-Vista-Mar-Las-Olas-I-For-Sale-22-150x84.jpg"},"modern-property-child-slider":{"file":"Large-unit-Vista-Mar-Las-Olas-I-For-Sale-22-680x510.jpg","width":680,"height":510,"mime-type":"image\/jpeg","filesize":90054,"url":"https:\/\/panama-equity-media.s3.amazonaws.com\/wp-content\/uploads\/2024\/07\/20190833\/Large-unit-Vista-Mar-Las-Olas-I-For-Sale-22-680x510.jpg"},"property-thumb-image":{"file":"Large-unit-Vista-Mar-Las-Olas-I-For-Sale-22-488x326.jpg","width":488,"height":326,"mime-type":"image\/jpeg","filesize":59272,"url":"https:\/\/panama-equity-media.s3.amazonaws.com\/wp-content\/uploads\/2024\/07\/20190833\/Large-unit-Vista-Mar-Las-Olas-I-For-Sale-22-488x326.jpg"},"property-detail-video-image":{"file":"Large-unit-Vista-Mar-Las-Olas-I-For-Sale-22-818x417.jpg","width":818,"height":417,"mime-type":"image\/jpeg","filesize":91010,"url":"https:\/\/panama-equity-media.s3.amazonaws.com\/wp-content\/uploads\/2024\/07\/20190833\/Large-unit-Vista-Mar-Las-Olas-I-For-Sale-22-818x417.jpg"},"agent-image":{"file":"Large-unit-Vista-Mar-Las-Olas-I-For-Sale-22-210x210.jpg","width":210,"height":210,"mime-type":"image\/jpeg","filesize":37729,"url":"https:\/\/panama-equity-media.s3.amazonaws.com\/wp-content\/uploads\/2024\/07\/20190833\/Large-unit-Vista-Mar-Las-Olas-I-For-Sale-22-210x210.jpg"},"post-featured-image":{"file":"Large-unit-Vista-Mar-Las-Olas-I-For-Sale-22-1240x720.jpg","width":1240,"height":720,"mime-type":"image\/jpeg","filesize":169819,"url":"https:\/\/panama-equity-media.s3.amazonaws.com\/wp-content\/uploads\/2024\/07\/20190833\/Large-unit-Vista-Mar-Las-Olas-I-For-Sale-22-1240x720.jpg"},"gform-image-choice-sm":{"file":"Large-unit-Vista-Mar-Las-Olas-I-For-Sale-22-300x300.jpg","width":300,"height":300,"mime-type":"image\/jpeg","filesize":46800,"url":"https:\/\/panama-equity-media.s3.amazonaws.com\/wp-content\/uploads\/2024\/07\/20190833\/Large-unit-Vista-Mar-Las-Olas-I-For-Sale-22-300x300.jpg"},"gform-image-choice-md":{"file":"Large-unit-Vista-Mar-Las-Olas-I-For-Sale-22-400x400.jpg","width":400,"height":400,"mime-type":"image\/jpeg","filesize":58877,"url":"https:\/\/panama-equity-media.s3.amazonaws.com\/wp-content\/uploads\/2024\/07\/20190833\/Large-unit-Vista-Mar-Las-Olas-I-For-Sale-22-400x400.jpg"},"gform-image-choice-lg":{"file":"Large-unit-Vista-Mar-Las-Olas-I-For-Sale-22-600x600.jpg","width":600,"height":600,"mime-type":"image\/jpeg","filesize":91831,"url":"https:\/\/panama-equity-media.s3.amazonaws.com\/wp-content\/uploads\/2024\/07\/20190833\/Large-unit-Vista-Mar-Las-Olas-I-For-Sale-22-600x600.jpg"}},"image_meta":{"aperture":"8","credit":"","camera":"ILCE-6400","caption":"","created_timestamp":"1720543950","copyright":"","focal_length":"16","iso":"160","shutter_speed":"0.0015625","title":"","orientation":"0","keywords":[]},"original_image":"Large-unit-Vista-Mar-Las-Olas-I-For-Sale-22.jpg","ID":"135631","name":"Large-unit-Vista-Mar-Las-Olas-I-For-Sale-22-scaled.jpg","path":"https:\/\/panama-equity-media.s3.amazonaws.com\/wp-content\/uploads\/2024\/07\/20190833\/Large-unit-Vista-Mar-Las-Olas-I-For-Sale-22-scaled.jpg","url":"https:\/\/panama-equity-media.s3.amazonaws.com\/wp-content\/uploads\/2024\/07\/20190833\/Large-unit-Vista-Mar-Las-Olas-I-For-Sale-22-150x150.jpg","full_url":"https:\/\/panama-equity-media.s3.amazonaws.com\/wp-content\/uploads\/2024\/07\/20190833\/Large-unit-Vista-Mar-Las-Olas-I-For-Sale-22-scaled.jpg","title":"Vista Mar Las Olas I  Panama condo for Sale","caption":"","description":"","alt":"Vista Mar Las Olas I Panama condo for Sale","srcset":"https:\/\/panama-equity-media.s3.amazonaws.com\/wp-content\/uploads\/2024\/07\/20190833\/Large-unit-Vista-Mar-Las-Olas-I-For-Sale-22-150x150.jpg 150w, https:\/\/panama-equity-media.s3.amazonaws.com\/wp-content\/uploads\/2024\/07\/20190833\/Large-unit-Vista-Mar-Las-Olas-I-For-Sale-22-210x210.jpg 210w, https:\/\/panama-equity-media.s3.amazonaws.com\/wp-content\/uploads\/2024\/07\/20190833\/Large-unit-Vista-Mar-Las-Olas-I-For-Sale-22-scaled.jpg 300w, https:\/\/panama-equity-media.s3.amazonaws.com\/wp-content\/uploads\/2024\/07\/20190833\/Large-unit-Vista-Mar-Las-Olas-I-For-Sale-22-scaled.jpg 400w, https:\/\/panama-equity-media.s3.amazonaws.com\/wp-content\/uploads\/2024\/07\/20190833\/Large-unit-Vista-Mar-Las-Olas-I-For-Sale-22-scaled.jpg 600w"},{"width":150,"height":150,"file":"2024\/07\/Large-unit-Vista-Mar-Las-Olas-I-For-Sale-25-scaled.jpg","filesize":369883,"sizes":{"medium":{"file":"Large-unit-Vista-Mar-Las-Olas-I-For-Sale-25-300x169.jpg","width":300,"height":169,"mime-type":"image\/jpeg","filesize":31757,"url":"https:\/\/panama-equity-media.s3.amazonaws.com\/wp-content\/uploads\/2024\/07\/20190827\/Large-unit-Vista-Mar-Las-Olas-I-For-Sale-25-300x169.jpg"},"large":{"file":"Large-unit-Vista-Mar-Las-Olas-I-For-Sale-25-1024x576.jpg","width":1024,"height":576,"mime-type":"image\/jpeg","filesize":89630,"url":"https:\/\/panama-equity-media.s3.amazonaws.com\/wp-content\/uploads\/2024\/07\/20190827\/Large-unit-Vista-Mar-Las-Olas-I-For-Sale-25-1024x576.jpg"},"thumbnail":{"file":"Large-unit-Vista-Mar-Las-Olas-I-For-Sale-25-150x150.jpg","width":150,"height":150,"mime-type":"image\/jpeg","filesize":27568,"url":"https:\/\/panama-equity-media.s3.amazonaws.com\/wp-content\/uploads\/2024\/07\/20190827\/Large-unit-Vista-Mar-Las-Olas-I-For-Sale-25-150x150.jpg"},"medium_large":{"file":"Large-unit-Vista-Mar-Las-Olas-I-For-Sale-25-768x432.jpg","width":768,"height":432,"mime-type":"image\/jpeg","filesize":63377,"url":"https:\/\/panama-equity-media.s3.amazonaws.com\/wp-content\/uploads\/2024\/07\/20190827\/Large-unit-Vista-Mar-Las-Olas-I-For-Sale-25-768x432.jpg"},"1536x1536":{"file":"Large-unit-Vista-Mar-Las-Olas-I-For-Sale-25-1536x864.jpg","width":1536,"height":864,"mime-type":"image\/jpeg","filesize":158480,"url":"https:\/\/panama-equity-media.s3.amazonaws.com\/wp-content\/uploads\/2024\/07\/20190827\/Large-unit-Vista-Mar-Las-Olas-I-For-Sale-25-1536x864.jpg"},"2048x2048":{"file":"Large-unit-Vista-Mar-Las-Olas-I-For-Sale-25-2048x1152.jpg","width":2048,"height":1152,"mime-type":"image\/jpeg","filesize":250478,"url":"https:\/\/panama-equity-media.s3.amazonaws.com\/wp-content\/uploads\/2024\/07\/20190827\/Large-unit-Vista-Mar-Las-Olas-I-For-Sale-25-2048x1152.jpg"},"post-thumbnail":{"file":"Large-unit-Vista-Mar-Las-Olas-I-For-Sale-25-150x84.jpg","width":150,"height":84,"mime-type":"image\/jpeg","filesize":25927,"url":"https:\/\/panama-equity-media.s3.amazonaws.com\/wp-content\/uploads\/2024\/07\/20190827\/Large-unit-Vista-Mar-Las-Olas-I-For-Sale-25-150x84.jpg"},"modern-property-child-slider":{"file":"Large-unit-Vista-Mar-Las-Olas-I-For-Sale-25-680x510.jpg","width":680,"height":510,"mime-type":"image\/jpeg","filesize":63688,"url":"https:\/\/panama-equity-media.s3.amazonaws.com\/wp-content\/uploads\/2024\/07\/20190827\/Large-unit-Vista-Mar-Las-Olas-I-For-Sale-25-680x510.jpg"},"property-thumb-image":{"file":"Large-unit-Vista-Mar-Las-Olas-I-For-Sale-25-488x326.jpg","width":488,"height":326,"mime-type":"image\/jpeg","filesize":43969,"url":"https:\/\/panama-equity-media.s3.amazonaws.com\/wp-content\/uploads\/2024\/07\/20190827\/Large-unit-Vista-Mar-Las-Olas-I-For-Sale-25-488x326.jpg"},"property-detail-video-image":{"file":"Large-unit-Vista-Mar-Las-Olas-I-For-Sale-25-818x417.jpg","width":818,"height":417,"mime-type":"image\/jpeg","filesize":64960,"url":"https:\/\/panama-equity-media.s3.amazonaws.com\/wp-content\/uploads\/2024\/07\/20190827\/Large-unit-Vista-Mar-Las-Olas-I-For-Sale-25-818x417.jpg"},"agent-image":{"file":"Large-unit-Vista-Mar-Las-Olas-I-For-Sale-25-210x210.jpg","width":210,"height":210,"mime-type":"image\/jpeg","filesize":30750,"url":"https:\/\/panama-equity-media.s3.amazonaws.com\/wp-content\/uploads\/2024\/07\/20190827\/Large-unit-Vista-Mar-Las-Olas-I-For-Sale-25-210x210.jpg"},"post-featured-image":{"file":"Large-unit-Vista-Mar-Las-Olas-I-For-Sale-25-1240x720.jpg","width":1240,"height":720,"mime-type":"image\/jpeg","filesize":117374,"url":"https:\/\/panama-equity-media.s3.amazonaws.com\/wp-content\/uploads\/2024\/07\/20190827\/Large-unit-Vista-Mar-Las-Olas-I-For-Sale-25-1240x720.jpg"},"gform-image-choice-sm":{"file":"Large-unit-Vista-Mar-Las-Olas-I-For-Sale-25-300x300.jpg","width":300,"height":300,"mime-type":"image\/jpeg","filesize":36765,"url":"https:\/\/panama-equity-media.s3.amazonaws.com\/wp-content\/uploads\/2024\/07\/20190827\/Large-unit-Vista-Mar-Las-Olas-I-For-Sale-25-300x300.jpg"},"gform-image-choice-md":{"file":"Large-unit-Vista-Mar-Las-Olas-I-For-Sale-25-400x400.jpg","width":400,"height":400,"mime-type":"image\/jpeg","filesize":44632,"url":"https:\/\/panama-equity-media.s3.amazonaws.com\/wp-content\/uploads\/2024\/07\/20190827\/Large-unit-Vista-Mar-Las-Olas-I-For-Sale-25-400x400.jpg"},"gform-image-choice-lg":{"file":"Large-unit-Vista-Mar-Las-Olas-I-For-Sale-25-600x600.jpg","width":600,"height":600,"mime-type":"image\/jpeg","filesize":65859,"url":"https:\/\/panama-equity-media.s3.amazonaws.com\/wp-content\/uploads\/2024\/07\/20190827\/Large-unit-Vista-Mar-Las-Olas-I-For-Sale-25-600x600.jpg"}},"image_meta":{"aperture":"5.6","credit":"","camera":"ILCE-6400","caption":"","created_timestamp":"1720544088","copyright":"","focal_length":"16","iso":"800","shutter_speed":"0.008","title":"","orientation":"0","keywords":[]},"original_image":"Large-unit-Vista-Mar-Las-Olas-I-For-Sale-25.jpg","ID":"135637","name":"Large-unit-Vista-Mar-Las-Olas-I-For-Sale-25-scaled.jpg","path":"https:\/\/panama-equity-media.s3.amazonaws.com\/wp-content\/uploads\/2024\/07\/20190827\/Large-unit-Vista-Mar-Las-Olas-I-For-Sale-25-scaled.jpg","url":"https:\/\/panama-equity-media.s3.amazonaws.com\/wp-content\/uploads\/2024\/07\/20190827\/Large-unit-Vista-Mar-Las-Olas-I-For-Sale-25-150x150.jpg","full_url":"https:\/\/panama-equity-media.s3.amazonaws.com\/wp-content\/uploads\/2024\/07\/20190827\/Large-unit-Vista-Mar-Las-Olas-I-For-Sale-25-scaled.jpg","title":"Vista Mar Las Olas I  Panama condo for Sale","caption":"","description":"","alt":"Vista Mar Las Olas I Panama condo for Sale","srcset":"https:\/\/panama-equity-media.s3.amazonaws.com\/wp-content\/uploads\/2024\/07\/20190827\/Large-unit-Vista-Mar-Las-Olas-I-For-Sale-25-150x150.jpg 150w, https:\/\/panama-equity-media.s3.amazonaws.com\/wp-content\/uploads\/2024\/07\/20190827\/Large-unit-Vista-Mar-Las-Olas-I-For-Sale-25-210x210.jpg 210w, https:\/\/panama-equity-media.s3.amazonaws.com\/wp-content\/uploads\/2024\/07\/20190827\/Large-unit-Vista-Mar-Las-Olas-I-For-Sale-25-scaled.jpg 300w, https:\/\/panama-equity-media.s3.amazonaws.com\/wp-content\/uploads\/2024\/07\/20190827\/Large-unit-Vista-Mar-Las-Olas-I-For-Sale-25-scaled.jpg 400w, https:\/\/panama-equity-media.s3.amazonaws.com\/wp-content\/uploads\/2024\/07\/20190827\/Large-unit-Vista-Mar-Las-Olas-I-For-Sale-25-scaled.jpg 600w"},{"width":150,"height":150,"file":"2024\/07\/Large-unit-Vista-Mar-Las-Olas-I-For-Sale-24-scaled.jpg","filesize":367856,"sizes":{"medium":{"file":"Large-unit-Vista-Mar-Las-Olas-I-For-Sale-24-300x169.jpg","width":300,"height":169,"mime-type":"image\/jpeg","filesize":31345,"url":"https:\/\/panama-equity-media.s3.amazonaws.com\/wp-content\/uploads\/2024\/07\/20190837\/Large-unit-Vista-Mar-Las-Olas-I-For-Sale-24-300x169.jpg"},"large":{"file":"Large-unit-Vista-Mar-Las-Olas-I-For-Sale-24-1024x576.jpg","width":1024,"height":576,"mime-type":"image\/jpeg","filesize":88200,"url":"https:\/\/panama-equity-media.s3.amazonaws.com\/wp-content\/uploads\/2024\/07\/20190837\/Large-unit-Vista-Mar-Las-Olas-I-For-Sale-24-1024x576.jpg"},"thumbnail":{"file":"Large-unit-Vista-Mar-Las-Olas-I-For-Sale-24-150x150.jpg","width":150,"height":150,"mime-type":"image\/jpeg","filesize":26948,"url":"https:\/\/panama-equity-media.s3.amazonaws.com\/wp-content\/uploads\/2024\/07\/20190837\/Large-unit-Vista-Mar-Las-Olas-I-For-Sale-24-150x150.jpg"},"medium_large":{"file":"Large-unit-Vista-Mar-Las-Olas-I-For-Sale-24-768x432.jpg","width":768,"height":432,"mime-type":"image\/jpeg","filesize":62548,"url":"https:\/\/panama-equity-media.s3.amazonaws.com\/wp-content\/uploads\/2024\/07\/20190837\/Large-unit-Vista-Mar-Las-Olas-I-For-Sale-24-768x432.jpg"},"1536x1536":{"file":"Large-unit-Vista-Mar-Las-Olas-I-For-Sale-24-1536x864.jpg","width":1536,"height":864,"mime-type":"image\/jpeg","filesize":157016,"url":"https:\/\/panama-equity-media.s3.amazonaws.com\/wp-content\/uploads\/2024\/07\/20190837\/Large-unit-Vista-Mar-Las-Olas-I-For-Sale-24-1536x864.jpg"},"2048x2048":{"file":"Large-unit-Vista-Mar-Las-Olas-I-For-Sale-24-2048x1152.jpg","width":2048,"height":1152,"mime-type":"image\/jpeg","filesize":248369,"url":"https:\/\/panama-equity-media.s3.amazonaws.com\/wp-content\/uploads\/2024\/07\/20190837\/Large-unit-Vista-Mar-Las-Olas-I-For-Sale-24-2048x1152.jpg"},"post-thumbnail":{"file":"Large-unit-Vista-Mar-Las-Olas-I-For-Sale-24-150x84.jpg","width":150,"height":84,"mime-type":"image\/jpeg","filesize":25733,"url":"https:\/\/panama-equity-media.s3.amazonaws.com\/wp-content\/uploads\/2024\/07\/20190837\/Large-unit-Vista-Mar-Las-Olas-I-For-Sale-24-150x84.jpg"},"modern-property-child-slider":{"file":"Large-unit-Vista-Mar-Las-Olas-I-For-Sale-24-680x510.jpg","width":680,"height":510,"mime-type":"image\/jpeg","filesize":65404,"url":"https:\/\/panama-equity-media.s3.amazonaws.com\/wp-content\/uploads\/2024\/07\/20190837\/Large-unit-Vista-Mar-Las-Olas-I-For-Sale-24-680x510.jpg"},"property-thumb-image":{"file":"Large-unit-Vista-Mar-Las-Olas-I-For-Sale-24-488x326.jpg","width":488,"height":326,"mime-type":"image\/jpeg","filesize":44492,"url":"https:\/\/panama-equity-media.s3.amazonaws.com\/wp-content\/uploads\/2024\/07\/20190837\/Large-unit-Vista-Mar-Las-Olas-I-For-Sale-24-488x326.jpg"},"property-detail-video-image":{"file":"Large-unit-Vista-Mar-Las-Olas-I-For-Sale-24-818x417.jpg","width":818,"height":417,"mime-type":"image\/jpeg","filesize":63989,"url":"https:\/\/panama-equity-media.s3.amazonaws.com\/wp-content\/uploads\/2024\/07\/20190837\/Large-unit-Vista-Mar-Las-Olas-I-For-Sale-24-818x417.jpg"},"agent-image":{"file":"Large-unit-Vista-Mar-Las-Olas-I-For-Sale-24-210x210.jpg","width":210,"height":210,"mime-type":"image\/jpeg","filesize":30131,"url":"https:\/\/panama-equity-media.s3.amazonaws.com\/wp-content\/uploads\/2024\/07\/20190837\/Large-unit-Vista-Mar-Las-Olas-I-For-Sale-24-210x210.jpg"},"post-featured-image":{"file":"Large-unit-Vista-Mar-Las-Olas-I-For-Sale-24-1240x720.jpg","width":1240,"height":720,"mime-type":"image\/jpeg","filesize":116727,"url":"https:\/\/panama-equity-media.s3.amazonaws.com\/wp-content\/uploads\/2024\/07\/20190837\/Large-unit-Vista-Mar-Las-Olas-I-For-Sale-24-1240x720.jpg"},"gform-image-choice-sm":{"file":"Large-unit-Vista-Mar-Las-Olas-I-For-Sale-24-300x300.jpg","width":300,"height":300,"mime-type":"image\/jpeg","filesize":35897,"url":"https:\/\/panama-equity-media.s3.amazonaws.com\/wp-content\/uploads\/2024\/07\/20190837\/Large-unit-Vista-Mar-Las-Olas-I-For-Sale-24-300x300.jpg"},"gform-image-choice-md":{"file":"Large-unit-Vista-Mar-Las-Olas-I-For-Sale-24-400x400.jpg","width":400,"height":400,"mime-type":"image\/jpeg","filesize":43744,"url":"https:\/\/panama-equity-media.s3.amazonaws.com\/wp-content\/uploads\/2024\/07\/20190837\/Large-unit-Vista-Mar-Las-Olas-I-For-Sale-24-400x400.jpg"},"gform-image-choice-lg":{"file":"Large-unit-Vista-Mar-Las-Olas-I-For-Sale-24-600x600.jpg","width":600,"height":600,"mime-type":"image\/jpeg","filesize":65886,"url":"https:\/\/panama-equity-media.s3.amazonaws.com\/wp-content\/uploads\/2024\/07\/20190837\/Large-unit-Vista-Mar-Las-Olas-I-For-Sale-24-600x600.jpg"}},"image_meta":{"aperture":"5.6","credit":"","camera":"ILCE-6400","caption":"","created_timestamp":"1720544061","copyright":"","focal_length":"16","iso":"800","shutter_speed":"0.0125","title":"","orientation":"0","keywords":[]},"original_image":"Large-unit-Vista-Mar-Las-Olas-I-For-Sale-24.jpg","ID":"135627","name":"Large-unit-Vista-Mar-Las-Olas-I-For-Sale-24-scaled.jpg","path":"https:\/\/panama-equity-media.s3.amazonaws.com\/wp-content\/uploads\/2024\/07\/20190837\/Large-unit-Vista-Mar-Las-Olas-I-For-Sale-24-scaled.jpg","url":"https:\/\/panama-equity-media.s3.amazonaws.com\/wp-content\/uploads\/2024\/07\/20190837\/Large-unit-Vista-Mar-Las-Olas-I-For-Sale-24-150x150.jpg","full_url":"https:\/\/panama-equity-media.s3.amazonaws.com\/wp-content\/uploads\/2024\/07\/20190837\/Large-unit-Vista-Mar-Las-Olas-I-For-Sale-24-scaled.jpg","title":"Vista Mar Las Olas I  Panama condo for Sale","caption":"","description":"","alt":"Vista Mar Las Olas I Panama condo for Sale","srcset":"https:\/\/panama-equity-media.s3.amazonaws.com\/wp-content\/uploads\/2024\/07\/20190837\/Large-unit-Vista-Mar-Las-Olas-I-For-Sale-24-150x150.jpg 150w, https:\/\/panama-equity-media.s3.amazonaws.com\/wp-content\/uploads\/2024\/07\/20190837\/Large-unit-Vista-Mar-Las-Olas-I-For-Sale-24-210x210.jpg 210w, https:\/\/panama-equity-media.s3.amazonaws.com\/wp-content\/uploads\/2024\/07\/20190837\/Large-unit-Vista-Mar-Las-Olas-I-For-Sale-24-scaled.jpg 300w, https:\/\/panama-equity-media.s3.amazonaws.com\/wp-content\/uploads\/2024\/07\/20190837\/Large-unit-Vista-Mar-Las-Olas-I-For-Sale-24-scaled.jpg 400w, https:\/\/panama-equity-media.s3.amazonaws.com\/wp-content\/uploads\/2024\/07\/20190837\/Large-unit-Vista-Mar-Las-Olas-I-For-Sale-24-scaled.jpg 600w"},{"width":150,"height":150,"file":"2024\/07\/Large-unit-Vista-Mar-Las-Olas-I-For-Sale-18-scaled.jpg","filesize":239931,"sizes":{"medium":{"file":"Large-unit-Vista-Mar-Las-Olas-I-For-Sale-18-300x169.jpg","width":300,"height":169,"mime-type":"image\/jpeg","filesize":29424,"url":"https:\/\/panama-equity-media.s3.amazonaws.com\/wp-content\/uploads\/2024\/07\/20190846\/Large-unit-Vista-Mar-Las-Olas-I-For-Sale-18-300x169.jpg"},"large":{"file":"Large-unit-Vista-Mar-Las-Olas-I-For-Sale-18-1024x576.jpg","width":1024,"height":576,"mime-type":"image\/jpeg","filesize":64779,"url":"https:\/\/panama-equity-media.s3.amazonaws.com\/wp-content\/uploads\/2024\/07\/20190846\/Large-unit-Vista-Mar-Las-Olas-I-For-Sale-18-1024x576.jpg"},"thumbnail":{"file":"Large-unit-Vista-Mar-Las-Olas-I-For-Sale-18-150x150.jpg","width":150,"height":150,"mime-type":"image\/jpeg","filesize":25125,"url":"https:\/\/panama-equity-media.s3.amazonaws.com\/wp-content\/uploads\/2024\/07\/20190846\/Large-unit-Vista-Mar-Las-Olas-I-For-Sale-18-150x150.jpg"},"medium_large":{"file":"Large-unit-Vista-Mar-Las-Olas-I-For-Sale-18-768x432.jpg","width":768,"height":432,"mime-type":"image\/jpeg","filesize":49790,"url":"https:\/\/panama-equity-media.s3.amazonaws.com\/wp-content\/uploads\/2024\/07\/20190846\/Large-unit-Vista-Mar-Las-Olas-I-For-Sale-18-768x432.jpg"},"1536x1536":{"file":"Large-unit-Vista-Mar-Las-Olas-I-For-Sale-18-1536x864.jpg","width":1536,"height":864,"mime-type":"image\/jpeg","filesize":104580,"url":"https:\/\/panama-equity-media.s3.amazonaws.com\/wp-content\/uploads\/2024\/07\/20190846\/Large-unit-Vista-Mar-Las-Olas-I-For-Sale-18-1536x864.jpg"},"2048x2048":{"file":"Large-unit-Vista-Mar-Las-Olas-I-For-Sale-18-2048x1152.jpg","width":2048,"height":1152,"mime-type":"image\/jpeg","filesize":161366,"url":"https:\/\/panama-equity-media.s3.amazonaws.com\/wp-content\/uploads\/2024\/07\/20190846\/Large-unit-Vista-Mar-Las-Olas-I-For-Sale-18-2048x1152.jpg"},"post-thumbnail":{"file":"Large-unit-Vista-Mar-Las-Olas-I-For-Sale-18-150x84.jpg","width":150,"height":84,"mime-type":"image\/jpeg","filesize":24630,"url":"https:\/\/panama-equity-media.s3.amazonaws.com\/wp-content\/uploads\/2024\/07\/20190846\/Large-unit-Vista-Mar-Las-Olas-I-For-Sale-18-150x84.jpg"},"modern-property-child-slider":{"file":"Large-unit-Vista-Mar-Las-Olas-I-For-Sale-18-680x510.jpg","width":680,"height":510,"mime-type":"image\/jpeg","filesize":46783,"url":"https:\/\/panama-equity-media.s3.amazonaws.com\/wp-content\/uploads\/2024\/07\/20190846\/Large-unit-Vista-Mar-Las-Olas-I-For-Sale-18-680x510.jpg"},"property-thumb-image":{"file":"Large-unit-Vista-Mar-Las-Olas-I-For-Sale-18-488x326.jpg","width":488,"height":326,"mime-type":"image\/jpeg","filesize":37110,"url":"https:\/\/panama-equity-media.s3.amazonaws.com\/wp-content\/uploads\/2024\/07\/20190846\/Large-unit-Vista-Mar-Las-Olas-I-For-Sale-18-488x326.jpg"},"property-detail-video-image":{"file":"Large-unit-Vista-Mar-Las-Olas-I-For-Sale-18-818x417.jpg","width":818,"height":417,"mime-type":"image\/jpeg","filesize":50634,"url":"https:\/\/panama-equity-media.s3.amazonaws.com\/wp-content\/uploads\/2024\/07\/20190846\/Large-unit-Vista-Mar-Las-Olas-I-For-Sale-18-818x417.jpg"},"agent-image":{"file":"Large-unit-Vista-Mar-Las-Olas-I-For-Sale-18-210x210.jpg","width":210,"height":210,"mime-type":"image\/jpeg","filesize":27184,"url":"https:\/\/panama-equity-media.s3.amazonaws.com\/wp-content\/uploads\/2024\/07\/20190846\/Large-unit-Vista-Mar-Las-Olas-I-For-Sale-18-210x210.jpg"},"post-featured-image":{"file":"Large-unit-Vista-Mar-Las-Olas-I-For-Sale-18-1240x720.jpg","width":1240,"height":720,"mime-type":"image\/jpeg","filesize":79663,"url":"https:\/\/panama-equity-media.s3.amazonaws.com\/wp-content\/uploads\/2024\/07\/20190846\/Large-unit-Vista-Mar-Las-Olas-I-For-Sale-18-1240x720.jpg"},"gform-image-choice-sm":{"file":"Large-unit-Vista-Mar-Las-Olas-I-For-Sale-18-300x300.jpg","width":300,"height":300,"mime-type":"image\/jpeg","filesize":30527,"url":"https:\/\/panama-equity-media.s3.amazonaws.com\/wp-content\/uploads\/2024\/07\/20190846\/Large-unit-Vista-Mar-Las-Olas-I-For-Sale-18-300x300.jpg"},"gform-image-choice-md":{"file":"Large-unit-Vista-Mar-Las-Olas-I-For-Sale-18-400x400.jpg","width":400,"height":400,"mime-type":"image\/jpeg","filesize":34571,"url":"https:\/\/panama-equity-media.s3.amazonaws.com\/wp-content\/uploads\/2024\/07\/20190846\/Large-unit-Vista-Mar-Las-Olas-I-For-Sale-18-400x400.jpg"},"gform-image-choice-lg":{"file":"Large-unit-Vista-Mar-Las-Olas-I-For-Sale-18-600x600.jpg","width":600,"height":600,"mime-type":"image\/jpeg","filesize":45674,"url":"https:\/\/panama-equity-media.s3.amazonaws.com\/wp-content\/uploads\/2024\/07\/20190846\/Large-unit-Vista-Mar-Las-Olas-I-For-Sale-18-600x600.jpg"}},"image_meta":{"aperture":"5.6","credit":"","camera":"ILCE-6400","caption":"","created_timestamp":"1720543776","copyright":"","focal_length":"16","iso":"800","shutter_speed":"0.05","title":"","orientation":"0","keywords":[]},"original_image":"Large-unit-Vista-Mar-Las-Olas-I-For-Sale-18.jpg","ID":"135619","name":"Large-unit-Vista-Mar-Las-Olas-I-For-Sale-18-scaled.jpg","path":"https:\/\/panama-equity-media.s3.amazonaws.com\/wp-content\/uploads\/2024\/07\/20190846\/Large-unit-Vista-Mar-Las-Olas-I-For-Sale-18-scaled.jpg","url":"https:\/\/panama-equity-media.s3.amazonaws.com\/wp-content\/uploads\/2024\/07\/20190846\/Large-unit-Vista-Mar-Las-Olas-I-For-Sale-18-150x150.jpg","full_url":"https:\/\/panama-equity-media.s3.amazonaws.com\/wp-content\/uploads\/2024\/07\/20190846\/Large-unit-Vista-Mar-Las-Olas-I-For-Sale-18-scaled.jpg","title":"Vista Mar Las Olas I  Panama condo for Sale","caption":"","description":"","alt":"Vista Mar Las Olas I Panama condo for Sale","srcset":"https:\/\/panama-equity-media.s3.amazonaws.com\/wp-content\/uploads\/2024\/07\/20190846\/Large-unit-Vista-Mar-Las-Olas-I-For-Sale-18-150x150.jpg 150w, https:\/\/panama-equity-media.s3.amazonaws.com\/wp-content\/uploads\/2024\/07\/20190846\/Large-unit-Vista-Mar-Las-Olas-I-For-Sale-18-210x210.jpg 210w, https:\/\/panama-equity-media.s3.amazonaws.com\/wp-content\/uploads\/2024\/07\/20190846\/Large-unit-Vista-Mar-Las-Olas-I-For-Sale-18-scaled.jpg 300w, https:\/\/panama-equity-media.s3.amazonaws.com\/wp-content\/uploads\/2024\/07\/20190846\/Large-unit-Vista-Mar-Las-Olas-I-For-Sale-18-scaled.jpg 400w, https:\/\/panama-equity-media.s3.amazonaws.com\/wp-content\/uploads\/2024\/07\/20190846\/Large-unit-Vista-Mar-Las-Olas-I-For-Sale-18-scaled.jpg 600w"},{"width":150,"height":150,"file":"2024\/07\/Large-unit-Vista-Mar-Las-Olas-I-For-Sale-23-scaled.jpg","filesize":222319,"sizes":{"medium":{"file":"Large-unit-Vista-Mar-Las-Olas-I-For-Sale-23-300x169.jpg","width":300,"height":169,"mime-type":"image\/jpeg","filesize":27733,"url":"https:\/\/panama-equity-media.s3.amazonaws.com\/wp-content\/uploads\/2024\/07\/20190835\/Large-unit-Vista-Mar-Las-Olas-I-For-Sale-23-300x169.jpg"},"large":{"file":"Large-unit-Vista-Mar-Las-Olas-I-For-Sale-23-1024x576.jpg","width":1024,"height":576,"mime-type":"image\/jpeg","filesize":60497,"url":"https:\/\/panama-equity-media.s3.amazonaws.com\/wp-content\/uploads\/2024\/07\/20190835\/Large-unit-Vista-Mar-Las-Olas-I-For-Sale-23-1024x576.jpg"},"thumbnail":{"file":"Large-unit-Vista-Mar-Las-Olas-I-For-Sale-23-150x150.jpg","width":150,"height":150,"mime-type":"image\/jpeg","filesize":23837,"url":"https:\/\/panama-equity-media.s3.amazonaws.com\/wp-content\/uploads\/2024\/07\/20190835\/Large-unit-Vista-Mar-Las-Olas-I-For-Sale-23-150x150.jpg"},"medium_large":{"file":"Large-unit-Vista-Mar-Las-Olas-I-For-Sale-23-768x432.jpg","width":768,"height":432,"mime-type":"image\/jpeg","filesize":46174,"url":"https:\/\/panama-equity-media.s3.amazonaws.com\/wp-content\/uploads\/2024\/07\/20190835\/Large-unit-Vista-Mar-Las-Olas-I-For-Sale-23-768x432.jpg"},"1536x1536":{"file":"Large-unit-Vista-Mar-Las-Olas-I-For-Sale-23-1536x864.jpg","width":1536,"height":864,"mime-type":"image\/jpeg","filesize":97812,"url":"https:\/\/panama-equity-media.s3.amazonaws.com\/wp-content\/uploads\/2024\/07\/20190835\/Large-unit-Vista-Mar-Las-Olas-I-For-Sale-23-1536x864.jpg"},"2048x2048":{"file":"Large-unit-Vista-Mar-Las-Olas-I-For-Sale-23-2048x1152.jpg","width":2048,"height":1152,"mime-type":"image\/jpeg","filesize":150127,"url":"https:\/\/panama-equity-media.s3.amazonaws.com\/wp-content\/uploads\/2024\/07\/20190835\/Large-unit-Vista-Mar-Las-Olas-I-For-Sale-23-2048x1152.jpg"},"post-thumbnail":{"file":"Large-unit-Vista-Mar-Las-Olas-I-For-Sale-23-150x84.jpg","width":150,"height":84,"mime-type":"image\/jpeg","filesize":23710,"url":"https:\/\/panama-equity-media.s3.amazonaws.com\/wp-content\/uploads\/2024\/07\/20190835\/Large-unit-Vista-Mar-Las-Olas-I-For-Sale-23-150x84.jpg"},"modern-property-child-slider":{"file":"Large-unit-Vista-Mar-Las-Olas-I-For-Sale-23-680x510.jpg","width":680,"height":510,"mime-type":"image\/jpeg","filesize":43907,"url":"https:\/\/panama-equity-media.s3.amazonaws.com\/wp-content\/uploads\/2024\/07\/20190835\/Large-unit-Vista-Mar-Las-Olas-I-For-Sale-23-680x510.jpg"},"property-thumb-image":{"file":"Large-unit-Vista-Mar-Las-Olas-I-For-Sale-23-488x326.jpg","width":488,"height":326,"mime-type":"image\/jpeg","filesize":34704,"url":"https:\/\/panama-equity-media.s3.amazonaws.com\/wp-content\/uploads\/2024\/07\/20190835\/Large-unit-Vista-Mar-Las-Olas-I-For-Sale-23-488x326.jpg"},"property-detail-video-image":{"file":"Large-unit-Vista-Mar-Las-Olas-I-For-Sale-23-818x417.jpg","width":818,"height":417,"mime-type":"image\/jpeg","filesize":44823,"url":"https:\/\/panama-equity-media.s3.amazonaws.com\/wp-content\/uploads\/2024\/07\/20190835\/Large-unit-Vista-Mar-Las-Olas-I-For-Sale-23-818x417.jpg"},"agent-image":{"file":"Large-unit-Vista-Mar-Las-Olas-I-For-Sale-23-210x210.jpg","width":210,"height":210,"mime-type":"image\/jpeg","filesize":25628,"url":"https:\/\/panama-equity-media.s3.amazonaws.com\/wp-content\/uploads\/2024\/07\/20190835\/Large-unit-Vista-Mar-Las-Olas-I-For-Sale-23-210x210.jpg"},"post-featured-image":{"file":"Large-unit-Vista-Mar-Las-Olas-I-For-Sale-23-1240x720.jpg","width":1240,"height":720,"mime-type":"image\/jpeg","filesize":75462,"url":"https:\/\/panama-equity-media.s3.amazonaws.com\/wp-content\/uploads\/2024\/07\/20190835\/Large-unit-Vista-Mar-Las-Olas-I-For-Sale-23-1240x720.jpg"},"gform-image-choice-sm":{"file":"Large-unit-Vista-Mar-Las-Olas-I-For-Sale-23-300x300.jpg","width":300,"height":300,"mime-type":"image\/jpeg","filesize":28352,"url":"https:\/\/panama-equity-media.s3.amazonaws.com\/wp-content\/uploads\/2024\/07\/20190835\/Large-unit-Vista-Mar-Las-Olas-I-For-Sale-23-300x300.jpg"},"gform-image-choice-md":{"file":"Large-unit-Vista-Mar-Las-Olas-I-For-Sale-23-400x400.jpg","width":400,"height":400,"mime-type":"image\/jpeg","filesize":31663,"url":"https:\/\/panama-equity-media.s3.amazonaws.com\/wp-content\/uploads\/2024\/07\/20190835\/Large-unit-Vista-Mar-Las-Olas-I-For-Sale-23-400x400.jpg"},"gform-image-choice-lg":{"file":"Large-unit-Vista-Mar-Las-Olas-I-For-Sale-23-600x600.jpg","width":600,"height":600,"mime-type":"image\/jpeg","filesize":41364,"url":"https:\/\/panama-equity-media.s3.amazonaws.com\/wp-content\/uploads\/2024\/07\/20190835\/Large-unit-Vista-Mar-Las-Olas-I-For-Sale-23-600x600.jpg"}},"image_meta":{"aperture":"5.6","credit":"","camera":"ILCE-6400","caption":"","created_timestamp":"1720544038","copyright":"","focal_length":"16","iso":"800","shutter_speed":"0.1","title":"","orientation":"0","keywords":[]},"original_image":"Large-unit-Vista-Mar-Las-Olas-I-For-Sale-23.jpg","ID":"135629","name":"Large-unit-Vista-Mar-Las-Olas-I-For-Sale-23-scaled.jpg","path":"https:\/\/panama-equity-media.s3.amazonaws.com\/wp-content\/uploads\/2024\/07\/20190835\/Large-unit-Vista-Mar-Las-Olas-I-For-Sale-23-scaled.jpg","url":"https:\/\/panama-equity-media.s3.amazonaws.com\/wp-content\/uploads\/2024\/07\/20190835\/Large-unit-Vista-Mar-Las-Olas-I-For-Sale-23-150x150.jpg","full_url":"https:\/\/panama-equity-media.s3.amazonaws.com\/wp-content\/uploads\/2024\/07\/20190835\/Large-unit-Vista-Mar-Las-Olas-I-For-Sale-23-scaled.jpg","title":"Vista Mar Las Olas I  Panama condo for Sale","caption":"","description":"","alt":"Vista Mar Las Olas I Panama condo for Sale","srcset":"https:\/\/panama-equity-media.s3.amazonaws.com\/wp-content\/uploads\/2024\/07\/20190835\/Large-unit-Vista-Mar-Las-Olas-I-For-Sale-23-150x150.jpg 150w, https:\/\/panama-equity-media.s3.amazonaws.com\/wp-content\/uploads\/2024\/07\/20190835\/Large-unit-Vista-Mar-Las-Olas-I-For-Sale-23-210x210.jpg 210w, https:\/\/panama-equity-media.s3.amazonaws.com\/wp-content\/uploads\/2024\/07\/20190835\/Large-unit-Vista-Mar-Las-Olas-I-For-Sale-23-scaled.jpg 300w, https:\/\/panama-equity-media.s3.amazonaws.com\/wp-content\/uploads\/2024\/07\/20190835\/Large-unit-Vista-Mar-Las-Olas-I-For-Sale-23-scaled.jpg 400w, https:\/\/panama-equity-media.s3.amazonaws.com\/wp-content\/uploads\/2024\/07\/20190835\/Large-unit-Vista-Mar-Las-Olas-I-For-Sale-23-scaled.jpg 600w"},{"width":150,"height":150,"file":"2024\/07\/Large-unit-Vista-Mar-Las-Olas-I-For-Sale-12-scaled.jpg","filesize":279796,"sizes":{"medium":{"file":"Large-unit-Vista-Mar-Las-Olas-I-For-Sale-12-300x169.jpg","width":300,"height":169,"mime-type":"image\/jpeg","filesize":29515,"url":"https:\/\/panama-equity-media.s3.amazonaws.com\/wp-content\/uploads\/2024\/07\/20190857\/Large-unit-Vista-Mar-Las-Olas-I-For-Sale-12-300x169.jpg"},"large":{"file":"Large-unit-Vista-Mar-Las-Olas-I-For-Sale-12-1024x576.jpg","width":1024,"height":576,"mime-type":"image\/jpeg","filesize":71814,"url":"https:\/\/panama-equity-media.s3.amazonaws.com\/wp-content\/uploads\/2024\/07\/20190857\/Large-unit-Vista-Mar-Las-Olas-I-For-Sale-12-1024x576.jpg"},"thumbnail":{"file":"Large-unit-Vista-Mar-Las-Olas-I-For-Sale-12-150x150.jpg","width":150,"height":150,"mime-type":"image\/jpeg","filesize":27127,"url":"https:\/\/panama-equity-media.s3.amazonaws.com\/wp-content\/uploads\/2024\/07\/20190857\/Large-unit-Vista-Mar-Las-Olas-I-For-Sale-12-150x150.jpg"},"medium_large":{"file":"Large-unit-Vista-Mar-Las-Olas-I-For-Sale-12-768x432.jpg","width":768,"height":432,"mime-type":"image\/jpeg","filesize":53672,"url":"https:\/\/panama-equity-media.s3.amazonaws.com\/wp-content\/uploads\/2024\/07\/20190857\/Large-unit-Vista-Mar-Las-Olas-I-For-Sale-12-768x432.jpg"},"1536x1536":{"file":"Large-unit-Vista-Mar-Las-Olas-I-For-Sale-12-1536x864.jpg","width":1536,"height":864,"mime-type":"image\/jpeg","filesize":120851,"url":"https:\/\/panama-equity-media.s3.amazonaws.com\/wp-content\/uploads\/2024\/07\/20190857\/Large-unit-Vista-Mar-Las-Olas-I-For-Sale-12-1536x864.jpg"},"2048x2048":{"file":"Large-unit-Vista-Mar-Las-Olas-I-For-Sale-12-2048x1152.jpg","width":2048,"height":1152,"mime-type":"image\/jpeg","filesize":188578,"url":"https:\/\/panama-equity-media.s3.amazonaws.com\/wp-content\/uploads\/2024\/07\/20190857\/Large-unit-Vista-Mar-Las-Olas-I-For-Sale-12-2048x1152.jpg"},"post-thumbnail":{"file":"Large-unit-Vista-Mar-Las-Olas-I-For-Sale-12-150x84.jpg","width":150,"height":84,"mime-type":"image\/jpeg","filesize":24576,"url":"https:\/\/panama-equity-media.s3.amazonaws.com\/wp-content\/uploads\/2024\/07\/20190857\/Large-unit-Vista-Mar-Las-Olas-I-For-Sale-12-150x84.jpg"},"modern-property-child-slider":{"file":"Large-unit-Vista-Mar-Las-Olas-I-For-Sale-12-680x510.jpg","width":680,"height":510,"mime-type":"image\/jpeg","filesize":60206,"url":"https:\/\/panama-equity-media.s3.amazonaws.com\/wp-content\/uploads\/2024\/07\/20190857\/Large-unit-Vista-Mar-Las-Olas-I-For-Sale-12-680x510.jpg"},"property-thumb-image":{"file":"Large-unit-Vista-Mar-Las-Olas-I-For-Sale-12-488x326.jpg","width":488,"height":326,"mime-type":"image\/jpeg","filesize":41390,"url":"https:\/\/panama-equity-media.s3.amazonaws.com\/wp-content\/uploads\/2024\/07\/20190857\/Large-unit-Vista-Mar-Las-Olas-I-For-Sale-12-488x326.jpg"},"property-detail-video-image":{"file":"Large-unit-Vista-Mar-Las-Olas-I-For-Sale-12-818x417.jpg","width":818,"height":417,"mime-type":"image\/jpeg","filesize":54708,"url":"https:\/\/panama-equity-media.s3.amazonaws.com\/wp-content\/uploads\/2024\/07\/20190857\/Large-unit-Vista-Mar-Las-Olas-I-For-Sale-12-818x417.jpg"},"agent-image":{"file":"Large-unit-Vista-Mar-Las-Olas-I-For-Sale-12-210x210.jpg","width":210,"height":210,"mime-type":"image\/jpeg","filesize":30758,"url":"https:\/\/panama-equity-media.s3.amazonaws.com\/wp-content\/uploads\/2024\/07\/20190857\/Large-unit-Vista-Mar-Las-Olas-I-For-Sale-12-210x210.jpg"},"post-featured-image":{"file":"Large-unit-Vista-Mar-Las-Olas-I-For-Sale-12-1240x720.jpg","width":1240,"height":720,"mime-type":"image\/jpeg","filesize":93060,"url":"https:\/\/panama-equity-media.s3.amazonaws.com\/wp-content\/uploads\/2024\/07\/20190857\/Large-unit-Vista-Mar-Las-Olas-I-For-Sale-12-1240x720.jpg"},"gform-image-choice-sm":{"file":"Large-unit-Vista-Mar-Las-Olas-I-For-Sale-12-300x300.jpg","width":300,"height":300,"mime-type":"image\/jpeg","filesize":36745,"url":"https:\/\/panama-equity-media.s3.amazonaws.com\/wp-content\/uploads\/2024\/07\/20190857\/Large-unit-Vista-Mar-Las-Olas-I-For-Sale-12-300x300.jpg"},"gform-image-choice-md":{"file":"Large-unit-Vista-Mar-Las-Olas-I-For-Sale-12-400x400.jpg","width":400,"height":400,"mime-type":"image\/jpeg","filesize":45005,"url":"https:\/\/panama-equity-media.s3.amazonaws.com\/wp-content\/uploads\/2024\/07\/20190857\/Large-unit-Vista-Mar-Las-Olas-I-For-Sale-12-400x400.jpg"},"gform-image-choice-lg":{"file":"Large-unit-Vista-Mar-Las-Olas-I-For-Sale-12-600x600.jpg","width":600,"height":600,"mime-type":"image\/jpeg","filesize":65684,"url":"https:\/\/panama-equity-media.s3.amazonaws.com\/wp-content\/uploads\/2024\/07\/20190857\/Large-unit-Vista-Mar-Las-Olas-I-For-Sale-12-600x600.jpg"}},"image_meta":{"aperture":"5.6","credit":"","camera":"ILCE-6400","caption":"","created_timestamp":"1720543503","copyright":"","focal_length":"16","iso":"800","shutter_speed":"0.02","title":"","orientation":"0","keywords":[]},"original_image":"Large-unit-Vista-Mar-Las-Olas-I-For-Sale-12.jpg","ID":"135607","name":"Large-unit-Vista-Mar-Las-Olas-I-For-Sale-12-scaled.jpg","path":"https:\/\/panama-equity-media.s3.amazonaws.com\/wp-content\/uploads\/2024\/07\/20190857\/Large-unit-Vista-Mar-Las-Olas-I-For-Sale-12-scaled.jpg","url":"https:\/\/panama-equity-media.s3.amazonaws.com\/wp-content\/uploads\/2024\/07\/20190857\/Large-unit-Vista-Mar-Las-Olas-I-For-Sale-12-150x150.jpg","full_url":"https:\/\/panama-equity-media.s3.amazonaws.com\/wp-content\/uploads\/2024\/07\/20190857\/Large-unit-Vista-Mar-Las-Olas-I-For-Sale-12-scaled.jpg","title":"Vista Mar Las Olas I  Panama condo for Sale","caption":"","description":"","alt":"Vista Mar Las Olas I Panama condo for Sale","srcset":"https:\/\/panama-equity-media.s3.amazonaws.com\/wp-content\/uploads\/2024\/07\/20190857\/Large-unit-Vista-Mar-Las-Olas-I-For-Sale-12-150x150.jpg 150w, https:\/\/panama-equity-media.s3.amazonaws.com\/wp-content\/uploads\/2024\/07\/20190857\/Large-unit-Vista-Mar-Las-Olas-I-For-Sale-12-210x210.jpg 210w, https:\/\/panama-equity-media.s3.amazonaws.com\/wp-content\/uploads\/2024\/07\/20190857\/Large-unit-Vista-Mar-Las-Olas-I-For-Sale-12-scaled.jpg 300w, https:\/\/panama-equity-media.s3.amazonaws.com\/wp-content\/uploads\/2024\/07\/20190857\/Large-unit-Vista-Mar-Las-Olas-I-For-Sale-12-scaled.jpg 400w, https:\/\/panama-equity-media.s3.amazonaws.com\/wp-content\/uploads\/2024\/07\/20190857\/Large-unit-Vista-Mar-Las-Olas-I-For-Sale-12-scaled.jpg 600w"},{"width":150,"height":150,"file":"2024\/07\/Large-unit-Vista-Mar-Las-Olas-I-For-Sale-14-scaled.jpg","filesize":343355,"sizes":{"medium":{"file":"Large-unit-Vista-Mar-Las-Olas-I-For-Sale-14-300x169.jpg","width":300,"height":169,"mime-type":"image\/jpeg","filesize":33036,"url":"https:\/\/panama-equity-media.s3.amazonaws.com\/wp-content\/uploads\/2024\/07\/20190855\/Large-unit-Vista-Mar-Las-Olas-I-For-Sale-14-300x169.jpg"},"large":{"file":"Large-unit-Vista-Mar-Las-Olas-I-For-Sale-14-1024x576.jpg","width":1024,"height":576,"mime-type":"image\/jpeg","filesize":87629,"url":"https:\/\/panama-equity-media.s3.amazonaws.com\/wp-content\/uploads\/2024\/07\/20190855\/Large-unit-Vista-Mar-Las-Olas-I-For-Sale-14-1024x576.jpg"},"thumbnail":{"file":"Large-unit-Vista-Mar-Las-Olas-I-For-Sale-14-150x150.jpg","width":150,"height":150,"mime-type":"image\/jpeg","filesize":28340,"url":"https:\/\/panama-equity-media.s3.amazonaws.com\/wp-content\/uploads\/2024\/07\/20190855\/Large-unit-Vista-Mar-Las-Olas-I-For-Sale-14-150x150.jpg"},"medium_large":{"file":"Large-unit-Vista-Mar-Las-Olas-I-For-Sale-14-768x432.jpg","width":768,"height":432,"mime-type":"image\/jpeg","filesize":63793,"url":"https:\/\/panama-equity-media.s3.amazonaws.com\/wp-content\/uploads\/2024\/07\/20190855\/Large-unit-Vista-Mar-Las-Olas-I-For-Sale-14-768x432.jpg"},"1536x1536":{"file":"Large-unit-Vista-Mar-Las-Olas-I-For-Sale-14-1536x864.jpg","width":1536,"height":864,"mime-type":"image\/jpeg","filesize":150043,"url":"https:\/\/panama-equity-media.s3.amazonaws.com\/wp-content\/uploads\/2024\/07\/20190855\/Large-unit-Vista-Mar-Las-Olas-I-For-Sale-14-1536x864.jpg"},"2048x2048":{"file":"Large-unit-Vista-Mar-Las-Olas-I-For-Sale-14-2048x1152.jpg","width":2048,"height":1152,"mime-type":"image\/jpeg","filesize":233134,"url":"https:\/\/panama-equity-media.s3.amazonaws.com\/wp-content\/uploads\/2024\/07\/20190855\/Large-unit-Vista-Mar-Las-Olas-I-For-Sale-14-2048x1152.jpg"},"post-thumbnail":{"file":"Large-unit-Vista-Mar-Las-Olas-I-For-Sale-14-150x84.jpg","width":150,"height":84,"mime-type":"image\/jpeg","filesize":26922,"url":"https:\/\/panama-equity-media.s3.amazonaws.com\/wp-content\/uploads\/2024\/07\/20190855\/Large-unit-Vista-Mar-Las-Olas-I-For-Sale-14-150x84.jpg"},"modern-property-child-slider":{"file":"Large-unit-Vista-Mar-Las-Olas-I-For-Sale-14-680x510.jpg","width":680,"height":510,"mime-type":"image\/jpeg","filesize":64374,"url":"https:\/\/panama-equity-media.s3.amazonaws.com\/wp-content\/uploads\/2024\/07\/20190855\/Large-unit-Vista-Mar-Las-Olas-I-For-Sale-14-680x510.jpg"},"property-thumb-image":{"file":"Large-unit-Vista-Mar-Las-Olas-I-For-Sale-14-488x326.jpg","width":488,"height":326,"mime-type":"image\/jpeg","filesize":45719,"url":"https:\/\/panama-equity-media.s3.amazonaws.com\/wp-content\/uploads\/2024\/07\/20190855\/Large-unit-Vista-Mar-Las-Olas-I-For-Sale-14-488x326.jpg"},"property-detail-video-image":{"file":"Large-unit-Vista-Mar-Las-Olas-I-For-Sale-14-818x417.jpg","width":818,"height":417,"mime-type":"image\/jpeg","filesize":65121,"url":"https:\/\/panama-equity-media.s3.amazonaws.com\/wp-content\/uploads\/2024\/07\/20190855\/Large-unit-Vista-Mar-Las-Olas-I-For-Sale-14-818x417.jpg"},"agent-image":{"file":"Large-unit-Vista-Mar-Las-Olas-I-For-Sale-14-210x210.jpg","width":210,"height":210,"mime-type":"image\/jpeg","filesize":31677,"url":"https:\/\/panama-equity-media.s3.amazonaws.com\/wp-content\/uploads\/2024\/07\/20190855\/Large-unit-Vista-Mar-Las-Olas-I-For-Sale-14-210x210.jpg"},"post-featured-image":{"file":"Large-unit-Vista-Mar-Las-Olas-I-For-Sale-14-1240x720.jpg","width":1240,"height":720,"mime-type":"image\/jpeg","filesize":114418,"url":"https:\/\/panama-equity-media.s3.amazonaws.com\/wp-content\/uploads\/2024\/07\/20190855\/Large-unit-Vista-Mar-Las-Olas-I-For-Sale-14-1240x720.jpg"},"gform-image-choice-sm":{"file":"Large-unit-Vista-Mar-Las-Olas-I-For-Sale-14-300x300.jpg","width":300,"height":300,"mime-type":"image\/jpeg","filesize":37595,"url":"https:\/\/panama-equity-media.s3.amazonaws.com\/wp-content\/uploads\/2024\/07\/20190855\/Large-unit-Vista-Mar-Las-Olas-I-For-Sale-14-300x300.jpg"},"gform-image-choice-md":{"file":"Large-unit-Vista-Mar-Las-Olas-I-For-Sale-14-400x400.jpg","width":400,"height":400,"mime-type":"image\/jpeg","filesize":45530,"url":"https:\/\/panama-equity-media.s3.amazonaws.com\/wp-content\/uploads\/2024\/07\/20190855\/Large-unit-Vista-Mar-Las-Olas-I-For-Sale-14-400x400.jpg"},"gform-image-choice-lg":{"file":"Large-unit-Vista-Mar-Las-Olas-I-For-Sale-14-600x600.jpg","width":600,"height":600,"mime-type":"image\/jpeg","filesize":66127,"url":"https:\/\/panama-equity-media.s3.amazonaws.com\/wp-content\/uploads\/2024\/07\/20190855\/Large-unit-Vista-Mar-Las-Olas-I-For-Sale-14-600x600.jpg"}},"image_meta":{"aperture":"5.6","credit":"","camera":"ILCE-6400","caption":"","created_timestamp":"1720543623","copyright":"","focal_length":"16","iso":"800","shutter_speed":"0.0125","title":"","orientation":"0","keywords":[]},"original_image":"Large-unit-Vista-Mar-Las-Olas-I-For-Sale-14.jpg","ID":"135609","name":"Large-unit-Vista-Mar-Las-Olas-I-For-Sale-14-scaled.jpg","path":"https:\/\/panama-equity-media.s3.amazonaws.com\/wp-content\/uploads\/2024\/07\/20190855\/Large-unit-Vista-Mar-Las-Olas-I-For-Sale-14-scaled.jpg","url":"https:\/\/panama-equity-media.s3.amazonaws.com\/wp-content\/uploads\/2024\/07\/20190855\/Large-unit-Vista-Mar-Las-Olas-I-For-Sale-14-150x150.jpg","full_url":"https:\/\/panama-equity-media.s3.amazonaws.com\/wp-content\/uploads\/2024\/07\/20190855\/Large-unit-Vista-Mar-Las-Olas-I-For-Sale-14-scaled.jpg","title":"Vista Mar Las Olas I  Panama condo for Sale","caption":"","description":"","alt":"Vista Mar Las Olas I Panama condo for Sale","srcset":"https:\/\/panama-equity-media.s3.amazonaws.com\/wp-content\/uploads\/2024\/07\/20190855\/Large-unit-Vista-Mar-Las-Olas-I-For-Sale-14-150x150.jpg 150w, https:\/\/panama-equity-media.s3.amazonaws.com\/wp-content\/uploads\/2024\/07\/20190855\/Large-unit-Vista-Mar-Las-Olas-I-For-Sale-14-210x210.jpg 210w, https:\/\/panama-equity-media.s3.amazonaws.com\/wp-content\/uploads\/2024\/07\/20190855\/Large-unit-Vista-Mar-Las-Olas-I-For-Sale-14-scaled.jpg 300w, https:\/\/panama-equity-media.s3.amazonaws.com\/wp-content\/uploads\/2024\/07\/20190855\/Large-unit-Vista-Mar-Las-Olas-I-For-Sale-14-scaled.jpg 400w, https:\/\/panama-equity-media.s3.amazonaws.com\/wp-content\/uploads\/2024\/07\/20190855\/Large-unit-Vista-Mar-Las-Olas-I-For-Sale-14-scaled.jpg 600w"},{"width":150,"height":150,"file":"2024\/07\/Large-unit-Vista-Mar-Las-Olas-I-For-Sale-13-scaled.jpg","filesize":386750,"sizes":{"medium":{"file":"Large-unit-Vista-Mar-Las-Olas-I-For-Sale-13-300x169.jpg","width":300,"height":169,"mime-type":"image\/jpeg","filesize":33513,"url":"https:\/\/panama-equity-media.s3.amazonaws.com\/wp-content\/uploads\/2024\/07\/20190853\/Large-unit-Vista-Mar-Las-Olas-I-For-Sale-13-300x169.jpg"},"large":{"file":"Large-unit-Vista-Mar-Las-Olas-I-For-Sale-13-1024x576.jpg","width":1024,"height":576,"mime-type":"image\/jpeg","filesize":97034,"url":"https:\/\/panama-equity-media.s3.amazonaws.com\/wp-content\/uploads\/2024\/07\/20190853\/Large-unit-Vista-Mar-Las-Olas-I-For-Sale-13-1024x576.jpg"},"thumbnail":{"file":"Large-unit-Vista-Mar-Las-Olas-I-For-Sale-13-150x150.jpg","width":150,"height":150,"mime-type":"image\/jpeg","filesize":28068,"url":"https:\/\/panama-equity-media.s3.amazonaws.com\/wp-content\/uploads\/2024\/07\/20190853\/Large-unit-Vista-Mar-Las-Olas-I-For-Sale-13-150x150.jpg"},"medium_large":{"file":"Large-unit-Vista-Mar-Las-Olas-I-For-Sale-13-768x432.jpg","width":768,"height":432,"mime-type":"image\/jpeg","filesize":68519,"url":"https:\/\/panama-equity-media.s3.amazonaws.com\/wp-content\/uploads\/2024\/07\/20190853\/Large-unit-Vista-Mar-Las-Olas-I-For-Sale-13-768x432.jpg"},"1536x1536":{"file":"Large-unit-Vista-Mar-Las-Olas-I-For-Sale-13-1536x864.jpg","width":1536,"height":864,"mime-type":"image\/jpeg","filesize":170284,"url":"https:\/\/panama-equity-media.s3.amazonaws.com\/wp-content\/uploads\/2024\/07\/20190853\/Large-unit-Vista-Mar-Las-Olas-I-For-Sale-13-1536x864.jpg"},"2048x2048":{"file":"Large-unit-Vista-Mar-Las-Olas-I-For-Sale-13-2048x1152.jpg","width":2048,"height":1152,"mime-type":"image\/jpeg","filesize":265629,"url":"https:\/\/panama-equity-media.s3.amazonaws.com\/wp-content\/uploads\/2024\/07\/20190853\/Large-unit-Vista-Mar-Las-Olas-I-For-Sale-13-2048x1152.jpg"},"post-thumbnail":{"file":"Large-unit-Vista-Mar-Las-Olas-I-For-Sale-13-150x84.jpg","width":150,"height":84,"mime-type":"image\/jpeg","filesize":26983,"url":"https:\/\/panama-equity-media.s3.amazonaws.com\/wp-content\/uploads\/2024\/07\/20190853\/Large-unit-Vista-Mar-Las-Olas-I-For-Sale-13-150x84.jpg"},"modern-property-child-slider":{"file":"Large-unit-Vista-Mar-Las-Olas-I-For-Sale-13-680x510.jpg","width":680,"height":510,"mime-type":"image\/jpeg","filesize":65582,"url":"https:\/\/panama-equity-media.s3.amazonaws.com\/wp-content\/uploads\/2024\/07\/20190853\/Large-unit-Vista-Mar-Las-Olas-I-For-Sale-13-680x510.jpg"},"property-thumb-image":{"file":"Large-unit-Vista-Mar-Las-Olas-I-For-Sale-13-488x326.jpg","width":488,"height":326,"mime-type":"image\/jpeg","filesize":46297,"url":"https:\/\/panama-equity-media.s3.amazonaws.com\/wp-content\/uploads\/2024\/07\/20190853\/Large-unit-Vista-Mar-Las-Olas-I-For-Sale-13-488x326.jpg"},"property-detail-video-image":{"file":"Large-unit-Vista-Mar-Las-Olas-I-For-Sale-13-818x417.jpg","width":818,"height":417,"mime-type":"image\/jpeg","filesize":70222,"url":"https:\/\/panama-equity-media.s3.amazonaws.com\/wp-content\/uploads\/2024\/07\/20190853\/Large-unit-Vista-Mar-Las-Olas-I-For-Sale-13-818x417.jpg"},"agent-image":{"file":"Large-unit-Vista-Mar-Las-Olas-I-For-Sale-13-210x210.jpg","width":210,"height":210,"mime-type":"image\/jpeg","filesize":31221,"url":"https:\/\/panama-equity-media.s3.amazonaws.com\/wp-content\/uploads\/2024\/07\/20190853\/Large-unit-Vista-Mar-Las-Olas-I-For-Sale-13-210x210.jpg"},"post-featured-image":{"file":"Large-unit-Vista-Mar-Las-Olas-I-For-Sale-13-1240x720.jpg","width":1240,"height":720,"mime-type":"image\/jpeg","filesize":127273,"url":"https:\/\/panama-equity-media.s3.amazonaws.com\/wp-content\/uploads\/2024\/07\/20190853\/Large-unit-Vista-Mar-Las-Olas-I-For-Sale-13-1240x720.jpg"},"gform-image-choice-sm":{"file":"Large-unit-Vista-Mar-Las-Olas-I-For-Sale-13-300x300.jpg","width":300,"height":300,"mime-type":"image\/jpeg","filesize":36724,"url":"https:\/\/panama-equity-media.s3.amazonaws.com\/wp-content\/uploads\/2024\/07\/20190853\/Large-unit-Vista-Mar-Las-Olas-I-For-Sale-13-300x300.jpg"},"gform-image-choice-md":{"file":"Large-unit-Vista-Mar-Las-Olas-I-For-Sale-13-400x400.jpg","width":400,"height":400,"mime-type":"image\/jpeg","filesize":44263,"url":"https:\/\/panama-equity-media.s3.amazonaws.com\/wp-content\/uploads\/2024\/07\/20190853\/Large-unit-Vista-Mar-Las-Olas-I-For-Sale-13-400x400.jpg"},"gform-image-choice-lg":{"file":"Large-unit-Vista-Mar-Las-Olas-I-For-Sale-13-600x600.jpg","width":600,"height":600,"mime-type":"image\/jpeg","filesize":64252,"url":"https:\/\/panama-equity-media.s3.amazonaws.com\/wp-content\/uploads\/2024\/07\/20190853\/Large-unit-Vista-Mar-Las-Olas-I-For-Sale-13-600x600.jpg"}},"image_meta":{"aperture":"5.6","credit":"","camera":"ILCE-6400","caption":"","created_timestamp":"1720543568","copyright":"","focal_length":"16","iso":"800","shutter_speed":"0.016666666666667","title":"","orientation":"0","keywords":[]},"original_image":"Large-unit-Vista-Mar-Las-Olas-I-For-Sale-13.jpg","ID":"135611","name":"Large-unit-Vista-Mar-Las-Olas-I-For-Sale-13-scaled.jpg","path":"https:\/\/panama-equity-media.s3.amazonaws.com\/wp-content\/uploads\/2024\/07\/20190853\/Large-unit-Vista-Mar-Las-Olas-I-For-Sale-13-scaled.jpg","url":"https:\/\/panama-equity-media.s3.amazonaws.com\/wp-content\/uploads\/2024\/07\/20190853\/Large-unit-Vista-Mar-Las-Olas-I-For-Sale-13-150x150.jpg","full_url":"https:\/\/panama-equity-media.s3.amazonaws.com\/wp-content\/uploads\/2024\/07\/20190853\/Large-unit-Vista-Mar-Las-Olas-I-For-Sale-13-scaled.jpg","title":"Vista Mar Las Olas I  Panama condo for Sale","caption":"","description":"","alt":"Vista Mar Las Olas I Panama condo for Sale","srcset":"https:\/\/panama-equity-media.s3.amazonaws.com\/wp-content\/uploads\/2024\/07\/20190853\/Large-unit-Vista-Mar-Las-Olas-I-For-Sale-13-150x150.jpg 150w, https:\/\/panama-equity-media.s3.amazonaws.com\/wp-content\/uploads\/2024\/07\/20190853\/Large-unit-Vista-Mar-Las-Olas-I-For-Sale-13-210x210.jpg 210w, https:\/\/panama-equity-media.s3.amazonaws.com\/wp-content\/uploads\/2024\/07\/20190853\/Large-unit-Vista-Mar-Las-Olas-I-For-Sale-13-scaled.jpg 300w, https:\/\/panama-equity-media.s3.amazonaws.com\/wp-content\/uploads\/2024\/07\/20190853\/Large-unit-Vista-Mar-Las-Olas-I-For-Sale-13-scaled.jpg 400w, https:\/\/panama-equity-media.s3.amazonaws.com\/wp-content\/uploads\/2024\/07\/20190853\/Large-unit-Vista-Mar-Las-Olas-I-For-Sale-13-scaled.jpg 600w"},{"width":150,"height":150,"file":"2024\/07\/Large-unit-Vista-Mar-Las-Olas-I-For-Sale-17-scaled.jpg","filesize":227232,"sizes":{"medium":{"file":"Large-unit-Vista-Mar-Las-Olas-I-For-Sale-17-300x169.jpg","width":300,"height":169,"mime-type":"image\/jpeg","filesize":27274,"url":"https:\/\/panama-equity-media.s3.amazonaws.com\/wp-content\/uploads\/2024\/07\/20190850\/Large-unit-Vista-Mar-Las-Olas-I-For-Sale-17-300x169.jpg"},"large":{"file":"Large-unit-Vista-Mar-Las-Olas-I-For-Sale-17-1024x576.jpg","width":1024,"height":576,"mime-type":"image\/jpeg","filesize":62017,"url":"https:\/\/panama-equity-media.s3.amazonaws.com\/wp-content\/uploads\/2024\/07\/20190850\/Large-unit-Vista-Mar-Las-Olas-I-For-Sale-17-1024x576.jpg"},"thumbnail":{"file":"Large-unit-Vista-Mar-Las-Olas-I-For-Sale-17-150x150.jpg","width":150,"height":150,"mime-type":"image\/jpeg","filesize":23945,"url":"https:\/\/panama-equity-media.s3.amazonaws.com\/wp-content\/uploads\/2024\/07\/20190850\/Large-unit-Vista-Mar-Las-Olas-I-For-Sale-17-150x150.jpg"},"medium_large":{"file":"Large-unit-Vista-Mar-Las-Olas-I-For-Sale-17-768x432.jpg","width":768,"height":432,"mime-type":"image\/jpeg","filesize":46752,"url":"https:\/\/panama-equity-media.s3.amazonaws.com\/wp-content\/uploads\/2024\/07\/20190850\/Large-unit-Vista-Mar-Las-Olas-I-For-Sale-17-768x432.jpg"},"1536x1536":{"file":"Large-unit-Vista-Mar-Las-Olas-I-For-Sale-17-1536x864.jpg","width":1536,"height":864,"mime-type":"image\/jpeg","filesize":101557,"url":"https:\/\/panama-equity-media.s3.amazonaws.com\/wp-content\/uploads\/2024\/07\/20190850\/Large-unit-Vista-Mar-Las-Olas-I-For-Sale-17-1536x864.jpg"},"2048x2048":{"file":"Large-unit-Vista-Mar-Las-Olas-I-For-Sale-17-2048x1152.jpg","width":2048,"height":1152,"mime-type":"image\/jpeg","filesize":155405,"url":"https:\/\/panama-equity-media.s3.amazonaws.com\/wp-content\/uploads\/2024\/07\/20190850\/Large-unit-Vista-Mar-Las-Olas-I-For-Sale-17-2048x1152.jpg"},"post-thumbnail":{"file":"Large-unit-Vista-Mar-Las-Olas-I-For-Sale-17-150x84.jpg","width":150,"height":84,"mime-type":"image\/jpeg","filesize":23262,"url":"https:\/\/panama-equity-media.s3.amazonaws.com\/wp-content\/uploads\/2024\/07\/20190850\/Large-unit-Vista-Mar-Las-Olas-I-For-Sale-17-150x84.jpg"},"modern-property-child-slider":{"file":"Large-unit-Vista-Mar-Las-Olas-I-For-Sale-17-680x510.jpg","width":680,"height":510,"mime-type":"image\/jpeg","filesize":44395,"url":"https:\/\/panama-equity-media.s3.amazonaws.com\/wp-content\/uploads\/2024\/07\/20190850\/Large-unit-Vista-Mar-Las-Olas-I-For-Sale-17-680x510.jpg"},"property-thumb-image":{"file":"Large-unit-Vista-Mar-Las-Olas-I-For-Sale-17-488x326.jpg","width":488,"height":326,"mime-type":"image\/jpeg","filesize":34535,"url":"https:\/\/panama-equity-media.s3.amazonaws.com\/wp-content\/uploads\/2024\/07\/20190850\/Large-unit-Vista-Mar-Las-Olas-I-For-Sale-17-488x326.jpg"},"property-detail-video-image":{"file":"Large-unit-Vista-Mar-Las-Olas-I-For-Sale-17-818x417.jpg","width":818,"height":417,"mime-type":"image\/jpeg","filesize":47605,"url":"https:\/\/panama-equity-media.s3.amazonaws.com\/wp-content\/uploads\/2024\/07\/20190850\/Large-unit-Vista-Mar-Las-Olas-I-For-Sale-17-818x417.jpg"},"agent-image":{"file":"Large-unit-Vista-Mar-Las-Olas-I-For-Sale-17-210x210.jpg","width":210,"height":210,"mime-type":"image\/jpeg","filesize":25921,"url":"https:\/\/panama-equity-media.s3.amazonaws.com\/wp-content\/uploads\/2024\/07\/20190850\/Large-unit-Vista-Mar-Las-Olas-I-For-Sale-17-210x210.jpg"},"post-featured-image":{"file":"Large-unit-Vista-Mar-Las-Olas-I-For-Sale-17-1240x720.jpg","width":1240,"height":720,"mime-type":"image\/jpeg","filesize":78734,"url":"https:\/\/panama-equity-media.s3.amazonaws.com\/wp-content\/uploads\/2024\/07\/20190850\/Large-unit-Vista-Mar-Las-Olas-I-For-Sale-17-1240x720.jpg"},"gform-image-choice-sm":{"file":"Large-unit-Vista-Mar-Las-Olas-I-For-Sale-17-300x300.jpg","width":300,"height":300,"mime-type":"image\/jpeg","filesize":29368,"url":"https:\/\/panama-equity-media.s3.amazonaws.com\/wp-content\/uploads\/2024\/07\/20190850\/Large-unit-Vista-Mar-Las-Olas-I-For-Sale-17-300x300.jpg"},"gform-image-choice-md":{"file":"Large-unit-Vista-Mar-Las-Olas-I-For-Sale-17-400x400.jpg","width":400,"height":400,"mime-type":"image\/jpeg","filesize":33963,"url":"https:\/\/panama-equity-media.s3.amazonaws.com\/wp-content\/uploads\/2024\/07\/20190850\/Large-unit-Vista-Mar-Las-Olas-I-For-Sale-17-400x400.jpg"},"gform-image-choice-lg":{"file":"Large-unit-Vista-Mar-Las-Olas-I-For-Sale-17-600x600.jpg","width":600,"height":600,"mime-type":"image\/jpeg","filesize":46455,"url":"https:\/\/panama-equity-media.s3.amazonaws.com\/wp-content\/uploads\/2024\/07\/20190850\/Large-unit-Vista-Mar-Las-Olas-I-For-Sale-17-600x600.jpg"}},"image_meta":{"aperture":"5.6","credit":"","camera":"ILCE-6400","caption":"","created_timestamp":"1720543749","copyright":"","focal_length":"16","iso":"400","shutter_speed":"0.00625","title":"","orientation":"0","keywords":[]},"original_image":"Large-unit-Vista-Mar-Las-Olas-I-For-Sale-17.jpg","ID":"135615","name":"Large-unit-Vista-Mar-Las-Olas-I-For-Sale-17-scaled.jpg","path":"https:\/\/panama-equity-media.s3.amazonaws.com\/wp-content\/uploads\/2024\/07\/20190850\/Large-unit-Vista-Mar-Las-Olas-I-For-Sale-17-scaled.jpg","url":"https:\/\/panama-equity-media.s3.amazonaws.com\/wp-content\/uploads\/2024\/07\/20190850\/Large-unit-Vista-Mar-Las-Olas-I-For-Sale-17-150x150.jpg","full_url":"https:\/\/panama-equity-media.s3.amazonaws.com\/wp-content\/uploads\/2024\/07\/20190850\/Large-unit-Vista-Mar-Las-Olas-I-For-Sale-17-scaled.jpg","title":"Vista Mar Las Olas I  Panama condo for Sale","caption":"","description":"","alt":"Vista Mar Las Olas I Panama condo for Sale","srcset":"https:\/\/panama-equity-media.s3.amazonaws.com\/wp-content\/uploads\/2024\/07\/20190850\/Large-unit-Vista-Mar-Las-Olas-I-For-Sale-17-150x150.jpg 150w, https:\/\/panama-equity-media.s3.amazonaws.com\/wp-content\/uploads\/2024\/07\/20190850\/Large-unit-Vista-Mar-Las-Olas-I-For-Sale-17-210x210.jpg 210w, https:\/\/panama-equity-media.s3.amazonaws.com\/wp-content\/uploads\/2024\/07\/20190850\/Large-unit-Vista-Mar-Las-Olas-I-For-Sale-17-scaled.jpg 300w, https:\/\/panama-equity-media.s3.amazonaws.com\/wp-content\/uploads\/2024\/07\/20190850\/Large-unit-Vista-Mar-Las-Olas-I-For-Sale-17-scaled.jpg 400w, https:\/\/panama-equity-media.s3.amazonaws.com\/wp-content\/uploads\/2024\/07\/20190850\/Large-unit-Vista-Mar-Las-Olas-I-For-Sale-17-scaled.jpg 600w"},{"width":150,"height":150,"file":"2024\/07\/Large-unit-Vista-Mar-Las-Olas-I-For-Sale-16-scaled.jpg","filesize":275695,"sizes":{"medium":{"file":"Large-unit-Vista-Mar-Las-Olas-I-For-Sale-16-300x169.jpg","width":300,"height":169,"mime-type":"image\/jpeg","filesize":30784,"url":"https:\/\/panama-equity-media.s3.amazonaws.com\/wp-content\/uploads\/2024\/07\/20190848\/Large-unit-Vista-Mar-Las-Olas-I-For-Sale-16-300x169.jpg"},"large":{"file":"Large-unit-Vista-Mar-Las-Olas-I-For-Sale-16-1024x576.jpg","width":1024,"height":576,"mime-type":"image\/jpeg","filesize":72939,"url":"https:\/\/panama-equity-media.s3.amazonaws.com\/wp-content\/uploads\/2024\/07\/20190848\/Large-unit-Vista-Mar-Las-Olas-I-For-Sale-16-1024x576.jpg"},"thumbnail":{"file":"Large-unit-Vista-Mar-Las-Olas-I-For-Sale-16-150x150.jpg","width":150,"height":150,"mime-type":"image\/jpeg","filesize":27049,"url":"https:\/\/panama-equity-media.s3.amazonaws.com\/wp-content\/uploads\/2024\/07\/20190848\/Large-unit-Vista-Mar-Las-Olas-I-For-Sale-16-150x150.jpg"},"medium_large":{"file":"Large-unit-Vista-Mar-Las-Olas-I-For-Sale-16-768x432.jpg","width":768,"height":432,"mime-type":"image\/jpeg","filesize":55193,"url":"https:\/\/panama-equity-media.s3.amazonaws.com\/wp-content\/uploads\/2024\/07\/20190848\/Large-unit-Vista-Mar-Las-Olas-I-For-Sale-16-768x432.jpg"},"1536x1536":{"file":"Large-unit-Vista-Mar-Las-Olas-I-For-Sale-16-1536x864.jpg","width":1536,"height":864,"mime-type":"image\/jpeg","filesize":121758,"url":"https:\/\/panama-equity-media.s3.amazonaws.com\/wp-content\/uploads\/2024\/07\/20190848\/Large-unit-Vista-Mar-Las-Olas-I-For-Sale-16-1536x864.jpg"},"2048x2048":{"file":"Large-unit-Vista-Mar-Las-Olas-I-For-Sale-16-2048x1152.jpg","width":2048,"height":1152,"mime-type":"image\/jpeg","filesize":186342,"url":"https:\/\/panama-equity-media.s3.amazonaws.com\/wp-content\/uploads\/2024\/07\/20190848\/Large-unit-Vista-Mar-Las-Olas-I-For-Sale-16-2048x1152.jpg"},"post-thumbnail":{"file":"Large-unit-Vista-Mar-Las-Olas-I-For-Sale-16-150x84.jpg","width":150,"height":84,"mime-type":"image\/jpeg","filesize":25734,"url":"https:\/\/panama-equity-media.s3.amazonaws.com\/wp-content\/uploads\/2024\/07\/20190848\/Large-unit-Vista-Mar-Las-Olas-I-For-Sale-16-150x84.jpg"},"modern-property-child-slider":{"file":"Large-unit-Vista-Mar-Las-Olas-I-For-Sale-16-680x510.jpg","width":680,"height":510,"mime-type":"image\/jpeg","filesize":55722,"url":"https:\/\/panama-equity-media.s3.amazonaws.com\/wp-content\/uploads\/2024\/07\/20190848\/Large-unit-Vista-Mar-Las-Olas-I-For-Sale-16-680x510.jpg"},"property-thumb-image":{"file":"Large-unit-Vista-Mar-Las-Olas-I-For-Sale-16-488x326.jpg","width":488,"height":326,"mime-type":"image\/jpeg","filesize":41271,"url":"https:\/\/panama-equity-media.s3.amazonaws.com\/wp-content\/uploads\/2024\/07\/20190848\/Large-unit-Vista-Mar-Las-Olas-I-For-Sale-16-488x326.jpg"},"property-detail-video-image":{"file":"Large-unit-Vista-Mar-Las-Olas-I-For-Sale-16-818x417.jpg","width":818,"height":417,"mime-type":"image\/jpeg","filesize":55373,"url":"https:\/\/panama-equity-media.s3.amazonaws.com\/wp-content\/uploads\/2024\/07\/20190848\/Large-unit-Vista-Mar-Las-Olas-I-For-Sale-16-818x417.jpg"},"agent-image":{"file":"Large-unit-Vista-Mar-Las-Olas-I-For-Sale-16-210x210.jpg","width":210,"height":210,"mime-type":"image\/jpeg","filesize":29940,"url":"https:\/\/panama-equity-media.s3.amazonaws.com\/wp-content\/uploads\/2024\/07\/20190848\/Large-unit-Vista-Mar-Las-Olas-I-For-Sale-16-210x210.jpg"},"post-featured-image":{"file":"Large-unit-Vista-Mar-Las-Olas-I-For-Sale-16-1240x720.jpg","width":1240,"height":720,"mime-type":"image\/jpeg","filesize":93070,"url":"https:\/\/panama-equity-media.s3.amazonaws.com\/wp-content\/uploads\/2024\/07\/20190848\/Large-unit-Vista-Mar-Las-Olas-I-For-Sale-16-1240x720.jpg"},"gform-image-choice-sm":{"file":"Large-unit-Vista-Mar-Las-Olas-I-For-Sale-16-300x300.jpg","width":300,"height":300,"mime-type":"image\/jpeg","filesize":34604,"url":"https:\/\/panama-equity-media.s3.amazonaws.com\/wp-content\/uploads\/2024\/07\/20190848\/Large-unit-Vista-Mar-Las-Olas-I-For-Sale-16-300x300.jpg"},"gform-image-choice-md":{"file":"Large-unit-Vista-Mar-Las-Olas-I-For-Sale-16-400x400.jpg","width":400,"height":400,"mime-type":"image\/jpeg","filesize":40609,"url":"https:\/\/panama-equity-media.s3.amazonaws.com\/wp-content\/uploads\/2024\/07\/20190848\/Large-unit-Vista-Mar-Las-Olas-I-For-Sale-16-400x400.jpg"},"gform-image-choice-lg":{"file":"Large-unit-Vista-Mar-Las-Olas-I-For-Sale-16-600x600.jpg","width":600,"height":600,"mime-type":"image\/jpeg","filesize":56048,"url":"https:\/\/panama-equity-media.s3.amazonaws.com\/wp-content\/uploads\/2024\/07\/20190848\/Large-unit-Vista-Mar-Las-Olas-I-For-Sale-16-600x600.jpg"}},"image_meta":{"aperture":"5.6","credit":"","camera":"ILCE-6400","caption":"","created_timestamp":"1720543714","copyright":"","focal_length":"16","iso":"800","shutter_speed":"0.00625","title":"","orientation":"0","keywords":[]},"original_image":"Large-unit-Vista-Mar-Las-Olas-I-For-Sale-16.jpg","ID":"135617","name":"Large-unit-Vista-Mar-Las-Olas-I-For-Sale-16-scaled.jpg","path":"https:\/\/panama-equity-media.s3.amazonaws.com\/wp-content\/uploads\/2024\/07\/20190848\/Large-unit-Vista-Mar-Las-Olas-I-For-Sale-16-scaled.jpg","url":"https:\/\/panama-equity-media.s3.amazonaws.com\/wp-content\/uploads\/2024\/07\/20190848\/Large-unit-Vista-Mar-Las-Olas-I-For-Sale-16-150x150.jpg","full_url":"https:\/\/panama-equity-media.s3.amazonaws.com\/wp-content\/uploads\/2024\/07\/20190848\/Large-unit-Vista-Mar-Las-Olas-I-For-Sale-16-scaled.jpg","title":"Vista Mar Las Olas I  Panama condo for Sale","caption":"","description":"","alt":"Vista Mar Las Olas I Panama condo for Sale","srcset":"https:\/\/panama-equity-media.s3.amazonaws.com\/wp-content\/uploads\/2024\/07\/20190848\/Large-unit-Vista-Mar-Las-Olas-I-For-Sale-16-150x150.jpg 150w, https:\/\/panama-equity-media.s3.amazonaws.com\/wp-content\/uploads\/2024\/07\/20190848\/Large-unit-Vista-Mar-Las-Olas-I-For-Sale-16-210x210.jpg 210w, https:\/\/panama-equity-media.s3.amazonaws.com\/wp-content\/uploads\/2024\/07\/20190848\/Large-unit-Vista-Mar-Las-Olas-I-For-Sale-16-scaled.jpg 300w, https:\/\/panama-equity-media.s3.amazonaws.com\/wp-content\/uploads\/2024\/07\/20190848\/Large-unit-Vista-Mar-Las-Olas-I-For-Sale-16-scaled.jpg 400w, https:\/\/panama-equity-media.s3.amazonaws.com\/wp-content\/uploads\/2024\/07\/20190848\/Large-unit-Vista-Mar-Las-Olas-I-For-Sale-16-scaled.jpg 600w"},{"width":150,"height":150,"file":"2024\/07\/Large-unit-Vista-Mar-Las-Olas-I-For-Sale-15-scaled.jpg","filesize":477458,"sizes":{"medium":{"file":"Large-unit-Vista-Mar-Las-Olas-I-For-Sale-15-300x169.jpg","width":300,"height":169,"mime-type":"image\/jpeg","filesize":34280,"url":"https:\/\/panama-equity-media.s3.amazonaws.com\/wp-content\/uploads\/2024\/07\/20190851\/Large-unit-Vista-Mar-Las-Olas-I-For-Sale-15-300x169.jpg"},"large":{"file":"Large-unit-Vista-Mar-Las-Olas-I-For-Sale-15-1024x576.jpg","width":1024,"height":576,"mime-type":"image\/jpeg","filesize":107787,"url":"https:\/\/panama-equity-media.s3.amazonaws.com\/wp-content\/uploads\/2024\/07\/20190851\/Large-unit-Vista-Mar-Las-Olas-I-For-Sale-15-1024x576.jpg"},"thumbnail":{"file":"Large-unit-Vista-Mar-Las-Olas-I-For-Sale-15-150x150.jpg","width":150,"height":150,"mime-type":"image\/jpeg","filesize":28689,"url":"https:\/\/panama-equity-media.s3.amazonaws.com\/wp-content\/uploads\/2024\/07\/20190851\/Large-unit-Vista-Mar-Las-Olas-I-For-Sale-15-150x150.jpg"},"medium_large":{"file":"Large-unit-Vista-Mar-Las-Olas-I-For-Sale-15-768x432.jpg","width":768,"height":432,"mime-type":"image\/jpeg","filesize":74131,"url":"https:\/\/panama-equity-media.s3.amazonaws.com\/wp-content\/uploads\/2024\/07\/20190851\/Large-unit-Vista-Mar-Las-Olas-I-For-Sale-15-768x432.jpg"},"1536x1536":{"file":"Large-unit-Vista-Mar-Las-Olas-I-For-Sale-15-1536x864.jpg","width":1536,"height":864,"mime-type":"image\/jpeg","filesize":197745,"url":"https:\/\/panama-equity-media.s3.amazonaws.com\/wp-content\/uploads\/2024\/07\/20190851\/Large-unit-Vista-Mar-Las-Olas-I-For-Sale-15-1536x864.jpg"},"2048x2048":{"file":"Large-unit-Vista-Mar-Las-Olas-I-For-Sale-15-2048x1152.jpg","width":2048,"height":1152,"mime-type":"image\/jpeg","filesize":319969,"url":"https:\/\/panama-equity-media.s3.amazonaws.com\/wp-content\/uploads\/2024\/07\/20190851\/Large-unit-Vista-Mar-Las-Olas-I-For-Sale-15-2048x1152.jpg"},"post-thumbnail":{"file":"Large-unit-Vista-Mar-Las-Olas-I-For-Sale-15-150x84.jpg","width":150,"height":84,"mime-type":"image\/jpeg","filesize":27452,"url":"https:\/\/panama-equity-media.s3.amazonaws.com\/wp-content\/uploads\/2024\/07\/20190851\/Large-unit-Vista-Mar-Las-Olas-I-For-Sale-15-150x84.jpg"},"modern-property-child-slider":{"file":"Large-unit-Vista-Mar-Las-Olas-I-For-Sale-15-680x510.jpg","width":680,"height":510,"mime-type":"image\/jpeg","filesize":74135,"url":"https:\/\/panama-equity-media.s3.amazonaws.com\/wp-content\/uploads\/2024\/07\/20190851\/Large-unit-Vista-Mar-Las-Olas-I-For-Sale-15-680x510.jpg"},"property-thumb-image":{"file":"Large-unit-Vista-Mar-Las-Olas-I-For-Sale-15-488x326.jpg","width":488,"height":326,"mime-type":"image\/jpeg","filesize":50140,"url":"https:\/\/panama-equity-media.s3.amazonaws.com\/wp-content\/uploads\/2024\/07\/20190851\/Large-unit-Vista-Mar-Las-Olas-I-For-Sale-15-488x326.jpg"},"property-detail-video-image":{"file":"Large-unit-Vista-Mar-Las-Olas-I-For-Sale-15-818x417.jpg","width":818,"height":417,"mime-type":"image\/jpeg","filesize":76192,"url":"https:\/\/panama-equity-media.s3.amazonaws.com\/wp-content\/uploads\/2024\/07\/20190851\/Large-unit-Vista-Mar-Las-Olas-I-For-Sale-15-818x417.jpg"},"agent-image":{"file":"Large-unit-Vista-Mar-Las-Olas-I-For-Sale-15-210x210.jpg","width":210,"height":210,"mime-type":"image\/jpeg","filesize":32396,"url":"https:\/\/panama-equity-media.s3.amazonaws.com\/wp-content\/uploads\/2024\/07\/20190851\/Large-unit-Vista-Mar-Las-Olas-I-For-Sale-15-210x210.jpg"},"post-featured-image":{"file":"Large-unit-Vista-Mar-Las-Olas-I-For-Sale-15-1240x720.jpg","width":1240,"height":720,"mime-type":"image\/jpeg","filesize":145986,"url":"https:\/\/panama-equity-media.s3.amazonaws.com\/wp-content\/uploads\/2024\/07\/20190851\/Large-unit-Vista-Mar-Las-Olas-I-For-Sale-15-1240x720.jpg"},"gform-image-choice-sm":{"file":"Large-unit-Vista-Mar-Las-Olas-I-For-Sale-15-300x300.jpg","width":300,"height":300,"mime-type":"image\/jpeg","filesize":39234,"url":"https:\/\/panama-equity-media.s3.amazonaws.com\/wp-content\/uploads\/2024\/07\/20190851\/Large-unit-Vista-Mar-Las-Olas-I-For-Sale-15-300x300.jpg"},"gform-image-choice-md":{"file":"Large-unit-Vista-Mar-Las-Olas-I-For-Sale-15-400x400.jpg","width":400,"height":400,"mime-type":"image\/jpeg","filesize":48712,"url":"https:\/\/panama-equity-media.s3.amazonaws.com\/wp-content\/uploads\/2024\/07\/20190851\/Large-unit-Vista-Mar-Las-Olas-I-For-Sale-15-400x400.jpg"},"gform-image-choice-lg":{"file":"Large-unit-Vista-Mar-Las-Olas-I-For-Sale-15-600x600.jpg","width":600,"height":600,"mime-type":"image\/jpeg","filesize":75418,"url":"https:\/\/panama-equity-media.s3.amazonaws.com\/wp-content\/uploads\/2024\/07\/20190851\/Large-unit-Vista-Mar-Las-Olas-I-For-Sale-15-600x600.jpg"}},"image_meta":{"aperture":"5.6","credit":"","camera":"ILCE-6400","caption":"","created_timestamp":"1720543664","copyright":"","focal_length":"16","iso":"800","shutter_speed":"0.04","title":"","orientation":"0","keywords":[]},"original_image":"Large-unit-Vista-Mar-Las-Olas-I-For-Sale-15.jpg","ID":"135613","name":"Large-unit-Vista-Mar-Las-Olas-I-For-Sale-15-scaled.jpg","path":"https:\/\/panama-equity-media.s3.amazonaws.com\/wp-content\/uploads\/2024\/07\/20190851\/Large-unit-Vista-Mar-Las-Olas-I-For-Sale-15-scaled.jpg","url":"https:\/\/panama-equity-media.s3.amazonaws.com\/wp-content\/uploads\/2024\/07\/20190851\/Large-unit-Vista-Mar-Las-Olas-I-For-Sale-15-150x150.jpg","full_url":"https:\/\/panama-equity-media.s3.amazonaws.com\/wp-content\/uploads\/2024\/07\/20190851\/Large-unit-Vista-Mar-Las-Olas-I-For-Sale-15-scaled.jpg","title":"Vista Mar Las Olas I  Panama condo for Sale","caption":"","description":"","alt":"Vista Mar Las Olas I Panama condo for Sale","srcset":"https:\/\/panama-equity-media.s3.amazonaws.com\/wp-content\/uploads\/2024\/07\/20190851\/Large-unit-Vista-Mar-Las-Olas-I-For-Sale-15-150x150.jpg 150w, https:\/\/panama-equity-media.s3.amazonaws.com\/wp-content\/uploads\/2024\/07\/20190851\/Large-unit-Vista-Mar-Las-Olas-I-For-Sale-15-210x210.jpg 210w, https:\/\/panama-equity-media.s3.amazonaws.com\/wp-content\/uploads\/2024\/07\/20190851\/Large-unit-Vista-Mar-Las-Olas-I-For-Sale-15-scaled.jpg 300w, https:\/\/panama-equity-media.s3.amazonaws.com\/wp-content\/uploads\/2024\/07\/20190851\/Large-unit-Vista-Mar-Las-Olas-I-For-Sale-15-scaled.jpg 400w, https:\/\/panama-equity-media.s3.amazonaws.com\/wp-content\/uploads\/2024\/07\/20190851\/Large-unit-Vista-Mar-Las-Olas-I-For-Sale-15-scaled.jpg 600w"},{"width":150,"height":150,"file":"2024\/07\/Large-unit-Vista-Mar-Las-Olas-I-For-Sale-11-scaled.jpg","filesize":334232,"sizes":{"medium":{"file":"Large-unit-Vista-Mar-Las-Olas-I-For-Sale-11-300x169.jpg","width":300,"height":169,"mime-type":"image\/jpeg","filesize":32793,"url":"https:\/\/panama-equity-media.s3.amazonaws.com\/wp-content\/uploads\/2024\/07\/20190859\/Large-unit-Vista-Mar-Las-Olas-I-For-Sale-11-300x169.jpg"},"large":{"file":"Large-unit-Vista-Mar-Las-Olas-I-For-Sale-11-1024x576.jpg","width":1024,"height":576,"mime-type":"image\/jpeg","filesize":86491,"url":"https:\/\/panama-equity-media.s3.amazonaws.com\/wp-content\/uploads\/2024\/07\/20190859\/Large-unit-Vista-Mar-Las-Olas-I-For-Sale-11-1024x576.jpg"},"thumbnail":{"file":"Large-unit-Vista-Mar-Las-Olas-I-For-Sale-11-150x150.jpg","width":150,"height":150,"mime-type":"image\/jpeg","filesize":27702,"url":"https:\/\/panama-equity-media.s3.amazonaws.com\/wp-content\/uploads\/2024\/07\/20190859\/Large-unit-Vista-Mar-Las-Olas-I-For-Sale-11-150x150.jpg"},"medium_large":{"file":"Large-unit-Vista-Mar-Las-Olas-I-For-Sale-11-768x432.jpg","width":768,"height":432,"mime-type":"image\/jpeg","filesize":63112,"url":"https:\/\/panama-equity-media.s3.amazonaws.com\/wp-content\/uploads\/2024\/07\/20190859\/Large-unit-Vista-Mar-Las-Olas-I-For-Sale-11-768x432.jpg"},"1536x1536":{"file":"Large-unit-Vista-Mar-Las-Olas-I-For-Sale-11-1536x864.jpg","width":1536,"height":864,"mime-type":"image\/jpeg","filesize":147992,"url":"https:\/\/panama-equity-media.s3.amazonaws.com\/wp-content\/uploads\/2024\/07\/20190859\/Large-unit-Vista-Mar-Las-Olas-I-For-Sale-11-1536x864.jpg"},"2048x2048":{"file":"Large-unit-Vista-Mar-Las-Olas-I-For-Sale-11-2048x1152.jpg","width":2048,"height":1152,"mime-type":"image\/jpeg","filesize":228647,"url":"https:\/\/panama-equity-media.s3.amazonaws.com\/wp-content\/uploads\/2024\/07\/20190859\/Large-unit-Vista-Mar-Las-Olas-I-For-Sale-11-2048x1152.jpg"},"post-thumbnail":{"file":"Large-unit-Vista-Mar-Las-Olas-I-For-Sale-11-150x84.jpg","width":150,"height":84,"mime-type":"image\/jpeg","filesize":26650,"url":"https:\/\/panama-equity-media.s3.amazonaws.com\/wp-content\/uploads\/2024\/07\/20190859\/Large-unit-Vista-Mar-Las-Olas-I-For-Sale-11-150x84.jpg"},"modern-property-child-slider":{"file":"Large-unit-Vista-Mar-Las-Olas-I-For-Sale-11-680x510.jpg","width":680,"height":510,"mime-type":"image\/jpeg","filesize":63409,"url":"https:\/\/panama-equity-media.s3.amazonaws.com\/wp-content\/uploads\/2024\/07\/20190859\/Large-unit-Vista-Mar-Las-Olas-I-For-Sale-11-680x510.jpg"},"property-thumb-image":{"file":"Large-unit-Vista-Mar-Las-Olas-I-For-Sale-11-488x326.jpg","width":488,"height":326,"mime-type":"image\/jpeg","filesize":44947,"url":"https:\/\/panama-equity-media.s3.amazonaws.com\/wp-content\/uploads\/2024\/07\/20190859\/Large-unit-Vista-Mar-Las-Olas-I-For-Sale-11-488x326.jpg"},"property-detail-video-image":{"file":"Large-unit-Vista-Mar-Las-Olas-I-For-Sale-11-818x417.jpg","width":818,"height":417,"mime-type":"image\/jpeg","filesize":64998,"url":"https:\/\/panama-equity-media.s3.amazonaws.com\/wp-content\/uploads\/2024\/07\/20190859\/Large-unit-Vista-Mar-Las-Olas-I-For-Sale-11-818x417.jpg"},"agent-image":{"file":"Large-unit-Vista-Mar-Las-Olas-I-For-Sale-11-210x210.jpg","width":210,"height":210,"mime-type":"image\/jpeg","filesize":30918,"url":"https:\/\/panama-equity-media.s3.amazonaws.com\/wp-content\/uploads\/2024\/07\/20190859\/Large-unit-Vista-Mar-Las-Olas-I-For-Sale-11-210x210.jpg"},"post-featured-image":{"file":"Large-unit-Vista-Mar-Las-Olas-I-For-Sale-11-1240x720.jpg","width":1240,"height":720,"mime-type":"image\/jpeg","filesize":113059,"url":"https:\/\/panama-equity-media.s3.amazonaws.com\/wp-content\/uploads\/2024\/07\/20190859\/Large-unit-Vista-Mar-Las-Olas-I-For-Sale-11-1240x720.jpg"},"gform-image-choice-sm":{"file":"Large-unit-Vista-Mar-Las-Olas-I-For-Sale-11-300x300.jpg","width":300,"height":300,"mime-type":"image\/jpeg","filesize":36454,"url":"https:\/\/panama-equity-media.s3.amazonaws.com\/wp-content\/uploads\/2024\/07\/20190859\/Large-unit-Vista-Mar-Las-Olas-I-For-Sale-11-300x300.jpg"},"gform-image-choice-md":{"file":"Large-unit-Vista-Mar-Las-Olas-I-For-Sale-11-400x400.jpg","width":400,"height":400,"mime-type":"image\/jpeg","filesize":43657,"url":"https:\/\/panama-equity-media.s3.amazonaws.com\/wp-content\/uploads\/2024\/07\/20190859\/Large-unit-Vista-Mar-Las-Olas-I-For-Sale-11-400x400.jpg"},"gform-image-choice-lg":{"file":"Large-unit-Vista-Mar-Las-Olas-I-For-Sale-11-600x600.jpg","width":600,"height":600,"mime-type":"image\/jpeg","filesize":62521,"url":"https:\/\/panama-equity-media.s3.amazonaws.com\/wp-content\/uploads\/2024\/07\/20190859\/Large-unit-Vista-Mar-Las-Olas-I-For-Sale-11-600x600.jpg"}},"image_meta":{"aperture":"5.6","credit":"","camera":"ILCE-6400","caption":"","created_timestamp":"1720543463","copyright":"","focal_length":"16","iso":"800","shutter_speed":"0.02","title":"","orientation":"0","keywords":[]},"original_image":"Large-unit-Vista-Mar-Las-Olas-I-For-Sale-11.jpg","ID":"135605","name":"Large-unit-Vista-Mar-Las-Olas-I-For-Sale-11-scaled.jpg","path":"https:\/\/panama-equity-media.s3.amazonaws.com\/wp-content\/uploads\/2024\/07\/20190859\/Large-unit-Vista-Mar-Las-Olas-I-For-Sale-11-scaled.jpg","url":"https:\/\/panama-equity-media.s3.amazonaws.com\/wp-content\/uploads\/2024\/07\/20190859\/Large-unit-Vista-Mar-Las-Olas-I-For-Sale-11-150x150.jpg","full_url":"https:\/\/panama-equity-media.s3.amazonaws.com\/wp-content\/uploads\/2024\/07\/20190859\/Large-unit-Vista-Mar-Las-Olas-I-For-Sale-11-scaled.jpg","title":"Vista Mar Las Olas I  Panama condo for Sale","caption":"","description":"","alt":"Vista Mar Las Olas I Panama condo for Sale","srcset":"https:\/\/panama-equity-media.s3.amazonaws.com\/wp-content\/uploads\/2024\/07\/20190859\/Large-unit-Vista-Mar-Las-Olas-I-For-Sale-11-150x150.jpg 150w, https:\/\/panama-equity-media.s3.amazonaws.com\/wp-content\/uploads\/2024\/07\/20190859\/Large-unit-Vista-Mar-Las-Olas-I-For-Sale-11-210x210.jpg 210w, https:\/\/panama-equity-media.s3.amazonaws.com\/wp-content\/uploads\/2024\/07\/20190859\/Large-unit-Vista-Mar-Las-Olas-I-For-Sale-11-scaled.jpg 300w, https:\/\/panama-equity-media.s3.amazonaws.com\/wp-content\/uploads\/2024\/07\/20190859\/Large-unit-Vista-Mar-Las-Olas-I-For-Sale-11-scaled.jpg 400w, https:\/\/panama-equity-media.s3.amazonaws.com\/wp-content\/uploads\/2024\/07\/20190859\/Large-unit-Vista-Mar-Las-Olas-I-For-Sale-11-scaled.jpg 600w"},{"width":150,"height":150,"file":"2024\/07\/Large-unit-Vista-Mar-Las-Olas-I-For-Sale-32-scaled.jpg","filesize":430053,"sizes":{"medium":{"file":"Large-unit-Vista-Mar-Las-Olas-I-For-Sale-32-300x169.jpg","width":300,"height":169,"mime-type":"image\/jpeg","filesize":34436,"url":"https:\/\/panama-equity-media.s3.amazonaws.com\/wp-content\/uploads\/2024\/07\/20190817\/Large-unit-Vista-Mar-Las-Olas-I-For-Sale-32-300x169.jpg"},"large":{"file":"Large-unit-Vista-Mar-Las-Olas-I-For-Sale-32-1024x576.jpg","width":1024,"height":576,"mime-type":"image\/jpeg","filesize":101882,"url":"https:\/\/panama-equity-media.s3.amazonaws.com\/wp-content\/uploads\/2024\/07\/20190817\/Large-unit-Vista-Mar-Las-Olas-I-For-Sale-32-1024x576.jpg"},"thumbnail":{"file":"Large-unit-Vista-Mar-Las-Olas-I-For-Sale-32-150x150.jpg","width":150,"height":150,"mime-type":"image\/jpeg","filesize":28693,"url":"https:\/\/panama-equity-media.s3.amazonaws.com\/wp-content\/uploads\/2024\/07\/20190817\/Large-unit-Vista-Mar-Las-Olas-I-For-Sale-32-150x150.jpg"},"medium_large":{"file":"Large-unit-Vista-Mar-Las-Olas-I-For-Sale-32-768x432.jpg","width":768,"height":432,"mime-type":"image\/jpeg","filesize":70892,"url":"https:\/\/panama-equity-media.s3.amazonaws.com\/wp-content\/uploads\/2024\/07\/20190817\/Large-unit-Vista-Mar-Las-Olas-I-For-Sale-32-768x432.jpg"},"1536x1536":{"file":"Large-unit-Vista-Mar-Las-Olas-I-For-Sale-32-1536x864.jpg","width":1536,"height":864,"mime-type":"image\/jpeg","filesize":184166,"url":"https:\/\/panama-equity-media.s3.amazonaws.com\/wp-content\/uploads\/2024\/07\/20190817\/Large-unit-Vista-Mar-Las-Olas-I-For-Sale-32-1536x864.jpg"},"2048x2048":{"file":"Large-unit-Vista-Mar-Las-Olas-I-For-Sale-32-2048x1152.jpg","width":2048,"height":1152,"mime-type":"image\/jpeg","filesize":292527,"url":"https:\/\/panama-equity-media.s3.amazonaws.com\/wp-content\/uploads\/2024\/07\/20190817\/Large-unit-Vista-Mar-Las-Olas-I-For-Sale-32-2048x1152.jpg"},"post-thumbnail":{"file":"Large-unit-Vista-Mar-Las-Olas-I-For-Sale-32-150x84.jpg","width":150,"height":84,"mime-type":"image\/jpeg","filesize":27645,"url":"https:\/\/panama-equity-media.s3.amazonaws.com\/wp-content\/uploads\/2024\/07\/20190817\/Large-unit-Vista-Mar-Las-Olas-I-For-Sale-32-150x84.jpg"},"modern-property-child-slider":{"file":"Large-unit-Vista-Mar-Las-Olas-I-For-Sale-32-680x510.jpg","width":680,"height":510,"mime-type":"image\/jpeg","filesize":71219,"url":"https:\/\/panama-equity-media.s3.amazonaws.com\/wp-content\/uploads\/2024\/07\/20190817\/Large-unit-Vista-Mar-Las-Olas-I-For-Sale-32-680x510.jpg"},"property-thumb-image":{"file":"Large-unit-Vista-Mar-Las-Olas-I-For-Sale-32-488x326.jpg","width":488,"height":326,"mime-type":"image\/jpeg","filesize":49239,"url":"https:\/\/panama-equity-media.s3.amazonaws.com\/wp-content\/uploads\/2024\/07\/20190817\/Large-unit-Vista-Mar-Las-Olas-I-For-Sale-32-488x326.jpg"},"property-detail-video-image":{"file":"Large-unit-Vista-Mar-Las-Olas-I-For-Sale-32-818x417.jpg","width":818,"height":417,"mime-type":"image\/jpeg","filesize":73065,"url":"https:\/\/panama-equity-media.s3.amazonaws.com\/wp-content\/uploads\/2024\/07\/20190817\/Large-unit-Vista-Mar-Las-Olas-I-For-Sale-32-818x417.jpg"},"agent-image":{"file":"Large-unit-Vista-Mar-Las-Olas-I-For-Sale-32-210x210.jpg","width":210,"height":210,"mime-type":"image\/jpeg","filesize":31512,"url":"https:\/\/panama-equity-media.s3.amazonaws.com\/wp-content\/uploads\/2024\/07\/20190817\/Large-unit-Vista-Mar-Las-Olas-I-For-Sale-32-210x210.jpg"},"post-featured-image":{"file":"Large-unit-Vista-Mar-Las-Olas-I-For-Sale-32-1240x720.jpg","width":1240,"height":720,"mime-type":"image\/jpeg","filesize":136595,"url":"https:\/\/panama-equity-media.s3.amazonaws.com\/wp-content\/uploads\/2024\/07\/20190817\/Large-unit-Vista-Mar-Las-Olas-I-For-Sale-32-1240x720.jpg"},"gform-image-choice-sm":{"file":"Large-unit-Vista-Mar-Las-Olas-I-For-Sale-32-300x300.jpg","width":300,"height":300,"mime-type":"image\/jpeg","filesize":37898,"url":"https:\/\/panama-equity-media.s3.amazonaws.com\/wp-content\/uploads\/2024\/07\/20190817\/Large-unit-Vista-Mar-Las-Olas-I-For-Sale-32-300x300.jpg"},"gform-image-choice-md":{"file":"Large-unit-Vista-Mar-Las-Olas-I-For-Sale-32-400x400.jpg","width":400,"height":400,"mime-type":"image\/jpeg","filesize":45645,"url":"https:\/\/panama-equity-media.s3.amazonaws.com\/wp-content\/uploads\/2024\/07\/20190817\/Large-unit-Vista-Mar-Las-Olas-I-For-Sale-32-400x400.jpg"},"gform-image-choice-lg":{"file":"Large-unit-Vista-Mar-Las-Olas-I-For-Sale-32-600x600.jpg","width":600,"height":600,"mime-type":"image\/jpeg","filesize":67913,"url":"https:\/\/panama-equity-media.s3.amazonaws.com\/wp-content\/uploads\/2024\/07\/20190817\/Large-unit-Vista-Mar-Las-Olas-I-For-Sale-32-600x600.jpg"}},"image_meta":{"aperture":"8","credit":"","camera":"ILCE-6400","caption":"","created_timestamp":"1720544324","copyright":"","focal_length":"16","iso":"160","shutter_speed":"0.005","title":"","orientation":"0","keywords":[]},"original_image":"Large-unit-Vista-Mar-Las-Olas-I-For-Sale-32.jpg","ID":"135645","name":"Large-unit-Vista-Mar-Las-Olas-I-For-Sale-32-scaled.jpg","path":"https:\/\/panama-equity-media.s3.amazonaws.com\/wp-content\/uploads\/2024\/07\/20190817\/Large-unit-Vista-Mar-Las-Olas-I-For-Sale-32-scaled.jpg","url":"https:\/\/panama-equity-media.s3.amazonaws.com\/wp-content\/uploads\/2024\/07\/20190817\/Large-unit-Vista-Mar-Las-Olas-I-For-Sale-32-150x150.jpg","full_url":"https:\/\/panama-equity-media.s3.amazonaws.com\/wp-content\/uploads\/2024\/07\/20190817\/Large-unit-Vista-Mar-Las-Olas-I-For-Sale-32-scaled.jpg","title":"Vista Mar Las Olas I  Panama condo for Sale","caption":"","description":"","alt":"Vista Mar Las Olas I Panama condo for Sale","srcset":"https:\/\/panama-equity-media.s3.amazonaws.com\/wp-content\/uploads\/2024\/07\/20190817\/Large-unit-Vista-Mar-Las-Olas-I-For-Sale-32-150x150.jpg 150w, https:\/\/panama-equity-media.s3.amazonaws.com\/wp-content\/uploads\/2024\/07\/20190817\/Large-unit-Vista-Mar-Las-Olas-I-For-Sale-32-210x210.jpg 210w, https:\/\/panama-equity-media.s3.amazonaws.com\/wp-content\/uploads\/2024\/07\/20190817\/Large-unit-Vista-Mar-Las-Olas-I-For-Sale-32-scaled.jpg 300w, https:\/\/panama-equity-media.s3.amazonaws.com\/wp-content\/uploads\/2024\/07\/20190817\/Large-unit-Vista-Mar-Las-Olas-I-For-Sale-32-scaled.jpg 400w, https:\/\/panama-equity-media.s3.amazonaws.com\/wp-content\/uploads\/2024\/07\/20190817\/Large-unit-Vista-Mar-Las-Olas-I-For-Sale-32-scaled.jpg 600w"},{"width":150,"height":150,"file":"2024\/07\/Large-unit-Vista-Mar-Las-Olas-I-For-Sale-28-scaled.jpg","filesize":544927,"sizes":{"medium":{"file":"Large-unit-Vista-Mar-Las-Olas-I-For-Sale-28-300x169.jpg","width":300,"height":169,"mime-type":"image\/jpeg","filesize":39751,"url":"https:\/\/panama-equity-media.s3.amazonaws.com\/wp-content\/uploads\/2024\/07\/20190824\/Large-unit-Vista-Mar-Las-Olas-I-For-Sale-28-300x169.jpg"},"large":{"file":"Large-unit-Vista-Mar-Las-Olas-I-For-Sale-28-1024x576.jpg","width":1024,"height":576,"mime-type":"image\/jpeg","filesize":133570,"url":"https:\/\/panama-equity-media.s3.amazonaws.com\/wp-content\/uploads\/2024\/07\/20190824\/Large-unit-Vista-Mar-Las-Olas-I-For-Sale-28-1024x576.jpg"},"thumbnail":{"file":"Large-unit-Vista-Mar-Las-Olas-I-For-Sale-28-150x150.jpg","width":150,"height":150,"mime-type":"image\/jpeg","filesize":32702,"url":"https:\/\/panama-equity-media.s3.amazonaws.com\/wp-content\/uploads\/2024\/07\/20190824\/Large-unit-Vista-Mar-Las-Olas-I-For-Sale-28-150x150.jpg"},"medium_large":{"file":"Large-unit-Vista-Mar-Las-Olas-I-For-Sale-28-768x432.jpg","width":768,"height":432,"mime-type":"image\/jpeg","filesize":91444,"url":"https:\/\/panama-equity-media.s3.amazonaws.com\/wp-content\/uploads\/2024\/07\/20190824\/Large-unit-Vista-Mar-Las-Olas-I-For-Sale-28-768x432.jpg"},"1536x1536":{"file":"Large-unit-Vista-Mar-Las-Olas-I-For-Sale-28-1536x864.jpg","width":1536,"height":864,"mime-type":"image\/jpeg","filesize":240436,"url":"https:\/\/panama-equity-media.s3.amazonaws.com\/wp-content\/uploads\/2024\/07\/20190824\/Large-unit-Vista-Mar-Las-Olas-I-For-Sale-28-1536x864.jpg"},"2048x2048":{"file":"Large-unit-Vista-Mar-Las-Olas-I-For-Sale-28-2048x1152.jpg","width":2048,"height":1152,"mime-type":"image\/jpeg","filesize":377605,"url":"https:\/\/panama-equity-media.s3.amazonaws.com\/wp-content\/uploads\/2024\/07\/20190824\/Large-unit-Vista-Mar-Las-Olas-I-For-Sale-28-2048x1152.jpg"},"post-thumbnail":{"file":"Large-unit-Vista-Mar-Las-Olas-I-For-Sale-28-150x84.jpg","width":150,"height":84,"mime-type":"image\/jpeg","filesize":30619,"url":"https:\/\/panama-equity-media.s3.amazonaws.com\/wp-content\/uploads\/2024\/07\/20190824\/Large-unit-Vista-Mar-Las-Olas-I-For-Sale-28-150x84.jpg"},"modern-property-child-slider":{"file":"Large-unit-Vista-Mar-Las-Olas-I-For-Sale-28-680x510.jpg","width":680,"height":510,"mime-type":"image\/jpeg","filesize":93378,"url":"https:\/\/panama-equity-media.s3.amazonaws.com\/wp-content\/uploads\/2024\/07\/20190824\/Large-unit-Vista-Mar-Las-Olas-I-For-Sale-28-680x510.jpg"},"property-thumb-image":{"file":"Large-unit-Vista-Mar-Las-Olas-I-For-Sale-28-488x326.jpg","width":488,"height":326,"mime-type":"image\/jpeg","filesize":61065,"url":"https:\/\/panama-equity-media.s3.amazonaws.com\/wp-content\/uploads\/2024\/07\/20190824\/Large-unit-Vista-Mar-Las-Olas-I-For-Sale-28-488x326.jpg"},"property-detail-video-image":{"file":"Large-unit-Vista-Mar-Las-Olas-I-For-Sale-28-818x417.jpg","width":818,"height":417,"mime-type":"image\/jpeg","filesize":95187,"url":"https:\/\/panama-equity-media.s3.amazonaws.com\/wp-content\/uploads\/2024\/07\/20190824\/Large-unit-Vista-Mar-Las-Olas-I-For-Sale-28-818x417.jpg"},"agent-image":{"file":"Large-unit-Vista-Mar-Las-Olas-I-For-Sale-28-210x210.jpg","width":210,"height":210,"mime-type":"image\/jpeg","filesize":37579,"url":"https:\/\/panama-equity-media.s3.amazonaws.com\/wp-content\/uploads\/2024\/07\/20190824\/Large-unit-Vista-Mar-Las-Olas-I-For-Sale-28-210x210.jpg"},"post-featured-image":{"file":"Large-unit-Vista-Mar-Las-Olas-I-For-Sale-28-1240x720.jpg","width":1240,"height":720,"mime-type":"image\/jpeg","filesize":179330,"url":"https:\/\/panama-equity-media.s3.amazonaws.com\/wp-content\/uploads\/2024\/07\/20190824\/Large-unit-Vista-Mar-Las-Olas-I-For-Sale-28-1240x720.jpg"},"gform-image-choice-sm":{"file":"Large-unit-Vista-Mar-Las-Olas-I-For-Sale-28-300x300.jpg","width":300,"height":300,"mime-type":"image\/jpeg","filesize":46755,"url":"https:\/\/panama-equity-media.s3.amazonaws.com\/wp-content\/uploads\/2024\/07\/20190824\/Large-unit-Vista-Mar-Las-Olas-I-For-Sale-28-300x300.jpg"},"gform-image-choice-md":{"file":"Large-unit-Vista-Mar-Las-Olas-I-For-Sale-28-400x400.jpg","width":400,"height":400,"mime-type":"image\/jpeg","filesize":59475,"url":"https:\/\/panama-equity-media.s3.amazonaws.com\/wp-content\/uploads\/2024\/07\/20190824\/Large-unit-Vista-Mar-Las-Olas-I-For-Sale-28-400x400.jpg"},"gform-image-choice-lg":{"file":"Large-unit-Vista-Mar-Las-Olas-I-For-Sale-28-600x600.jpg","width":600,"height":600,"mime-type":"image\/jpeg","filesize":92847,"url":"https:\/\/panama-equity-media.s3.amazonaws.com\/wp-content\/uploads\/2024\/07\/20190824\/Large-unit-Vista-Mar-Las-Olas-I-For-Sale-28-600x600.jpg"}},"image_meta":{"aperture":"8","credit":"","camera":"ILCE-6400","caption":"","created_timestamp":"1720544235","copyright":"","focal_length":"16","iso":"160","shutter_speed":"0.002","title":"","orientation":"0","keywords":[]},"original_image":"Large-unit-Vista-Mar-Las-Olas-I-For-Sale-28.jpg","ID":"135639","name":"Large-unit-Vista-Mar-Las-Olas-I-For-Sale-28-scaled.jpg","path":"https:\/\/panama-equity-media.s3.amazonaws.com\/wp-content\/uploads\/2024\/07\/20190824\/Large-unit-Vista-Mar-Las-Olas-I-For-Sale-28-scaled.jpg","url":"https:\/\/panama-equity-media.s3.amazonaws.com\/wp-content\/uploads\/2024\/07\/20190824\/Large-unit-Vista-Mar-Las-Olas-I-For-Sale-28-150x150.jpg","full_url":"https:\/\/panama-equity-media.s3.amazonaws.com\/wp-content\/uploads\/2024\/07\/20190824\/Large-unit-Vista-Mar-Las-Olas-I-For-Sale-28-scaled.jpg","title":"Vista Mar Las Olas I  Panama condo for Sale","caption":"","description":"","alt":"Vista Mar Las Olas I Panama condo for Sale","srcset":"https:\/\/panama-equity-media.s3.amazonaws.com\/wp-content\/uploads\/2024\/07\/20190824\/Large-unit-Vista-Mar-Las-Olas-I-For-Sale-28-150x150.jpg 150w, https:\/\/panama-equity-media.s3.amazonaws.com\/wp-content\/uploads\/2024\/07\/20190824\/Large-unit-Vista-Mar-Las-Olas-I-For-Sale-28-210x210.jpg 210w, https:\/\/panama-equity-media.s3.amazonaws.com\/wp-content\/uploads\/2024\/07\/20190824\/Large-unit-Vista-Mar-Las-Olas-I-For-Sale-28-scaled.jpg 300w, https:\/\/panama-equity-media.s3.amazonaws.com\/wp-content\/uploads\/2024\/07\/20190824\/Large-unit-Vista-Mar-Las-Olas-I-For-Sale-28-scaled.jpg 400w, https:\/\/panama-equity-media.s3.amazonaws.com\/wp-content\/uploads\/2024\/07\/20190824\/Large-unit-Vista-Mar-Las-Olas-I-For-Sale-28-scaled.jpg 600w"},{"width":150,"height":150,"file":"2024\/07\/Large-unit-Vista-Mar-Las-Olas-I-For-Sale-30-scaled.jpg","filesize":516968,"sizes":{"medium":{"file":"Large-unit-Vista-Mar-Las-Olas-I-For-Sale-30-300x169.jpg","width":300,"height":169,"mime-type":"image\/jpeg","filesize":37265,"url":"https:\/\/panama-equity-media.s3.amazonaws.com\/wp-content\/uploads\/2024\/07\/20190819\/Large-unit-Vista-Mar-Las-Olas-I-For-Sale-30-300x169.jpg"},"large":{"file":"Large-unit-Vista-Mar-Las-Olas-I-For-Sale-30-1024x576.jpg","width":1024,"height":576,"mime-type":"image\/jpeg","filesize":121773,"url":"https:\/\/panama-equity-media.s3.amazonaws.com\/wp-content\/uploads\/2024\/07\/20190819\/Large-unit-Vista-Mar-Las-Olas-I-For-Sale-30-1024x576.jpg"},"thumbnail":{"file":"Large-unit-Vista-Mar-Las-Olas-I-For-Sale-30-150x150.jpg","width":150,"height":150,"mime-type":"image\/jpeg","filesize":30912,"url":"https:\/\/panama-equity-media.s3.amazonaws.com\/wp-content\/uploads\/2024\/07\/20190819\/Large-unit-Vista-Mar-Las-Olas-I-For-Sale-30-150x150.jpg"},"medium_large":{"file":"Large-unit-Vista-Mar-Las-Olas-I-For-Sale-30-768x432.jpg","width":768,"height":432,"mime-type":"image\/jpeg","filesize":83332,"url":"https:\/\/panama-equity-media.s3.amazonaws.com\/wp-content\/uploads\/2024\/07\/20190819\/Large-unit-Vista-Mar-Las-Olas-I-For-Sale-30-768x432.jpg"},"1536x1536":{"file":"Large-unit-Vista-Mar-Las-Olas-I-For-Sale-30-1536x864.jpg","width":1536,"height":864,"mime-type":"image\/jpeg","filesize":222664,"url":"https:\/\/panama-equity-media.s3.amazonaws.com\/wp-content\/uploads\/2024\/07\/20190819\/Large-unit-Vista-Mar-Las-Olas-I-For-Sale-30-1536x864.jpg"},"2048x2048":{"file":"Large-unit-Vista-Mar-Las-Olas-I-For-Sale-30-2048x1152.jpg","width":2048,"height":1152,"mime-type":"image\/jpeg","filesize":353875,"url":"https:\/\/panama-equity-media.s3.amazonaws.com\/wp-content\/uploads\/2024\/07\/20190819\/Large-unit-Vista-Mar-Las-Olas-I-For-Sale-30-2048x1152.jpg"},"post-thumbnail":{"file":"Large-unit-Vista-Mar-Las-Olas-I-For-Sale-30-150x84.jpg","width":150,"height":84,"mime-type":"image\/jpeg","filesize":29137,"url":"https:\/\/panama-equity-media.s3.amazonaws.com\/wp-content\/uploads\/2024\/07\/20190819\/Large-unit-Vista-Mar-Las-Olas-I-For-Sale-30-150x84.jpg"},"modern-property-child-slider":{"file":"Large-unit-Vista-Mar-Las-Olas-I-For-Sale-30-680x510.jpg","width":680,"height":510,"mime-type":"image\/jpeg","filesize":84734,"url":"https:\/\/panama-equity-media.s3.amazonaws.com\/wp-content\/uploads\/2024\/07\/20190819\/Large-unit-Vista-Mar-Las-Olas-I-For-Sale-30-680x510.jpg"},"property-thumb-image":{"file":"Large-unit-Vista-Mar-Las-Olas-I-For-Sale-30-488x326.jpg","width":488,"height":326,"mime-type":"image\/jpeg","filesize":55549,"url":"https:\/\/panama-equity-media.s3.amazonaws.com\/wp-content\/uploads\/2024\/07\/20190819\/Large-unit-Vista-Mar-Las-Olas-I-For-Sale-30-488x326.jpg"},"property-detail-video-image":{"file":"Large-unit-Vista-Mar-Las-Olas-I-For-Sale-30-818x417.jpg","width":818,"height":417,"mime-type":"image\/jpeg","filesize":86042,"url":"https:\/\/panama-equity-media.s3.amazonaws.com\/wp-content\/uploads\/2024\/07\/20190819\/Large-unit-Vista-Mar-Las-Olas-I-For-Sale-30-818x417.jpg"},"agent-image":{"file":"Large-unit-Vista-Mar-Las-Olas-I-For-Sale-30-210x210.jpg","width":210,"height":210,"mime-type":"image\/jpeg","filesize":35229,"url":"https:\/\/panama-equity-media.s3.amazonaws.com\/wp-content\/uploads\/2024\/07\/20190819\/Large-unit-Vista-Mar-Las-Olas-I-For-Sale-30-210x210.jpg"},"post-featured-image":{"file":"Large-unit-Vista-Mar-Las-Olas-I-For-Sale-30-1240x720.jpg","width":1240,"height":720,"mime-type":"image\/jpeg","filesize":164231,"url":"https:\/\/panama-equity-media.s3.amazonaws.com\/wp-content\/uploads\/2024\/07\/20190819\/Large-unit-Vista-Mar-Las-Olas-I-For-Sale-30-1240x720.jpg"},"gform-image-choice-sm":{"file":"Large-unit-Vista-Mar-Las-Olas-I-For-Sale-30-300x300.jpg","width":300,"height":300,"mime-type":"image\/jpeg","filesize":43279,"url":"https:\/\/panama-equity-media.s3.amazonaws.com\/wp-content\/uploads\/2024\/07\/20190819\/Large-unit-Vista-Mar-Las-Olas-I-For-Sale-30-300x300.jpg"},"gform-image-choice-md":{"file":"Large-unit-Vista-Mar-Las-Olas-I-For-Sale-30-400x400.jpg","width":400,"height":400,"mime-type":"image\/jpeg","filesize":54368,"url":"https:\/\/panama-equity-media.s3.amazonaws.com\/wp-content\/uploads\/2024\/07\/20190819\/Large-unit-Vista-Mar-Las-Olas-I-For-Sale-30-400x400.jpg"},"gform-image-choice-lg":{"file":"Large-unit-Vista-Mar-Las-Olas-I-For-Sale-30-600x600.jpg","width":600,"height":600,"mime-type":"image\/jpeg","filesize":84493,"url":"https:\/\/panama-equity-media.s3.amazonaws.com\/wp-content\/uploads\/2024\/07\/20190819\/Large-unit-Vista-Mar-Las-Olas-I-For-Sale-30-600x600.jpg"}},"image_meta":{"aperture":"8","credit":"","camera":"ILCE-6400","caption":"","created_timestamp":"1720544286","copyright":"","focal_length":"16","iso":"160","shutter_speed":"0.002","title":"","orientation":"0","keywords":[]},"original_image":"Large-unit-Vista-Mar-Las-Olas-I-For-Sale-30.jpg","ID":"135643","name":"Large-unit-Vista-Mar-Las-Olas-I-For-Sale-30-scaled.jpg","path":"https:\/\/panama-equity-media.s3.amazonaws.com\/wp-content\/uploads\/2024\/07\/20190819\/Large-unit-Vista-Mar-Las-Olas-I-For-Sale-30-scaled.jpg","url":"https:\/\/panama-equity-media.s3.amazonaws.com\/wp-content\/uploads\/2024\/07\/20190819\/Large-unit-Vista-Mar-Las-Olas-I-For-Sale-30-150x150.jpg","full_url":"https:\/\/panama-equity-media.s3.amazonaws.com\/wp-content\/uploads\/2024\/07\/20190819\/Large-unit-Vista-Mar-Las-Olas-I-For-Sale-30-scaled.jpg","title":"Vista Mar Las Olas I  Panama condo for Sale","caption":"","description":"","alt":"Vista Mar Las Olas I Panama condo for Sale","srcset":"https:\/\/panama-equity-media.s3.amazonaws.com\/wp-content\/uploads\/2024\/07\/20190819\/Large-unit-Vista-Mar-Las-Olas-I-For-Sale-30-150x150.jpg 150w, https:\/\/panama-equity-media.s3.amazonaws.com\/wp-content\/uploads\/2024\/07\/20190819\/Large-unit-Vista-Mar-Las-Olas-I-For-Sale-30-210x210.jpg 210w, https:\/\/panama-equity-media.s3.amazonaws.com\/wp-content\/uploads\/2024\/07\/20190819\/Large-unit-Vista-Mar-Las-Olas-I-For-Sale-30-scaled.jpg 300w, https:\/\/panama-equity-media.s3.amazonaws.com\/wp-content\/uploads\/2024\/07\/20190819\/Large-unit-Vista-Mar-Las-Olas-I-For-Sale-30-scaled.jpg 400w, https:\/\/panama-equity-media.s3.amazonaws.com\/wp-content\/uploads\/2024\/07\/20190819\/Large-unit-Vista-Mar-Las-Olas-I-For-Sale-30-scaled.jpg 600w"},{"width":150,"height":150,"file":"2024\/07\/Large-unit-Vista-Mar-Las-Olas-I-For-Sale-29-scaled.jpg","filesize":630527,"sizes":{"medium":{"file":"Large-unit-Vista-Mar-Las-Olas-I-For-Sale-29-300x169.jpg","width":300,"height":169,"mime-type":"image\/jpeg","filesize":38608,"url":"https:\/\/panama-equity-media.s3.amazonaws.com\/wp-content\/uploads\/2024\/07\/20190822\/Large-unit-Vista-Mar-Las-Olas-I-For-Sale-29-300x169.jpg"},"large":{"file":"Large-unit-Vista-Mar-Las-Olas-I-For-Sale-29-1024x576.jpg","width":1024,"height":576,"mime-type":"image\/jpeg","filesize":139288,"url":"https:\/\/panama-equity-media.s3.amazonaws.com\/wp-content\/uploads\/2024\/07\/20190822\/Large-unit-Vista-Mar-Las-Olas-I-For-Sale-29-1024x576.jpg"},"thumbnail":{"file":"Large-unit-Vista-Mar-Las-Olas-I-For-Sale-29-150x150.jpg","width":150,"height":150,"mime-type":"image\/jpeg","filesize":31698,"url":"https:\/\/panama-equity-media.s3.amazonaws.com\/wp-content\/uploads\/2024\/07\/20190822\/Large-unit-Vista-Mar-Las-Olas-I-For-Sale-29-150x150.jpg"},"medium_large":{"file":"Large-unit-Vista-Mar-Las-Olas-I-For-Sale-29-768x432.jpg","width":768,"height":432,"mime-type":"image\/jpeg","filesize":92770,"url":"https:\/\/panama-equity-media.s3.amazonaws.com\/wp-content\/uploads\/2024\/07\/20190822\/Large-unit-Vista-Mar-Las-Olas-I-For-Sale-29-768x432.jpg"},"1536x1536":{"file":"Large-unit-Vista-Mar-Las-Olas-I-For-Sale-29-1536x864.jpg","width":1536,"height":864,"mime-type":"image\/jpeg","filesize":263127,"url":"https:\/\/panama-equity-media.s3.amazonaws.com\/wp-content\/uploads\/2024\/07\/20190822\/Large-unit-Vista-Mar-Las-Olas-I-For-Sale-29-1536x864.jpg"},"2048x2048":{"file":"Large-unit-Vista-Mar-Las-Olas-I-For-Sale-29-2048x1152.jpg","width":2048,"height":1152,"mime-type":"image\/jpeg","filesize":427519,"url":"https:\/\/panama-equity-media.s3.amazonaws.com\/wp-content\/uploads\/2024\/07\/20190822\/Large-unit-Vista-Mar-Las-Olas-I-For-Sale-29-2048x1152.jpg"},"post-thumbnail":{"file":"Large-unit-Vista-Mar-Las-Olas-I-For-Sale-29-150x84.jpg","width":150,"height":84,"mime-type":"image\/jpeg","filesize":29615,"url":"https:\/\/panama-equity-media.s3.amazonaws.com\/wp-content\/uploads\/2024\/07\/20190822\/Large-unit-Vista-Mar-Las-Olas-I-For-Sale-29-150x84.jpg"},"modern-property-child-slider":{"file":"Large-unit-Vista-Mar-Las-Olas-I-For-Sale-29-680x510.jpg","width":680,"height":510,"mime-type":"image\/jpeg","filesize":94570,"url":"https:\/\/panama-equity-media.s3.amazonaws.com\/wp-content\/uploads\/2024\/07\/20190822\/Large-unit-Vista-Mar-Las-Olas-I-For-Sale-29-680x510.jpg"},"property-thumb-image":{"file":"Large-unit-Vista-Mar-Las-Olas-I-For-Sale-29-488x326.jpg","width":488,"height":326,"mime-type":"image\/jpeg","filesize":59907,"url":"https:\/\/panama-equity-media.s3.amazonaws.com\/wp-content\/uploads\/2024\/07\/20190822\/Large-unit-Vista-Mar-Las-Olas-I-For-Sale-29-488x326.jpg"},"property-detail-video-image":{"file":"Large-unit-Vista-Mar-Las-Olas-I-For-Sale-29-818x417.jpg","width":818,"height":417,"mime-type":"image\/jpeg","filesize":95496,"url":"https:\/\/panama-equity-media.s3.amazonaws.com\/wp-content\/uploads\/2024\/07\/20190822\/Large-unit-Vista-Mar-Las-Olas-I-For-Sale-29-818x417.jpg"},"agent-image":{"file":"Large-unit-Vista-Mar-Las-Olas-I-For-Sale-29-210x210.jpg","width":210,"height":210,"mime-type":"image\/jpeg","filesize":36496,"url":"https:\/\/panama-equity-media.s3.amazonaws.com\/wp-content\/uploads\/2024\/07\/20190822\/Large-unit-Vista-Mar-Las-Olas-I-For-Sale-29-210x210.jpg"},"post-featured-image":{"file":"Large-unit-Vista-Mar-Las-Olas-I-For-Sale-29-1240x720.jpg","width":1240,"height":720,"mime-type":"image\/jpeg","filesize":190793,"url":"https:\/\/panama-equity-media.s3.amazonaws.com\/wp-content\/uploads\/2024\/07\/20190822\/Large-unit-Vista-Mar-Las-Olas-I-For-Sale-29-1240x720.jpg"},"gform-image-choice-sm":{"file":"Large-unit-Vista-Mar-Las-Olas-I-For-Sale-29-300x300.jpg","width":300,"height":300,"mime-type":"image\/jpeg","filesize":46010,"url":"https:\/\/panama-equity-media.s3.amazonaws.com\/wp-content\/uploads\/2024\/07\/20190822\/Large-unit-Vista-Mar-Las-Olas-I-For-Sale-29-300x300.jpg"},"gform-image-choice-md":{"file":"Large-unit-Vista-Mar-Las-Olas-I-For-Sale-29-400x400.jpg","width":400,"height":400,"mime-type":"image\/jpeg","filesize":58792,"url":"https:\/\/panama-equity-media.s3.amazonaws.com\/wp-content\/uploads\/2024\/07\/20190822\/Large-unit-Vista-Mar-Las-Olas-I-For-Sale-29-400x400.jpg"},"gform-image-choice-lg":{"file":"Large-unit-Vista-Mar-Las-Olas-I-For-Sale-29-600x600.jpg","width":600,"height":600,"mime-type":"image\/jpeg","filesize":95113,"url":"https:\/\/panama-equity-media.s3.amazonaws.com\/wp-content\/uploads\/2024\/07\/20190822\/Large-unit-Vista-Mar-Las-Olas-I-For-Sale-29-600x600.jpg"}},"image_meta":{"aperture":"8","credit":"","camera":"ILCE-6400","caption":"","created_timestamp":"1720544254","copyright":"","focal_length":"16","iso":"160","shutter_speed":"0.0015625","title":"","orientation":"0","keywords":[]},"original_image":"Large-unit-Vista-Mar-Las-Olas-I-For-Sale-29.jpg","ID":"135641","name":"Large-unit-Vista-Mar-Las-Olas-I-For-Sale-29-scaled.jpg","path":"https:\/\/panama-equity-media.s3.amazonaws.com\/wp-content\/uploads\/2024\/07\/20190822\/Large-unit-Vista-Mar-Las-Olas-I-For-Sale-29-scaled.jpg","url":"https:\/\/panama-equity-media.s3.amazonaws.com\/wp-content\/uploads\/2024\/07\/20190822\/Large-unit-Vista-Mar-Las-Olas-I-For-Sale-29-150x150.jpg","full_url":"https:\/\/panama-equity-media.s3.amazonaws.com\/wp-content\/uploads\/2024\/07\/20190822\/Large-unit-Vista-Mar-Las-Olas-I-For-Sale-29-scaled.jpg","title":"Vista Mar Las Olas I  Panama condo for Sale","caption":"","description":"","alt":"Vista Mar Las Olas I Panama condo for Sale","srcset":"https:\/\/panama-equity-media.s3.amazonaws.com\/wp-content\/uploads\/2024\/07\/20190822\/Large-unit-Vista-Mar-Las-Olas-I-For-Sale-29-150x150.jpg 150w, https:\/\/panama-equity-media.s3.amazonaws.com\/wp-content\/uploads\/2024\/07\/20190822\/Large-unit-Vista-Mar-Las-Olas-I-For-Sale-29-210x210.jpg 210w, https:\/\/panama-equity-media.s3.amazonaws.com\/wp-content\/uploads\/2024\/07\/20190822\/Large-unit-Vista-Mar-Las-Olas-I-For-Sale-29-scaled.jpg 300w, https:\/\/panama-equity-media.s3.amazonaws.com\/wp-content\/uploads\/2024\/07\/20190822\/Large-unit-Vista-Mar-Las-Olas-I-For-Sale-29-scaled.jpg 400w, https:\/\/panama-equity-media.s3.amazonaws.com\/wp-content\/uploads\/2024\/07\/20190822\/Large-unit-Vista-Mar-Las-Olas-I-For-Sale-29-scaled.jpg 600w"},{"width":150,"height":150,"file":"2024\/07\/Las-Olas-I-y-Las-Olas-II-Panama-Building-Description-and-Amenities-3-scaled.jpg","filesize":847032,"sizes":{"medium":{"file":"Las-Olas-I-y-Las-Olas-II-Panama-Building-Description-and-Amenities-3-300x169.jpg","width":300,"height":169,"mime-type":"image\/jpeg","filesize":48913,"url":"https:\/\/panama-equity-media.s3.amazonaws.com\/wp-content\/uploads\/2024\/07\/20190812\/Las-Olas-I-y-Las-Olas-II-Panama-Building-Description-and-Amenities-3-300x169.jpg"},"large":{"file":"Las-Olas-I-y-Las-Olas-II-Panama-Building-Description-and-Amenities-3-1024x576.jpg","width":1024,"height":576,"mime-type":"image\/jpeg","filesize":190570,"url":"https:\/\/panama-equity-media.s3.amazonaws.com\/wp-content\/uploads\/2024\/07\/20190812\/Las-Olas-I-y-Las-Olas-II-Panama-Building-Description-and-Amenities-3-1024x576.jpg"},"thumbnail":{"file":"Las-Olas-I-y-Las-Olas-II-Panama-Building-Description-and-Amenities-3-150x150.jpg","width":150,"height":150,"mime-type":"image\/jpeg","filesize":39507,"url":"https:\/\/panama-equity-media.s3.amazonaws.com\/wp-content\/uploads\/2024\/07\/20190812\/Las-Olas-I-y-Las-Olas-II-Panama-Building-Description-and-Amenities-3-150x150.jpg"},"medium_large":{"file":"Las-Olas-I-y-Las-Olas-II-Panama-Building-Description-and-Amenities-3-768x432.jpg","width":768,"height":432,"mime-type":"image\/jpeg","filesize":125056,"url":"https:\/\/panama-equity-media.s3.amazonaws.com\/wp-content\/uploads\/2024\/07\/20190812\/Las-Olas-I-y-Las-Olas-II-Panama-Building-Description-and-Amenities-3-768x432.jpg"},"1536x1536":{"file":"Las-Olas-I-y-Las-Olas-II-Panama-Building-Description-and-Amenities-3-1536x864.jpg","width":1536,"height":864,"mime-type":"image\/jpeg","filesize":363681,"url":"https:\/\/panama-equity-media.s3.amazonaws.com\/wp-content\/uploads\/2024\/07\/20190812\/Las-Olas-I-y-Las-Olas-II-Panama-Building-Description-and-Amenities-3-1536x864.jpg"},"2048x2048":{"file":"Las-Olas-I-y-Las-Olas-II-Panama-Building-Description-and-Amenities-3-2048x1152.jpg","width":2048,"height":1152,"mime-type":"image\/jpeg","filesize":586110,"url":"https:\/\/panama-equity-media.s3.amazonaws.com\/wp-content\/uploads\/2024\/07\/20190812\/Las-Olas-I-y-Las-Olas-II-Panama-Building-Description-and-Amenities-3-2048x1152.jpg"},"post-thumbnail":{"file":"Las-Olas-I-y-Las-Olas-II-Panama-Building-Description-and-Amenities-3-150x84.jpg","width":150,"height":84,"mime-type":"image\/jpeg","filesize":36248,"url":"https:\/\/panama-equity-media.s3.amazonaws.com\/wp-content\/uploads\/2024\/07\/20190812\/Las-Olas-I-y-Las-Olas-II-Panama-Building-Description-and-Amenities-3-150x84.jpg"},"modern-property-child-slider":{"file":"Las-Olas-I-y-Las-Olas-II-Panama-Building-Description-and-Amenities-3-680x510.jpg","width":680,"height":510,"mime-type":"image\/jpeg","filesize":128327,"url":"https:\/\/panama-equity-media.s3.amazonaws.com\/wp-content\/uploads\/2024\/07\/20190812\/Las-Olas-I-y-Las-Olas-II-Panama-Building-Description-and-Amenities-3-680x510.jpg"},"property-thumb-image":{"file":"Las-Olas-I-y-Las-Olas-II-Panama-Building-Description-and-Amenities-3-488x326.jpg","width":488,"height":326,"mime-type":"image\/jpeg","filesize":79819,"url":"https:\/\/panama-equity-media.s3.amazonaws.com\/wp-content\/uploads\/2024\/07\/20190812\/Las-Olas-I-y-Las-Olas-II-Panama-Building-Description-and-Amenities-3-488x326.jpg"},"property-detail-video-image":{"file":"Las-Olas-I-y-Las-Olas-II-Panama-Building-Description-and-Amenities-3-818x417.jpg","width":818,"height":417,"mime-type":"image\/jpeg","filesize":132078,"url":"https:\/\/panama-equity-media.s3.amazonaws.com\/wp-content\/uploads\/2024\/07\/20190812\/Las-Olas-I-y-Las-Olas-II-Panama-Building-Description-and-Amenities-3-818x417.jpg"},"agent-image":{"file":"Las-Olas-I-y-Las-Olas-II-Panama-Building-Description-and-Amenities-3-210x210.jpg","width":210,"height":210,"mime-type":"image\/jpeg","filesize":46575,"url":"https:\/\/panama-equity-media.s3.amazonaws.com\/wp-content\/uploads\/2024\/07\/20190812\/Las-Olas-I-y-Las-Olas-II-Panama-Building-Description-and-Amenities-3-210x210.jpg"},"partners-logo":{"file":"Las-Olas-I-y-Las-Olas-II-Panama-Building-Description-and-Amenities-3-600x2250.jpg","width":600,"height":2250,"mime-type":"image\/jpeg","filesize":314881,"url":"https:\/\/panama-equity-media.s3.amazonaws.com\/wp-content\/uploads\/2024\/07\/20190812\/Las-Olas-I-y-Las-Olas-II-Panama-Building-Description-and-Amenities-3-600x2250.jpg"},"post-featured-image":{"file":"Las-Olas-I-y-Las-Olas-II-Panama-Building-Description-and-Amenities-3-1240x720.jpg","width":1240,"height":720,"mime-type":"image\/jpeg","filesize":263682,"url":"https:\/\/panama-equity-media.s3.amazonaws.com\/wp-content\/uploads\/2024\/07\/20190812\/Las-Olas-I-y-Las-Olas-II-Panama-Building-Description-and-Amenities-3-1240x720.jpg"},"gform-image-choice-sm":{"file":"Las-Olas-I-y-Las-Olas-II-Panama-Building-Description-and-Amenities-3-300x300.jpg","width":300,"height":300,"mime-type":"image\/jpeg","filesize":59671,"url":"https:\/\/panama-equity-media.s3.amazonaws.com\/wp-content\/uploads\/2024\/07\/20190812\/Las-Olas-I-y-Las-Olas-II-Panama-Building-Description-and-Amenities-3-300x300.jpg"},"gform-image-choice-md":{"file":"Las-Olas-I-y-Las-Olas-II-Panama-Building-Description-and-Amenities-3-400x400.jpg","width":400,"height":400,"mime-type":"image\/jpeg","filesize":78139,"url":"https:\/\/panama-equity-media.s3.amazonaws.com\/wp-content\/uploads\/2024\/07\/20190812\/Las-Olas-I-y-Las-Olas-II-Panama-Building-Description-and-Amenities-3-400x400.jpg"},"gform-image-choice-lg":{"file":"Las-Olas-I-y-Las-Olas-II-Panama-Building-Description-and-Amenities-3-600x600.jpg","width":600,"height":600,"mime-type":"image\/jpeg","filesize":128964,"url":"https:\/\/panama-equity-media.s3.amazonaws.com\/wp-content\/uploads\/2024\/07\/20190812\/Las-Olas-I-y-Las-Olas-II-Panama-Building-Description-and-Amenities-3-600x600.jpg"},"elementor_custom_1000x667":{"file":"elementor\/thumbs\/Las-Olas-I-y-Las-Olas-II-Panama-Building-Description-and-Amenities-3-scaled.jpg","width":1000,"height":667,"mime-type":"image\/jpeg","url":"https:\/\/panama-equity-media.s3.amazonaws.com\/wp-content\/uploads\/2024\/07\/20190812\/elementor\/thumbs\/Las-Olas-I-y-Las-Olas-II-Panama-Building-Description-and-Amenities-3-scaled.jpg"}},"image_meta":{"aperture":"2.8","credit":"","camera":"FC3170","caption":"default","created_timestamp":"1659523856","copyright":"","focal_length":"4.5","iso":"100","shutter_speed":"0.00066666666666667","title":"default","orientation":"0","keywords":[]},"original_image":"Las-Olas-I-y-Las-Olas-II-Panama-Building-Description-and-Amenities-3.jpg","ID":"135649","name":"Las-Olas-I-y-Las-Olas-II-Panama-Building-Description-and-Amenities-3-scaled.jpg","path":"https:\/\/panama-equity-media.s3.amazonaws.com\/wp-content\/uploads\/2024\/07\/20190812\/Las-Olas-I-y-Las-Olas-II-Panama-Building-Description-and-Amenities-3-scaled.jpg","url":"https:\/\/panama-equity-media.s3.amazonaws.com\/wp-content\/uploads\/2024\/07\/20190812\/Las-Olas-I-y-Las-Olas-II-Panama-Building-Description-and-Amenities-3-150x150.jpg","full_url":"https:\/\/panama-equity-media.s3.amazonaws.com\/wp-content\/uploads\/2024\/07\/20190812\/Las-Olas-I-y-Las-Olas-II-Panama-Building-Description-and-Amenities-3-scaled.jpg","title":"Vista Mar Las Olas I  Panama condo for Sale","caption":"","description":"","alt":"Vista Mar Las Olas I Panama condo for Sale","srcset":"https:\/\/panama-equity-media.s3.amazonaws.com\/wp-content\/uploads\/2024\/07\/20190812\/Las-Olas-I-y-Las-Olas-II-Panama-Building-Description-and-Amenities-3-150x150.jpg 150w, https:\/\/panama-equity-media.s3.amazonaws.com\/wp-content\/uploads\/2024\/07\/20190812\/Las-Olas-I-y-Las-Olas-II-Panama-Building-Description-and-Amenities-3-210x210.jpg 210w, https:\/\/panama-equity-media.s3.amazonaws.com\/wp-content\/uploads\/2024\/07\/20190812\/Las-Olas-I-y-Las-Olas-II-Panama-Building-Description-and-Amenities-3-300x300.jpg 300w, https:\/\/panama-equity-media.s3.amazonaws.com\/wp-content\/uploads\/2024\/07\/20190812\/Las-Olas-I-y-Las-Olas-II-Panama-Building-Description-and-Amenities-3-400x400.jpg 400w, https:\/\/panama-equity-media.s3.amazonaws.com\/wp-content\/uploads\/2024\/07\/20190812\/Las-Olas-I-y-Las-Olas-II-Panama-Building-Description-and-Amenities-3-600x600.jpg 600w"},{"width":150,"height":150,"file":"2024\/07\/Las-Olas-I-y-Las-Olas-II-Panama-Building-Description-and-Amenities-1-1-scaled.jpg","filesize":916902,"sizes":{"medium":{"file":"Las-Olas-I-y-Las-Olas-II-Panama-Building-Description-and-Amenities-1-1-300x169.jpg","width":300,"height":169,"mime-type":"image\/jpeg","filesize":48810,"url":"https:\/\/panama-equity-media.s3.amazonaws.com\/wp-content\/uploads\/2024\/07\/20190810\/Las-Olas-I-y-Las-Olas-II-Panama-Building-Description-and-Amenities-1-1-300x169.jpg"},"large":{"file":"Las-Olas-I-y-Las-Olas-II-Panama-Building-Description-and-Amenities-1-1-1024x576.jpg","width":1024,"height":576,"mime-type":"image\/jpeg","filesize":204656,"url":"https:\/\/panama-equity-media.s3.amazonaws.com\/wp-content\/uploads\/2024\/07\/20190810\/Las-Olas-I-y-Las-Olas-II-Panama-Building-Description-and-Amenities-1-1-1024x576.jpg"},"thumbnail":{"file":"Las-Olas-I-y-Las-Olas-II-Panama-Building-Description-and-Amenities-1-1-150x150.jpg","width":150,"height":150,"mime-type":"image\/jpeg","filesize":39101,"url":"https:\/\/panama-equity-media.s3.amazonaws.com\/wp-content\/uploads\/2024\/07\/20190810\/Las-Olas-I-y-Las-Olas-II-Panama-Building-Description-and-Amenities-1-1-150x150.jpg"},"medium_large":{"file":"Las-Olas-I-y-Las-Olas-II-Panama-Building-Description-and-Amenities-1-1-768x432.jpg","width":768,"height":432,"mime-type":"image\/jpeg","filesize":132688,"url":"https:\/\/panama-equity-media.s3.amazonaws.com\/wp-content\/uploads\/2024\/07\/20190810\/Las-Olas-I-y-Las-Olas-II-Panama-Building-Description-and-Amenities-1-1-768x432.jpg"},"1536x1536":{"file":"Las-Olas-I-y-Las-Olas-II-Panama-Building-Description-and-Amenities-1-1-1536x864.jpg","width":1536,"height":864,"mime-type":"image\/jpeg","filesize":392873,"url":"https:\/\/panama-equity-media.s3.amazonaws.com\/wp-content\/uploads\/2024\/07\/20190810\/Las-Olas-I-y-Las-Olas-II-Panama-Building-Description-and-Amenities-1-1-1536x864.jpg"},"2048x2048":{"file":"Las-Olas-I-y-Las-Olas-II-Panama-Building-Description-and-Amenities-1-1-2048x1152.jpg","width":2048,"height":1152,"mime-type":"image\/jpeg","filesize":633183,"url":"https:\/\/panama-equity-media.s3.amazonaws.com\/wp-content\/uploads\/2024\/07\/20190810\/Las-Olas-I-y-Las-Olas-II-Panama-Building-Description-and-Amenities-1-1-2048x1152.jpg"},"post-thumbnail":{"file":"Las-Olas-I-y-Las-Olas-II-Panama-Building-Description-and-Amenities-1-1-150x84.jpg","width":150,"height":84,"mime-type":"image\/jpeg","filesize":35373,"url":"https:\/\/panama-equity-media.s3.amazonaws.com\/wp-content\/uploads\/2024\/07\/20190810\/Las-Olas-I-y-Las-Olas-II-Panama-Building-Description-and-Amenities-1-1-150x84.jpg"},"modern-property-child-slider":{"file":"Las-Olas-I-y-Las-Olas-II-Panama-Building-Description-and-Amenities-1-1-680x510.jpg","width":680,"height":510,"mime-type":"image\/jpeg","filesize":136889,"url":"https:\/\/panama-equity-media.s3.amazonaws.com\/wp-content\/uploads\/2024\/07\/20190810\/Las-Olas-I-y-Las-Olas-II-Panama-Building-Description-and-Amenities-1-1-680x510.jpg"},"property-thumb-image":{"file":"Las-Olas-I-y-Las-Olas-II-Panama-Building-Description-and-Amenities-1-1-488x326.jpg","width":488,"height":326,"mime-type":"image\/jpeg","filesize":83119,"url":"https:\/\/panama-equity-media.s3.amazonaws.com\/wp-content\/uploads\/2024\/07\/20190810\/Las-Olas-I-y-Las-Olas-II-Panama-Building-Description-and-Amenities-1-1-488x326.jpg"},"property-detail-video-image":{"file":"Las-Olas-I-y-Las-Olas-II-Panama-Building-Description-and-Amenities-1-1-818x417.jpg","width":818,"height":417,"mime-type":"image\/jpeg","filesize":139908,"url":"https:\/\/panama-equity-media.s3.amazonaws.com\/wp-content\/uploads\/2024\/07\/20190810\/Las-Olas-I-y-Las-Olas-II-Panama-Building-Description-and-Amenities-1-1-818x417.jpg"},"agent-image":{"file":"Las-Olas-I-y-Las-Olas-II-Panama-Building-Description-and-Amenities-1-1-210x210.jpg","width":210,"height":210,"mime-type":"image\/jpeg","filesize":47072,"url":"https:\/\/panama-equity-media.s3.amazonaws.com\/wp-content\/uploads\/2024\/07\/20190810\/Las-Olas-I-y-Las-Olas-II-Panama-Building-Description-and-Amenities-1-1-210x210.jpg"},"partners-logo":{"file":"Las-Olas-I-y-Las-Olas-II-Panama-Building-Description-and-Amenities-1-1-600x2250.jpg","width":600,"height":2250,"mime-type":"image\/jpeg","filesize":331482,"url":"https:\/\/panama-equity-media.s3.amazonaws.com\/wp-content\/uploads\/2024\/07\/20190810\/Las-Olas-I-y-Las-Olas-II-Panama-Building-Description-and-Amenities-1-1-600x2250.jpg"},"post-featured-image":{"file":"Las-Olas-I-y-Las-Olas-II-Panama-Building-Description-and-Amenities-1-1-1240x720.jpg","width":1240,"height":720,"mime-type":"image\/jpeg","filesize":284219,"url":"https:\/\/panama-equity-media.s3.amazonaws.com\/wp-content\/uploads\/2024\/07\/20190810\/Las-Olas-I-y-Las-Olas-II-Panama-Building-Description-and-Amenities-1-1-1240x720.jpg"},"gform-image-choice-sm":{"file":"Las-Olas-I-y-Las-Olas-II-Panama-Building-Description-and-Amenities-1-1-300x300.jpg","width":300,"height":300,"mime-type":"image\/jpeg","filesize":62034,"url":"https:\/\/panama-equity-media.s3.amazonaws.com\/wp-content\/uploads\/2024\/07\/20190810\/Las-Olas-I-y-Las-Olas-II-Panama-Building-Description-and-Amenities-1-1-300x300.jpg"},"gform-image-choice-md":{"file":"Las-Olas-I-y-Las-Olas-II-Panama-Building-Description-and-Amenities-1-1-400x400.jpg","width":400,"height":400,"mime-type":"image\/jpeg","filesize":83036,"url":"https:\/\/panama-equity-media.s3.amazonaws.com\/wp-content\/uploads\/2024\/07\/20190810\/Las-Olas-I-y-Las-Olas-II-Panama-Building-Description-and-Amenities-1-1-400x400.jpg"},"gform-image-choice-lg":{"file":"Las-Olas-I-y-Las-Olas-II-Panama-Building-Description-and-Amenities-1-1-600x600.jpg","width":600,"height":600,"mime-type":"image\/jpeg","filesize":139792,"url":"https:\/\/panama-equity-media.s3.amazonaws.com\/wp-content\/uploads\/2024\/07\/20190810\/Las-Olas-I-y-Las-Olas-II-Panama-Building-Description-and-Amenities-1-1-600x600.jpg"}},"image_meta":{"aperture":"2.8","credit":"","camera":"FC3170","caption":"default","created_timestamp":"1659523572","copyright":"","focal_length":"4.5","iso":"100","shutter_speed":"0.0008","title":"default","orientation":"0","keywords":[]},"original_image":"Las-Olas-I-y-Las-Olas-II-Panama-Building-Description-and-Amenities-1-1.jpg","ID":"135652","name":"Las-Olas-I-y-Las-Olas-II-Panama-Building-Description-and-Amenities-1-1-scaled.jpg","path":"https:\/\/panama-equity-media.s3.amazonaws.com\/wp-content\/uploads\/2024\/07\/20190810\/Las-Olas-I-y-Las-Olas-II-Panama-Building-Description-and-Amenities-1-1-scaled.jpg","url":"https:\/\/panama-equity-media.s3.amazonaws.com\/wp-content\/uploads\/2024\/07\/20190810\/Las-Olas-I-y-Las-Olas-II-Panama-Building-Description-and-Amenities-1-1-150x150.jpg","full_url":"https:\/\/panama-equity-media.s3.amazonaws.com\/wp-content\/uploads\/2024\/07\/20190810\/Las-Olas-I-y-Las-Olas-II-Panama-Building-Description-and-Amenities-1-1-scaled.jpg","title":"Las Olas I Vista Mar Panama condo for rent","caption":"","description":"","alt":"Las Olas I Vista Mar Panama condo for rent","srcset":"https:\/\/panama-equity-media.s3.amazonaws.com\/wp-content\/uploads\/2024\/07\/20190810\/Las-Olas-I-y-Las-Olas-II-Panama-Building-Description-and-Amenities-1-1-150x150.jpg 150w, https:\/\/panama-equity-media.s3.amazonaws.com\/wp-content\/uploads\/2024\/07\/20190810\/Las-Olas-I-y-Las-Olas-II-Panama-Building-Description-and-Amenities-1-1-210x210.jpg 210w, https:\/\/panama-equity-media.s3.amazonaws.com\/wp-content\/uploads\/2024\/07\/20190810\/Las-Olas-I-y-Las-Olas-II-Panama-Building-Description-and-Amenities-1-1-300x300.jpg 300w, https:\/\/panama-equity-media.s3.amazonaws.com\/wp-content\/uploads\/2024\/07\/20190810\/Las-Olas-I-y-Las-Olas-II-Panama-Building-Description-and-Amenities-1-1-400x400.jpg 400w, https:\/\/panama-equity-media.s3.amazonaws.com\/wp-content\/uploads\/2024\/07\/20190810\/Las-Olas-I-y-Las-Olas-II-Panama-Building-Description-and-Amenities-1-1-600x600.jpg 600w"}],"REAL_HOMES_change_gallery_slider_type":"0","REAL_HOMES_gallery_slider_type":"thumb-on-right","inspiry_floor_plans":[],"inspiry_video_group":[{"inspiry_video_group_image":["135802"],"inspiry_video_group_title":"Large Vista Mar Condo for Sale","inspiry_video_group_url":"https:\/\/youtu.be\/4mrL5zGbA2s"}],"REAL_HOMES_360_virtual_tour":"","REAL_HOMES_agent_display_option":"my_profile_info","REAL_HOMES_agents":[],"REAL_HOMES_energy_class":"none","REAL_HOMES_energy_performance":"","REAL_HOMES_epc_current_rating":"","REAL_HOMES_epc_potential_rating":"","ere_property_schedule_tour":"global","ere_property_schedule_time_slots":"","ere_property_schedule_description":"","REAL_HOMES_sticky":"0","inspiry_property_label":"","inspiry_property_label_color":"","inspiry_property_tax":"","inspiry_additional_fee":"","REAL_HOMES_attachments":[],"inspiry_property_owner_name":"","inspiry_property_owner_contact":"","inspiry_property_owner_address":"","REAL_HOMES_property_private_note":"","inspiry_message_to_reviewer":"","REAL_HOMES_add_in_slider":"no","REAL_HOMES_slider_image":[],"REAL_HOMES_page_banner_image":[],"REAL_HOMES_hide_property_advance_search":"0","inspiry_furnished?":"As it is on the picture","inspiry_finca_number":"","inspiry_ownership":"","inspiry_exoneration_filed_until_year":"","inspiry_taxes_per_year":"","inspiry_registered_value":"","inspiry_contact_for_showing":"","inspiry_contact_name":"","inspiry_contact_phone_number":"","inspiry_do_we_have_the_keys?_":"","inspiry_mortgage":"","inspiry_cbe?":"","inspiry_guesthouse":"","inspiry_well_water":"","inspiry_electric_generator":"","inspiry_storage":"","inspiry_swimming_pool?":"","inspiry_amount_of_maintenance_fees?":"560","inspiry_when_was_the_last_assessment":"","inspiry_price_includes":"","inspiry_reason_for_selling?":"","inspiry_sales_commission":"5.35%","inspiry_septic_tank_last_cleaned?":"","inspiry_lead_source":"Carlos Cortes +507 6342-4482","inspiry_pocket_listing?":"","inspiry_seller_will_accept_crypto_currencies?":"","inspiry_ca":"https:\/\/www.compreoalquile.com\/propiedades\/apartamento-en-vista-mar-en-venta:-el-apartamento-144036434.html","inspiry_e24":"https:\/\/www.encuentra24.com\/panama-es\/bienes-raices-venta-de-propiedades-casas-y-terrenos-de-playas\/apartamento-en-venta-el-apartamento-de-sus-suenos-lo-espera\/28359578","inspiry_mls":"","inspiry__document_&_photo_link":"https:\/\/drive.google.com\/drive\/u\/0\/folders\/1eii3FcGDA1RaT8yChH-_paNNxtDaoNmq","inspiry_name_of_the_building":"Las Olas I","inspiry_owners_email":"","inspiry_owners_phone":"+34 670 44 99 26","inspiry_apartment_number":"3D","REAL_HOMES_custom_header_display":"default","REAL_HOMES_custom_header_position":"","REAL_HOMES_custom_footer_display":"default","REAL_HOMES_hide_advance_search":"0","REAL_HOMES_custom_search_form":"default","REAL_HOMES_search_form_margin_top":"","REAL_HOMES_search_form_margin_bottom":""},"publishpress_future_action":{"enabled":false,"date":"2026-05-06 07:06:46","action":"change-status","newStatus":"draft","terms":[],"taxonomy":"property-feature","extraData":[]},"publishpress_future_workflow_manual_trigger":{"enabledWorkflows":[]},"_links":{"self":[{"href":"https:\/\/www.panamaequity.com\/es\/wp-json\/wp\/v2\/listings\/135799","targetHints":{"allow":["GET"]}}],"collection":[{"href":"https:\/\/www.panamaequity.com\/es\/wp-json\/wp\/v2\/listings"}],"about":[{"href":"https:\/\/www.panamaequity.com\/es\/wp-json\/wp\/v2\/types\/property"}],"author":[{"embeddable":true,"href":"https:\/\/www.panamaequity.com\/es\/wp-json\/wp\/v2\/users\/21143"}],"replies":[{"embeddable":true,"href":"https:\/\/www.panamaequity.com\/es\/wp-json\/wp\/v2\/comments?post=135799"}],"version-history":[{"count":0,"href":"https:\/\/www.panamaequity.com\/es\/wp-json\/wp\/v2\/listings\/135799\/revisions"}],"wp:featuredmedia":[{"embeddable":true,"href":"https:\/\/www.panamaequity.com\/es\/wp-json\/wp\/v2\/media\/135589"}],"wp:attachment":[{"href":"https:\/\/www.panamaequity.com\/es\/wp-json\/wp\/v2\/media?parent=135799"}],"wp:term":[{"taxonomy":"property-feature","embeddable":true,"href":"https:\/\/www.panamaequity.com\/es\/wp-json\/wp\/v2\/property-feature?post=135799"},{"taxonomy":"property-type","embeddable":true,"href":"https:\/\/www.panamaequity.com\/es\/wp-json\/wp\/v2\/property-type?post=135799"},{"taxonomy":"property-city","embeddable":true,"href":"https:\/\/www.panamaequity.com\/es\/wp-json\/wp\/v2\/property-city?post=135799"},{"taxonomy":"property-status","embeddable":true,"href":"https:\/\/www.panamaequity.com\/es\/wp-json\/wp\/v2\/property-status?post=135799"}],"curies":[{"name":"wp","href":"https:\/\/api.w.org\/{rel}","templated":true}]}}